{"id":4409,"date":"2025-12-08T19:35:26","date_gmt":"2025-12-08T19:35:26","guid":{"rendered":"https:\/\/campingbujaleuf.com\/points-de-vue-et-panoramas-en-limousin-haute-vienne\/"},"modified":"2026-01-06T21:11:51","modified_gmt":"2026-01-06T21:11:51","slug":"points-de-vue-et-panoramas-en-limousin-haute-vienne","status":"publish","type":"page","link":"https:\/\/campingbujaleuf.com\/fr\/points-de-vue-et-panoramas-en-limousin-haute-vienne\/","title":{"rendered":"Points de vue et panoramas en Limousin Haute Vienne"},"content":{"rendered":"\t\t<div data-elementor-type=\"wp-page\" data-elementor-id=\"4409\" class=\"elementor elementor-4409 elementor-2015\" data-elementor-post-type=\"page\">\n\t\t\t\t<div class=\"aux-parallax-section elementor-element elementor-element-2c6ab6e e-flex e-con-boxed e-con e-parent\" data-id=\"2c6ab6e\" data-element_type=\"container\" data-e-type=\"container\" data-settings=\"{&quot;background_background&quot;:&quot;classic&quot;,&quot;shape_divider_bottom&quot;:&quot;waves&quot;}\">\n\t\t\t\t\t<div class=\"e-con-inner\">\n\t\t\t\t<div class=\"elementor-shape elementor-shape-bottom\" aria-hidden=\"true\" data-negative=\"false\">\n\t\t\t<svg xmlns=\"http:\/\/www.w3.org\/2000\/svg\" viewBox=\"0 0 1000 100\" preserveAspectRatio=\"none\">\n\t<path class=\"elementor-shape-fill\" d=\"M421.9,6.5c22.6-2.5,51.5,0.4,75.5,5.3c23.6,4.9,70.9,23.5,100.5,35.7c75.8,32.2,133.7,44.5,192.6,49.7\n\tc23.6,2.1,48.7,3.5,103.4-2.5c54.7-6,106.2-25.6,106.2-25.6V0H0v30.3c0,0,72,32.6,158.4,30.5c39.2-0.7,92.8-6.7,134-22.4\n\tc21.2-8.1,52.2-18.2,79.7-24.2C399.3,7.9,411.6,7.5,421.9,6.5z\"\/>\n<\/svg>\t\t<\/div>\n\t\t<div class=\"elementor-element elementor-element-7585c11 e-con-full e-flex e-con e-child\" data-id=\"7585c11\" data-element_type=\"container\" data-e-type=\"container\">\n\t\t\t\t<div class=\"elementor-element elementor-element-3ea28b1 aux-appear-watch-animation aux-slide-from-bot elementor-mobile-align-center elementor-icon-list--layout-traditional elementor-list-item-link-full_width elementor-widget elementor-widget-icon-list\" data-id=\"3ea28b1\" data-element_type=\"widget\" data-e-type=\"widget\" data-widget_type=\"icon-list.default\">\n\t\t\t\t<div class=\"elementor-widget-container\">\n\t\t\t\t\t\t\t<ul class=\"elementor-icon-list-items\">\n\t\t\t\t\t\t\t<li class=\"elementor-icon-list-item\">\n\t\t\t\t\t\t\t\t\t\t\t<span class=\"elementor-icon-list-icon\">\n\t\t\t\t\t\t\t<svg aria-hidden=\"true\" class=\"e-font-icon-svg e-far-circle\" viewBox=\"0 0 512 512\" xmlns=\"http:\/\/www.w3.org\/2000\/svg\"><path d=\"M256 8C119 8 8 119 8 256s111 248 248 248 248-111 248-248S393 8 256 8zm0 448c-110.5 0-200-89.5-200-200S145.5 56 256 56s200 89.5 200 200-89.5 200-200 200z\"><\/path><\/svg>\t\t\t\t\t\t<\/span>\n\t\t\t\t\t\t\t\t\t\t<span class=\"elementor-icon-list-text\">Panorama<\/span>\n\t\t\t\t\t\t\t\t\t<\/li>\n\t\t\t\t\t\t<\/ul>\n\t\t\t\t\t\t<\/div>\n\t\t\t\t<\/div>\n\t\t\t\t<div class=\"elementor-element elementor-element-9ca91f6 aux-appear-watch-animation aux-fade-in-up-1 elementor-widget elementor-widget-aux_modern_heading\" data-id=\"9ca91f6\" data-element_type=\"widget\" data-e-type=\"widget\" data-widget_type=\"aux_modern_heading.default\">\n\t\t\t\t<div class=\"elementor-widget-container\">\n\t\t\t\t\t<section class=\"aux-widget-modern-heading\">\n            <div class=\"aux-widget-inner\"><h1 class=\"aux-modern-heading-primary\"><\/h1><h1 class=\"aux-modern-heading-secondary\"><span class=\"aux-head-before\">Point de vue<\/span><span class=\"aux-head-highlight\"> points<\/span><\/h1><\/div>\n        <\/section>\t\t\t\t<\/div>\n\t\t\t\t<\/div>\n\t\t\t\t<\/div>\n\t\t\t\t\t<\/div>\n\t\t\t\t<\/div>\n\t\t<div class=\"aux-parallax-section elementor-element elementor-element-4084adf e-flex e-con-boxed e-con e-parent\" data-id=\"4084adf\" data-element_type=\"container\" data-e-type=\"container\" data-settings=\"{&quot;background_background&quot;:&quot;gradient&quot;}\">\n\t\t\t\t\t<div class=\"e-con-inner\">\n\t\t<div class=\"elementor-element elementor-element-5bc02e2 e-con-full e-flex e-con e-child\" data-id=\"5bc02e2\" data-element_type=\"container\" data-e-type=\"container\">\n\t\t\t\t<div class=\"elementor-element elementor-element-6070156 aux-appear-watch-animation aux-fade-in-up-1 elementor-widget elementor-widget-aux_modern_heading\" data-id=\"6070156\" data-element_type=\"widget\" data-e-type=\"widget\" data-widget_type=\"aux_modern_heading.default\">\n\t\t\t\t<div class=\"elementor-widget-container\">\n\t\t\t\t\t<section class=\"aux-widget-modern-heading\">\n            <div class=\"aux-widget-inner\"><h2 class=\"aux-modern-heading-primary\"><\/h2><h3 class=\"aux-modern-heading-secondary\"><span class=\"aux-head-before\">360 degr\u00e9s<\/span><span class=\"aux-head-highlight\"> panorama<\/span><\/h3><div class=\"aux-modern-heading-description\">Aux alentours du Camping du Lac de Bujaleuf, vous trouverez plusieurs points de vue offrant une vue imprenable sur le Massif Central. Facilement accessibles en voiture, souvent avec une courte marche \u00e0 pied pour la derni\u00e8re partie. <\/div><\/div>\n        <\/section>\t\t\t\t<\/div>\n\t\t\t\t<\/div>\n\t\t\t\t<\/div>\n\t\t\t\t\t<\/div>\n\t\t\t\t<\/div>\n\t\t<div class=\"aux-parallax-section elementor-element elementor-element-4b457d4 e-con-full e-flex e-con e-parent\" data-id=\"4b457d4\" data-element_type=\"container\" data-e-type=\"container\" data-settings=\"{&quot;background_background&quot;:&quot;gradient&quot;}\">\n\t\t<div class=\"elementor-element elementor-element-fafd3a4 e-con-full e-flex e-con e-child\" data-id=\"fafd3a4\" data-element_type=\"container\" data-e-type=\"container\" id=\"Kasteel1\">\n\t\t\t\t<div class=\"elementor-element elementor-element-991730d elementor-hidden-mobile ekit-equal-height-disable elementor-widget elementor-widget-elementskit-image-box\" data-id=\"991730d\" data-element_type=\"widget\" data-e-type=\"widget\" data-widget_type=\"elementskit-image-box.default\">\n\t\t\t\t<div class=\"elementor-widget-container\">\n\t\t\t\t\t<div class=\"ekit-wid-con\" >\n            <div class=\"elementskit-info-image-box ekit-image-box text-center simple-card\" >\n\n                \n                <div class=\"elementskit-box-header image-box-img-center\">\n\n                    <img fetchpriority=\"high\" decoding=\"async\" width=\"1000\" height=\"675\" src=\"https:\/\/campingbujaleuf.com\/wp-content\/uploads\/2025\/12\/pierre-branlante.jpg\" class=\"attachment-full size-full wp-image-2027\" alt=\"\" srcset=\"https:\/\/campingbujaleuf.com\/wp-content\/uploads\/2025\/12\/pierre-branlante.jpg 1000w, https:\/\/campingbujaleuf.com\/wp-content\/uploads\/2025\/12\/pierre-branlante-200x135.webp 200w\" sizes=\"(max-width: 1000px) 100vw, 1000px\" \/>\n                <\/div>\n                \n                <div class=\"elementskit-box-body ekit-image-box-body\">\n                    <div class=\"elementskit-box-content ekit-image-box-body-inner\">\n                                                            <\/div>\n\n                            <\/div>\n            <\/div>\n    <\/div>\t\t\t\t<\/div>\n\t\t\t\t<\/div>\n\t\t\t\t<div class=\"elementor-element elementor-element-90e2fe6 elementor-hidden-desktop elementor-hidden-tablet ekit-equal-height-disable elementor-widget elementor-widget-elementskit-image-box\" data-id=\"90e2fe6\" data-element_type=\"widget\" data-e-type=\"widget\" data-widget_type=\"elementskit-image-box.default\">\n\t\t\t\t<div class=\"elementor-widget-container\">\n\t\t\t\t\t<div class=\"ekit-wid-con\" >\n            <div class=\"elementskit-info-image-box ekit-image-box text-center simple-card\" >\n\n                \n                <div class=\"elementskit-box-header image-box-img-center\">\n\n                    <img decoding=\"async\" width=\"360\" height=\"243\" src=\"https:\/\/campingbujaleuf.com\/wp-content\/uploads\/2025\/12\/pierre-branlante-m.jpg\" class=\"attachment-full size-full wp-image-2031\" alt=\"\" srcset=\"https:\/\/campingbujaleuf.com\/wp-content\/uploads\/2025\/12\/pierre-branlante-m.jpg 360w, https:\/\/campingbujaleuf.com\/wp-content\/uploads\/2025\/12\/pierre-branlante-m-200x135.webp 200w\" sizes=\"(max-width: 360px) 100vw, 360px\" \/>\n                <\/div>\n                \n                <div class=\"elementskit-box-body ekit-image-box-body\">\n                    <div class=\"elementskit-box-content ekit-image-box-body-inner\">\n                                                            <\/div>\n\n                            <\/div>\n            <\/div>\n    <\/div>\t\t\t\t<\/div>\n\t\t\t\t<\/div>\n\t\t<div class=\"elementor-element elementor-element-5fc699c e-con-full aux-appear-watch-animation aux-fade-in-left e-flex e-con e-child\" data-id=\"5fc699c\" data-element_type=\"container\" data-e-type=\"container\">\n\t\t\t\t<div class=\"elementor-element elementor-element-8356f1f aux-appear-watch-animation aux-fade-in-up-1 elementor-widget elementor-widget-aux_modern_heading\" data-id=\"8356f1f\" data-element_type=\"widget\" data-e-type=\"widget\" data-widget_type=\"aux_modern_heading.default\">\n\t\t\t\t<div class=\"elementor-widget-container\">\n\t\t\t\t\t<section class=\"aux-widget-modern-heading\">\n            <div class=\"aux-widget-inner\"><h2 class=\"aux-modern-heading-primary\"><\/h2><h3 class=\"aux-modern-heading-secondary\"><span class=\"aux-head-before\">Pierre<\/span><span class=\"aux-head-highlight\"> Branlante<\/span><\/h3><\/div>\n        <\/section>\t\t\t\t<\/div>\n\t\t\t\t<\/div>\n\t\t\t\t<div class=\"elementor-element elementor-element-5ee8d7f elementor-widget elementor-widget-elementskit-stylish-list\" data-id=\"5ee8d7f\" data-element_type=\"widget\" data-e-type=\"widget\" data-widget_type=\"elementskit-stylish-list.default\">\n\t\t\t\t<div class=\"elementor-widget-container\">\n\t\t\t\t\t<div class=\"ekit-wid-con\">\t\t<ul class=\"ekit-stylish-list \" >\n\t\t\t\t\t\t\t<li class=\"ekit-stylish-list-content-wrapper elementor-repeater-item-0b799a2\" >\n\t\t\t\t\t\t\t\t\t\t<div class=\"ekit-stylish-list-content\">\n\t\t\t\t\t\t\t\t\t\t\t\t\t\t\t\t\t\t\t<div class=\"ekit-stylish-list-content-icon\">\n\t\t\t\t\t\t\t\t<i aria-hidden=\"true\" class=\"auxicon auxicon-info\"><\/i>\t\t\t\t\t\t\t<\/div>\n\t\t\t\t\t\t\t\t\t\t\t\t\t\t\t\t\t\t<div class=\"ekit-stylish-list-content-text\">\n\t\t\t\t\t\t\t<span class=\"ekit-stylish-list-content-title\">Vue sur le d\u00e9but du Massif Central<\/span>\n\t\t\t\t\t\t\t\t\t\t\t\t\t<\/div>\n\t\t\t\t\t\t\t\t\t\t\t<\/div>\n\t\t\t\t<\/li>\n\t\t\t\t\t\t\t\t\t\t\t<li class=\"ekit-stylish-list-content-wrapper elementor-repeater-item-fcf0173\" >\n\t\t\t\t\t\t\t\t\t\t<div class=\"ekit-stylish-list-content\">\n\t\t\t\t\t\t\t\t\t\t\t\t\t\t\t\t\t\t\t<div class=\"ekit-stylish-list-content-icon\">\n\t\t\t\t\t\t\t\t<i aria-hidden=\"true\" class=\"auxicon auxicon-info\"><\/i>\t\t\t\t\t\t\t<\/div>\n\t\t\t\t\t\t\t\t\t\t\t\t\t\t\t\t\t\t<div class=\"ekit-stylish-list-content-text\">\n\t\t\t\t\t\t\t<span class=\"ekit-stylish-list-content-title\">Randonn\u00e9e en for\u00eat et VTT au d\u00e9part de La Jonch\u00e8re-Saint-Maurice<\/span>\n\t\t\t\t\t\t\t\t\t\t\t\t\t<\/div>\n\t\t\t\t\t\t\t\t\t\t\t<\/div>\n\t\t\t\t<\/li>\n\t\t\t\t\t\t\t\t\t\t\t<li class=\"ekit-stylish-list-content-wrapper elementor-repeater-item-6f5d927\" >\n\t\t\t\t\t\t\t\t\t\t<div class=\"ekit-stylish-list-content\">\n\t\t\t\t\t\t\t\t\t\t\t\t\t\t\t\t\t\t\t<div class=\"ekit-stylish-list-content-icon\">\n\t\t\t\t\t\t\t\t<i aria-hidden=\"true\" class=\"auxicon auxicon-map-2\"><\/i>\t\t\t\t\t\t\t<\/div>\n\t\t\t\t\t\t\t\t\t\t\t\t\t\t\t\t\t\t<div class=\"ekit-stylish-list-content-text\">\n\t\t\t\t\t\t\t<span class=\"ekit-stylish-list-content-title\">\u00c0 35 km du camping, apr\u00e8s St Leonard de Noblat<\/span>\n\t\t\t\t\t\t\t\t\t\t\t\t\t<\/div>\n\t\t\t\t\t\t\t\t\t\t\t<\/div>\n\t\t\t\t<\/li>\n\t\t\t\t\t\t\t\t\t<\/ul>\n\t<\/div>\t\t\t\t<\/div>\n\t\t\t\t<\/div>\n\t\t\t\t<\/div>\n\t\t\t\t<\/div>\n\t\t\t\t<\/div>\n\t\t<div class=\"aux-parallax-section elementor-element elementor-element-9575937 e-con-full e-flex e-con e-parent\" data-id=\"9575937\" data-element_type=\"container\" data-e-type=\"container\" id=\"Kasteel2\" data-settings=\"{&quot;background_background&quot;:&quot;gradient&quot;}\">\n\t\t<div class=\"elementor-element elementor-element-7646717 e-con-full e-flex e-con e-child\" data-id=\"7646717\" data-element_type=\"container\" data-e-type=\"container\">\n\t\t\t\t<div class=\"elementor-element elementor-element-e5d7bc0 elementor-hidden-mobile ekit-equal-height-disable elementor-widget elementor-widget-elementskit-image-box\" data-id=\"e5d7bc0\" data-element_type=\"widget\" data-e-type=\"widget\" data-widget_type=\"elementskit-image-box.default\">\n\t\t\t\t<div class=\"elementor-widget-container\">\n\t\t\t\t\t<div class=\"ekit-wid-con\" >\n            <div class=\"elementskit-info-image-box ekit-image-box text-center simple-card\" >\n\n                \n                <div class=\"elementskit-box-header image-box-img-center\">\n\n                    <img decoding=\"async\" width=\"1920\" height=\"1080\" src=\"https:\/\/campingbujaleuf.com\/wp-content\/uploads\/2025\/12\/mont-bessou-1.webp\" class=\"attachment-full size-full wp-image-2041\" alt=\"\" srcset=\"https:\/\/campingbujaleuf.com\/wp-content\/uploads\/2025\/12\/mont-bessou-1.webp 1920w, https:\/\/campingbujaleuf.com\/wp-content\/uploads\/2025\/12\/mont-bessou-1-1536x864.webp 1536w, https:\/\/campingbujaleuf.com\/wp-content\/uploads\/2025\/12\/mont-bessou-1-200x113.webp 200w\" sizes=\"(max-width: 1920px) 100vw, 1920px\" \/>\n                <\/div>\n                \n                <div class=\"elementskit-box-body ekit-image-box-body\">\n                    <div class=\"elementskit-box-content ekit-image-box-body-inner\">\n                                                            <\/div>\n\n                            <\/div>\n            <\/div>\n    <\/div>\t\t\t\t<\/div>\n\t\t\t\t<\/div>\n\t\t\t\t<div class=\"elementor-element elementor-element-50f2198 elementor-hidden-desktop elementor-hidden-tablet ekit-equal-height-disable elementor-widget elementor-widget-elementskit-image-box\" data-id=\"50f2198\" data-element_type=\"widget\" data-e-type=\"widget\" data-widget_type=\"elementskit-image-box.default\">\n\t\t\t\t<div class=\"elementor-widget-container\">\n\t\t\t\t\t<div class=\"ekit-wid-con\" >\n            <div class=\"elementskit-info-image-box ekit-image-box text-center simple-card\" >\n\n                \n                <div class=\"elementskit-box-header image-box-img-center\">\n\n                    <img loading=\"lazy\" decoding=\"async\" width=\"360\" height=\"488\" src=\"https:\/\/campingbujaleuf.com\/wp-content\/uploads\/2025\/12\/mont-bessou-1m.webp\" class=\"attachment-full size-full wp-image-2042\" alt=\"\" srcset=\"https:\/\/campingbujaleuf.com\/wp-content\/uploads\/2025\/12\/mont-bessou-1m.webp 360w, https:\/\/campingbujaleuf.com\/wp-content\/uploads\/2025\/12\/mont-bessou-1m-200x271.webp 200w\" sizes=\"(max-width: 360px) 100vw, 360px\" \/>\n                <\/div>\n                \n                <div class=\"elementskit-box-body ekit-image-box-body\">\n                    <div class=\"elementskit-box-content ekit-image-box-body-inner\">\n                                                            <\/div>\n\n                            <\/div>\n            <\/div>\n    <\/div>\t\t\t\t<\/div>\n\t\t\t\t<\/div>\n\t\t<div class=\"elementor-element elementor-element-51958dc e-con-full aux-appear-watch-animation aux-fade-in-left e-flex e-con e-child\" data-id=\"51958dc\" data-element_type=\"container\" data-e-type=\"container\">\n\t\t\t\t<div class=\"elementor-element elementor-element-4b39309 aux-appear-watch-animation aux-fade-in-up-1 elementor-widget elementor-widget-aux_modern_heading\" data-id=\"4b39309\" data-element_type=\"widget\" data-e-type=\"widget\" data-widget_type=\"aux_modern_heading.default\">\n\t\t\t\t<div class=\"elementor-widget-container\">\n\t\t\t\t\t<section class=\"aux-widget-modern-heading\">\n            <div class=\"aux-widget-inner\"><h2 class=\"aux-modern-heading-primary\"><\/h2><h3 class=\"aux-modern-heading-secondary\"><span class=\"aux-head-before\">Mont<\/span><span class=\"aux-head-highlight\"> Bessou<\/span><\/h3><\/div>\n        <\/section>\t\t\t\t<\/div>\n\t\t\t\t<\/div>\n\t\t\t\t<div class=\"elementor-element elementor-element-6a3386e elementor-widget elementor-widget-elementskit-stylish-list\" data-id=\"6a3386e\" data-element_type=\"widget\" data-e-type=\"widget\" data-widget_type=\"elementskit-stylish-list.default\">\n\t\t\t\t<div class=\"elementor-widget-container\">\n\t\t\t\t\t<div class=\"ekit-wid-con\">\t\t<ul class=\"ekit-stylish-list \" >\n\t\t\t\t\t\t\t<li class=\"ekit-stylish-list-content-wrapper elementor-repeater-item-0b799a2\" >\n\t\t\t\t\t\t\t\t\t\t<div class=\"ekit-stylish-list-content\">\n\t\t\t\t\t\t\t\t\t\t\t\t\t\t\t\t\t\t\t<div class=\"ekit-stylish-list-content-icon\">\n\t\t\t\t\t\t\t\t<i aria-hidden=\"true\" class=\"auxicon auxicon-info\"><\/i>\t\t\t\t\t\t\t<\/div>\n\t\t\t\t\t\t\t\t\t\t\t\t\t\t\t\t\t\t<div class=\"ekit-stylish-list-content-text\">\n\t\t\t\t\t\t\t<span class=\"ekit-stylish-list-content-title\">Visite guid\u00e9e - tour - randonn\u00e9e<\/span>\n\t\t\t\t\t\t\t\t\t\t\t\t\t<\/div>\n\t\t\t\t\t\t\t\t\t\t\t<\/div>\n\t\t\t\t<\/li>\n\t\t\t\t\t\t\t\t\t\t\t<li class=\"ekit-stylish-list-content-wrapper elementor-repeater-item-fcf0173\" >\n\t\t\t\t\t\t\t\t\t\t\t<a class=\"ekit-wrapper-link\" href=\"https:\/\/www.chalucet.com\/\" target=\"_blank\" aria-label=\"Mini parcours d&#039;escalade pour enfants\"><\/a>\n\t\t\t\t\t\t\t\t\t\t<div class=\"ekit-stylish-list-content\">\n\t\t\t\t\t\t\t\t\t\t\t\t\t\t\t\t\t\t\t<div class=\"ekit-stylish-list-content-icon\">\n\t\t\t\t\t\t\t\t<i aria-hidden=\"true\" class=\"auxicon auxicon-info\"><\/i>\t\t\t\t\t\t\t<\/div>\n\t\t\t\t\t\t\t\t\t\t\t\t\t\t\t\t\t\t<div class=\"ekit-stylish-list-content-text\">\n\t\t\t\t\t\t\t<span class=\"ekit-stylish-list-content-title\">Mini parcours d'escalade pour enfants<\/span>\n\t\t\t\t\t\t\t\t\t\t\t\t\t<\/div>\n\t\t\t\t\t\t\t\t\t\t\t<\/div>\n\t\t\t\t<\/li>\n\t\t\t\t\t\t\t\t\t\t\t<li class=\"ekit-stylish-list-content-wrapper elementor-repeater-item-6f5d927\" >\n\t\t\t\t\t\t\t\t\t\t<div class=\"ekit-stylish-list-content\">\n\t\t\t\t\t\t\t\t\t\t\t\t\t\t\t\t\t\t\t<div class=\"ekit-stylish-list-content-icon\">\n\t\t\t\t\t\t\t\t<i aria-hidden=\"true\" class=\"auxicon auxicon-map-2\"><\/i>\t\t\t\t\t\t\t<\/div>\n\t\t\t\t\t\t\t\t\t\t\t\t\t\t\t\t\t\t<div class=\"ekit-stylish-list-content-text\">\n\t\t\t\t\t\t\t<span class=\"ekit-stylish-list-content-title\">\u00c0 55 km du camping, depuis Eymoutiers direction Meymac <\/span>\n\t\t\t\t\t\t\t\t\t\t\t\t\t<\/div>\n\t\t\t\t\t\t\t\t\t\t\t<\/div>\n\t\t\t\t<\/li>\n\t\t\t\t\t\t\t\t\t<\/ul>\n\t<\/div>\t\t\t\t<\/div>\n\t\t\t\t<\/div>\n\t\t\t\t<\/div>\n\t\t\t\t<\/div>\n\t\t\t\t<\/div>\n\t\t<div class=\"aux-parallax-section elementor-element elementor-element-90ac66a e-con-full e-flex e-con e-parent\" data-id=\"90ac66a\" data-element_type=\"container\" data-e-type=\"container\" id=\"Kasteel3\" data-settings=\"{&quot;background_background&quot;:&quot;gradient&quot;}\">\n\t\t<div class=\"elementor-element elementor-element-4f0ed9d e-con-full e-flex e-con e-child\" data-id=\"4f0ed9d\" data-element_type=\"container\" data-e-type=\"container\">\n\t\t\t\t<div class=\"elementor-element elementor-element-5736891 elementor-hidden-mobile ekit-equal-height-disable elementor-widget elementor-widget-elementskit-image-box\" data-id=\"5736891\" data-element_type=\"widget\" data-e-type=\"widget\" data-widget_type=\"elementskit-image-box.default\">\n\t\t\t\t<div class=\"elementor-widget-container\">\n\t\t\t\t\t<div class=\"ekit-wid-con\" >\n            <div class=\"elementskit-info-image-box ekit-image-box text-center simple-card\" >\n\n                \n                <div class=\"elementskit-box-header image-box-img-center\">\n\n                    <img loading=\"lazy\" decoding=\"async\" width=\"1000\" height=\"675\" src=\"https:\/\/campingbujaleuf.com\/wp-content\/uploads\/2025\/12\/lac-viam-belvedere.webp\" class=\"attachment-full size-full wp-image-2024\" alt=\"\" srcset=\"https:\/\/campingbujaleuf.com\/wp-content\/uploads\/2025\/12\/lac-viam-belvedere.webp 1000w, https:\/\/campingbujaleuf.com\/wp-content\/uploads\/2025\/12\/lac-viam-belvedere-200x135.webp 200w\" sizes=\"(max-width: 1000px) 100vw, 1000px\" \/>\n                <\/div>\n                \n                <div class=\"elementskit-box-body ekit-image-box-body\">\n                    <div class=\"elementskit-box-content ekit-image-box-body-inner\">\n                                                            <\/div>\n\n                            <\/div>\n            <\/div>\n    <\/div>\t\t\t\t<\/div>\n\t\t\t\t<\/div>\n\t\t\t\t<div class=\"elementor-element elementor-element-66a9f6f elementor-hidden-desktop elementor-hidden-tablet ekit-equal-height-disable elementor-widget elementor-widget-elementskit-image-box\" data-id=\"66a9f6f\" data-element_type=\"widget\" data-e-type=\"widget\" data-widget_type=\"elementskit-image-box.default\">\n\t\t\t\t<div class=\"elementor-widget-container\">\n\t\t\t\t\t<div class=\"ekit-wid-con\" >\n            <div class=\"elementskit-info-image-box ekit-image-box text-center simple-card\" >\n\n                \n                <div class=\"elementskit-box-header image-box-img-center\">\n\n                    <img loading=\"lazy\" decoding=\"async\" width=\"360\" height=\"243\" src=\"https:\/\/campingbujaleuf.com\/wp-content\/uploads\/2025\/12\/lac-viam-belvedere-m.webp\" class=\"attachment-full size-full wp-image-2028\" alt=\"\" srcset=\"https:\/\/campingbujaleuf.com\/wp-content\/uploads\/2025\/12\/lac-viam-belvedere-m.webp 360w, https:\/\/campingbujaleuf.com\/wp-content\/uploads\/2025\/12\/lac-viam-belvedere-m-200x135.webp 200w\" sizes=\"(max-width: 360px) 100vw, 360px\" \/>\n                <\/div>\n                \n                <div class=\"elementskit-box-body ekit-image-box-body\">\n                    <div class=\"elementskit-box-content ekit-image-box-body-inner\">\n                                                            <\/div>\n\n                            <\/div>\n            <\/div>\n    <\/div>\t\t\t\t<\/div>\n\t\t\t\t<\/div>\n\t\t<div class=\"elementor-element elementor-element-494ca4f e-con-full aux-appear-watch-animation aux-fade-in-left e-flex e-con e-child\" data-id=\"494ca4f\" data-element_type=\"container\" data-e-type=\"container\">\n\t\t\t\t<div class=\"elementor-element elementor-element-e695039 aux-appear-watch-animation aux-fade-in-up-1 elementor-widget elementor-widget-aux_modern_heading\" data-id=\"e695039\" data-element_type=\"widget\" data-e-type=\"widget\" data-widget_type=\"aux_modern_heading.default\">\n\t\t\t\t<div class=\"elementor-widget-container\">\n\t\t\t\t\t<section class=\"aux-widget-modern-heading\">\n            <div class=\"aux-widget-inner\"><h2 class=\"aux-modern-heading-primary\"><\/h2><h3 class=\"aux-modern-heading-secondary\"><span class=\"aux-head-before\">Lac<\/span><span class=\"aux-head-highlight\"> de Viam<\/span><\/h3><\/div>\n        <\/section>\t\t\t\t<\/div>\n\t\t\t\t<\/div>\n\t\t\t\t<div class=\"elementor-element elementor-element-d428f8f elementor-widget elementor-widget-elementskit-stylish-list\" data-id=\"d428f8f\" data-element_type=\"widget\" data-e-type=\"widget\" data-widget_type=\"elementskit-stylish-list.default\">\n\t\t\t\t<div class=\"elementor-widget-container\">\n\t\t\t\t\t<div class=\"ekit-wid-con\">\t\t<ul class=\"ekit-stylish-list \" >\n\t\t\t\t\t\t\t<li class=\"ekit-stylish-list-content-wrapper elementor-repeater-item-0b799a2\" >\n\t\t\t\t\t\t\t\t\t\t<div class=\"ekit-stylish-list-content\">\n\t\t\t\t\t\t\t\t\t\t\t\t\t\t\t\t\t\t\t<div class=\"ekit-stylish-list-content-icon\">\n\t\t\t\t\t\t\t\t<i aria-hidden=\"true\" class=\"auxicon auxicon-info\"><\/i>\t\t\t\t\t\t\t<\/div>\n\t\t\t\t\t\t\t\t\t\t\t\t\t\t\t\t\t\t<div class=\"ekit-stylish-list-content-text\">\n\t\t\t\t\t\t\t<span class=\"ekit-stylish-list-content-title\">Belv\u00e9d\u00e8re du Lac de Viam<\/span>\n\t\t\t\t\t\t\t\t\t\t\t\t\t<\/div>\n\t\t\t\t\t\t\t\t\t\t\t<\/div>\n\t\t\t\t<\/li>\n\t\t\t\t\t\t\t\t\t\t\t<li class=\"ekit-stylish-list-content-wrapper elementor-repeater-item-6f5d927\" >\n\t\t\t\t\t\t\t\t\t\t<div class=\"ekit-stylish-list-content\">\n\t\t\t\t\t\t\t\t\t\t\t\t\t\t\t\t\t\t\t<div class=\"ekit-stylish-list-content-icon\">\n\t\t\t\t\t\t\t\t<i aria-hidden=\"true\" class=\"auxicon auxicon-map-2\"><\/i>\t\t\t\t\t\t\t<\/div>\n\t\t\t\t\t\t\t\t\t\t\t\t\t\t\t\t\t\t<div class=\"ekit-stylish-list-content-text\">\n\t\t\t\t\t\t\t<span class=\"ekit-stylish-list-content-title\">\u00c0 40 km du camping, sur la route du Mont Bessou<\/span>\n\t\t\t\t\t\t\t\t\t\t\t\t\t<\/div>\n\t\t\t\t\t\t\t\t\t\t\t<\/div>\n\t\t\t\t<\/li>\n\t\t\t\t\t\t\t\t\t<\/ul>\n\t<\/div>\t\t\t\t<\/div>\n\t\t\t\t<\/div>\n\t\t\t\t<\/div>\n\t\t\t\t<\/div>\n\t\t\t\t<\/div>\n\t\t<div class=\"aux-parallax-section elementor-element elementor-element-f5fd723 e-con-full e-flex e-con e-parent\" data-id=\"f5fd723\" data-element_type=\"container\" data-e-type=\"container\" id=\"Kasteel4\" data-settings=\"{&quot;background_background&quot;:&quot;gradient&quot;}\">\n\t\t<div class=\"elementor-element elementor-element-847c8a9 e-con-full e-flex e-con e-child\" data-id=\"847c8a9\" data-element_type=\"container\" data-e-type=\"container\">\n\t\t\t\t<div class=\"elementor-element elementor-element-67a9d62 elementor-hidden-mobile ekit-equal-height-disable elementor-widget elementor-widget-elementskit-image-box\" data-id=\"67a9d62\" data-element_type=\"widget\" data-e-type=\"widget\" data-widget_type=\"elementskit-image-box.default\">\n\t\t\t\t<div class=\"elementor-widget-container\">\n\t\t\t\t\t<div class=\"ekit-wid-con\" >\n            <div class=\"elementskit-info-image-box ekit-image-box text-center simple-card\" >\n\n                \n                <div class=\"elementskit-box-header image-box-img-center\">\n\n                    <img loading=\"lazy\" decoding=\"async\" width=\"1000\" height=\"675\" src=\"https:\/\/campingbujaleuf.com\/wp-content\/uploads\/2025\/12\/mont-gargan-360-graden-panorama.jpg\" class=\"attachment-full size-full wp-image-2026\" alt=\"\" srcset=\"https:\/\/campingbujaleuf.com\/wp-content\/uploads\/2025\/12\/mont-gargan-360-graden-panorama.jpg 1000w, https:\/\/campingbujaleuf.com\/wp-content\/uploads\/2025\/12\/mont-gargan-360-graden-panorama-200x135.webp 200w\" sizes=\"(max-width: 1000px) 100vw, 1000px\" \/>\n                <\/div>\n                \n                <div class=\"elementskit-box-body ekit-image-box-body\">\n                    <div class=\"elementskit-box-content ekit-image-box-body-inner\">\n                                                            <\/div>\n\n                            <\/div>\n            <\/div>\n    <\/div>\t\t\t\t<\/div>\n\t\t\t\t<\/div>\n\t\t\t\t<div class=\"elementor-element elementor-element-b5ccaea elementor-hidden-desktop elementor-hidden-tablet ekit-equal-height-disable elementor-widget elementor-widget-elementskit-image-box\" data-id=\"b5ccaea\" data-element_type=\"widget\" data-e-type=\"widget\" data-widget_type=\"elementskit-image-box.default\">\n\t\t\t\t<div class=\"elementor-widget-container\">\n\t\t\t\t\t<div class=\"ekit-wid-con\" >\n            <div class=\"elementskit-info-image-box ekit-image-box text-center simple-card\" >\n\n                \n                <div class=\"elementskit-box-header image-box-img-center\">\n\n                    <img loading=\"lazy\" decoding=\"async\" width=\"360\" height=\"243\" src=\"https:\/\/campingbujaleuf.com\/wp-content\/uploads\/2025\/12\/mont-gargan-360-graden-panorama-m.webp\" class=\"attachment-full size-full wp-image-2030\" alt=\"\" srcset=\"https:\/\/campingbujaleuf.com\/wp-content\/uploads\/2025\/12\/mont-gargan-360-graden-panorama-m.webp 360w, https:\/\/campingbujaleuf.com\/wp-content\/uploads\/2025\/12\/mont-gargan-360-graden-panorama-m-200x135.webp 200w\" sizes=\"(max-width: 360px) 100vw, 360px\" \/>\n                <\/div>\n                \n                <div class=\"elementskit-box-body ekit-image-box-body\">\n                    <div class=\"elementskit-box-content ekit-image-box-body-inner\">\n                                                            <\/div>\n\n                            <\/div>\n            <\/div>\n    <\/div>\t\t\t\t<\/div>\n\t\t\t\t<\/div>\n\t\t<div class=\"elementor-element elementor-element-c3e1762 e-con-full aux-appear-watch-animation aux-fade-in-left e-flex e-con e-child\" data-id=\"c3e1762\" data-element_type=\"container\" data-e-type=\"container\">\n\t\t\t\t<div class=\"elementor-element elementor-element-ce7ec37 aux-appear-watch-animation aux-fade-in-up-1 elementor-widget elementor-widget-aux_modern_heading\" data-id=\"ce7ec37\" data-element_type=\"widget\" data-e-type=\"widget\" data-widget_type=\"aux_modern_heading.default\">\n\t\t\t\t<div class=\"elementor-widget-container\">\n\t\t\t\t\t<section class=\"aux-widget-modern-heading\">\n            <div class=\"aux-widget-inner\"><h2 class=\"aux-modern-heading-primary\"><\/h2><h3 class=\"aux-modern-heading-secondary\"><span class=\"aux-head-before\">Mont<\/span><span class=\"aux-head-highlight\"> Gargan<\/span><\/h3><\/div>\n        <\/section>\t\t\t\t<\/div>\n\t\t\t\t<\/div>\n\t\t\t\t<div class=\"elementor-element elementor-element-a2fe875 elementor-widget elementor-widget-elementskit-stylish-list\" data-id=\"a2fe875\" data-element_type=\"widget\" data-e-type=\"widget\" data-widget_type=\"elementskit-stylish-list.default\">\n\t\t\t\t<div class=\"elementor-widget-container\">\n\t\t\t\t\t<div class=\"ekit-wid-con\">\t\t<ul class=\"ekit-stylish-list \" >\n\t\t\t\t\t\t\t<li class=\"ekit-stylish-list-content-wrapper elementor-repeater-item-0b799a2\" >\n\t\t\t\t\t\t\t\t\t\t<div class=\"ekit-stylish-list-content\">\n\t\t\t\t\t\t\t\t\t\t\t\t\t\t\t\t\t\t\t<div class=\"ekit-stylish-list-content-icon\">\n\t\t\t\t\t\t\t\t<i aria-hidden=\"true\" class=\"auxicon auxicon-info\"><\/i>\t\t\t\t\t\t\t<\/div>\n\t\t\t\t\t\t\t\t\t\t\t\t\t\t\t\t\t\t<div class=\"ekit-stylish-list-content-text\">\n\t\t\t\t\t\t\t<span class=\"ekit-stylish-list-content-title\">Vue \u00e0 360 degr\u00e9s - chapelle historique<\/span>\n\t\t\t\t\t\t\t\t\t\t\t\t\t<\/div>\n\t\t\t\t\t\t\t\t\t\t\t<\/div>\n\t\t\t\t<\/li>\n\t\t\t\t\t\t\t\t\t\t\t<li class=\"ekit-stylish-list-content-wrapper elementor-repeater-item-91b2770\" >\n\t\t\t\t\t\t\t\t\t\t\t<a class=\"ekit-wrapper-link\" href=\"https:\/\/campingbujaleuf.com\/portfolio\/tour-mont-gargan\/\" aria-label=\"Sentier de randonn\u00e9e du Mont Gargan\"><\/a>\n\t\t\t\t\t\t\t\t\t\t<div class=\"ekit-stylish-list-content\">\n\t\t\t\t\t\t\t\t\t\t\t\t\t\t\t\t\t\t\t<div class=\"ekit-stylish-list-content-icon\">\n\t\t\t\t\t\t\t\t<i aria-hidden=\"true\" class=\"auxicon auxicon-info\"><\/i>\t\t\t\t\t\t\t<\/div>\n\t\t\t\t\t\t\t\t\t\t\t\t\t\t\t\t\t\t<div class=\"ekit-stylish-list-content-text\">\n\t\t\t\t\t\t\t<span class=\"ekit-stylish-list-content-title\"> Sentier de randonn\u00e9e du Mont Gargan<\/span>\n\t\t\t\t\t\t\t\t\t\t\t\t\t<\/div>\n\t\t\t\t\t\t\t\t\t\t\t\t\t<div class=\"ekit-stylish-list-content-badge\">\n\t\t\t\t\t\t\t\t<span class=\"elementor-inline-editing\">photos<\/span>\n\t\t\t\t\t\t\t<\/div>\n\t\t\t\t\t\t\t\t\t\t\t<\/div>\n\t\t\t\t<\/li>\n\t\t\t\t\t\t\t\t\t\t\t<li class=\"ekit-stylish-list-content-wrapper elementor-repeater-item-6f5d927\" >\n\t\t\t\t\t\t\t\t\t\t<div class=\"ekit-stylish-list-content\">\n\t\t\t\t\t\t\t\t\t\t\t\t\t\t\t\t\t\t\t<div class=\"ekit-stylish-list-content-icon\">\n\t\t\t\t\t\t\t\t<i aria-hidden=\"true\" class=\"auxicon auxicon-map-2\"><\/i>\t\t\t\t\t\t\t<\/div>\n\t\t\t\t\t\t\t\t\t\t\t\t\t\t\t\t\t\t<div class=\"ekit-stylish-list-content-text\">\n\t\t\t\t\t\t\t<span class=\"ekit-stylish-list-content-title\">\u00c0 29 km du camping, apr\u00e8s Eymoutiers<\/span>\n\t\t\t\t\t\t\t\t\t\t\t\t\t<\/div>\n\t\t\t\t\t\t\t\t\t\t\t<\/div>\n\t\t\t\t<\/li>\n\t\t\t\t\t\t\t\t\t<\/ul>\n\t<\/div>\t\t\t\t<\/div>\n\t\t\t\t<\/div>\n\t\t\t\t<\/div>\n\t\t\t\t<\/div>\n\t\t\t\t<\/div>\n\t\t<div class=\"aux-parallax-section elementor-element elementor-element-933f128 e-con-full e-flex e-con e-parent\" data-id=\"933f128\" data-element_type=\"container\" data-e-type=\"container\">\n\t\t\t\t<div class=\"elementor-element elementor-element-89d48fc elementor-widget elementor-widget-shortcode\" data-id=\"89d48fc\" data-element_type=\"widget\" data-e-type=\"widget\" data-widget_type=\"shortcode.default\">\n\t\t\t\t<div class=\"elementor-widget-container\">\n\t\t\t\t\t\t\t<div class=\"elementor-shortcode\">\t\t<div data-elementor-type=\"container\" data-elementor-id=\"3830\" class=\"elementor elementor-3830 elementor-952 elementor-952\" data-elementor-post-type=\"elementor_library\">\n\t\t\t\t<div class=\"aux-parallax-section elementor-element elementor-element-26ca15df e-flex e-con-boxed e-con e-parent\" data-id=\"26ca15df\" data-element_type=\"container\" data-e-type=\"container\" data-settings=\"{&quot;background_background&quot;:&quot;gradient&quot;}\">\n\t\t\t\t\t<div class=\"e-con-inner\">\n\t\t<div class=\"elementor-element elementor-element-58586de8 e-con-full e-flex e-con e-child\" data-id=\"58586de8\" data-element_type=\"container\" data-e-type=\"container\" data-settings=\"{&quot;background_background&quot;:&quot;gradient&quot;}\">\n\t\t\t\t<div class=\"elementor-element elementor-element-16323161 elementor-align-start aux-appear-watch-animation aux-slide-from-bot elementor-mobile-align-center elementor-icon-list--layout-traditional elementor-list-item-link-full_width elementor-widget elementor-widget-icon-list\" data-id=\"16323161\" data-element_type=\"widget\" data-e-type=\"widget\" data-widget_type=\"icon-list.default\">\n\t\t\t\t<div class=\"elementor-widget-container\">\n\t\t\t\t\t\t\t<ul class=\"elementor-icon-list-items\">\n\t\t\t\t\t\t\t<li class=\"elementor-icon-list-item\">\n\t\t\t\t\t\t\t\t\t\t\t<span class=\"elementor-icon-list-icon\">\n\t\t\t\t\t\t\t<svg aria-hidden=\"true\" class=\"e-font-icon-svg e-far-circle\" viewBox=\"0 0 512 512\" xmlns=\"http:\/\/www.w3.org\/2000\/svg\"><path d=\"M256 8C119 8 8 119 8 256s111 248 248 248 248-111 248-248S393 8 256 8zm0 448c-110.5 0-200-89.5-200-200S145.5 56 256 56s200 89.5 200 200-89.5 200-200 200z\"><\/path><\/svg>\t\t\t\t\t\t<\/span>\n\t\t\t\t\t\t\t\t\t\t<span class=\"elementor-icon-list-text\">Restez inform\u00e9(e)s<\/span>\n\t\t\t\t\t\t\t\t\t<\/li>\n\t\t\t\t\t\t<\/ul>\n\t\t\t\t\t\t<\/div>\n\t\t\t\t<\/div>\n\t\t\t\t<div class=\"elementor-element elementor-element-648b9169 aux-appear-watch-animation aux-fade-in-up-1 elementor-widget elementor-widget-aux_modern_heading\" data-id=\"648b9169\" data-element_type=\"widget\" data-e-type=\"widget\" data-widget_type=\"aux_modern_heading.default\">\n\t\t\t\t<div class=\"elementor-widget-container\">\n\t\t\t\t\t<section class=\"aux-widget-modern-heading\">\n            <div class=\"aux-widget-inner\"><h2 class=\"aux-modern-heading-primary\"><\/h2><h3 class=\"aux-modern-heading-secondary\"><span class=\"aux-head-before\">Anecdotes<\/span><span class=\"aux-head-highlight\"> de France<\/span><\/h3><div class=\"aux-modern-heading-description\"><p>Lisez notre newsletter avec des anecdotes (et une touche d'humour) sur le camping et la vie dans la douce France...<\/p><\/div><\/div>\n        <\/section>\t\t\t\t<\/div>\n\t\t\t\t<\/div>\n\t\t\t\t<div class=\"elementor-element elementor-element-1446747 aux-appear-watch-animation aux-fade-in-up-1 elementor-widget elementor-widget-aux_modern_button\" data-id=\"1446747\" data-element_type=\"widget\" data-e-type=\"widget\" data-widget_type=\"aux_modern_button.default\">\n\t\t\t\t<div class=\"elementor-widget-container\">\n\t\t\t\t\t    <div class=\"aux-modern-button-wrapper aux-modern-button-align-left\" >\n                    <a class=\"aux-modern-button aux-black aux-modern-button-md aux-modern-button-normal aux-modern-button-default aux-icon-right\" href=\"https:\/\/de017ecb.sibforms.com\/serve\/MUIFACPjnI0K3TCRRNUGkrsFub7hbzZAkUFtUxuHbiwaXBVu9uE0qxdF5LR__irQO2WLryzBAohGeEIDkkipAER2IuBMhxkitalfSnZg9amkKb1Br9OcHEB34g5rcouAtajcqaGT-mbjl-iDl3XKFaH8IT-fF7Efa3fGKSioIiVIqWy2nbhujlZe_pHYil-jQREq-NSFgEdCNL3R\" target=\"_blank\">\n                <div class=\"aux-overlay\"><\/div>\n                                    <div class=\"aux-icon \">\n                        <i aria-hidden=\"true\" class=\"auxicon2 auxicon2-arrow-line-med-right\"><\/i>                    <\/div>\n                                <div class=\"aux-text\">\n<span class=\"aux-text-before\">Recevoir aussi<\/span>                <\/div>\n            <\/a>\n            \n    <\/div>\n\n    \t\t\t\t<\/div>\n\t\t\t\t<\/div>\n\t\t\t\t<div class=\"elementor-element elementor-element-742c84b elementor-widget__width-auto aux-appear-watch-animation aux-fade-in-right-1 elementor-widget elementor-widget-aux_image\" data-id=\"742c84b\" data-element_type=\"widget\" data-e-type=\"widget\" data-widget_type=\"aux_image.default\">\n\t\t\t\t<div class=\"elementor-widget-container\">\n\t\t\t\t\t<section class=\"widget-container aux-widget-image aux-alignnone aux-parent-au1e418601\">\n    <div class=\"aux-media-hint-frame \">\n        <div class=\"aux-media-image \" >\n        \n            \n\n            \n            <img loading=\"lazy\" decoding=\"async\" width=\"400\" height=\"386\" src=\"https:\/\/campingbujaleuf.com\/wp-content\/uploads\/2025\/10\/mike-en-marian-bottom-e1761774832327-40x39.webp\" class=\"aux-attachment aux-featured-image aux-attachment-id-477 aux-preload aux-has-preview\" alt=\"mike en marian bottom\" data-ratio=\"1.04\" data-original-w=\"400\" data-src=\"https:\/\/campingbujaleuf.com\/wp-content\/uploads\/2025\/10\/mike-en-marian-bottom-e1761774832327.webp\" \/>            \n                <\/div>\n    <\/div>\n\n<\/section><!-- widget-container -->\t\t\t\t<\/div>\n\t\t\t\t<\/div>\n\t\t\t\t<\/div>\n\t\t\t\t\t<\/div>\n\t\t\t\t<\/div>\n\t\t\t\t<\/div>\n\t\t<\/div>\n\t\t\t\t\t\t<\/div>\n\t\t\t\t<\/div>\n\t\t\t\t<\/div>\n\t\t<div class=\"aux-parallax-section elementor-element elementor-element-06b94f9 e-con-full e-flex e-con e-parent\" data-id=\"06b94f9\" data-element_type=\"container\" data-e-type=\"container\">\n\t\t\t\t<div class=\"elementor-element elementor-element-b3facd7 elementor-widget elementor-widget-shortcode\" data-id=\"b3facd7\" data-element_type=\"widget\" data-e-type=\"widget\" data-widget_type=\"shortcode.default\">\n\t\t\t\t<div class=\"elementor-widget-container\">\n\t\t\t\t\t\t\t<div class=\"elementor-shortcode\">\t\t<div data-elementor-type=\"container\" data-elementor-id=\"3930\" class=\"elementor elementor-3930 elementor-920 elementor-920\" data-elementor-post-type=\"elementor_library\">\n\t\t\t\t<div class=\"aux-parallax-section elementor-element elementor-element-69144fe1 e-con-full e-flex e-con e-parent\" data-id=\"69144fe1\" data-element_type=\"container\" data-e-type=\"container\" data-settings=\"{&quot;background_background&quot;:&quot;gradient&quot;}\">\n\t\t<div class=\"elementor-element elementor-element-7a519320 e-con-full e-flex e-con e-child\" data-id=\"7a519320\" data-element_type=\"container\" data-e-type=\"container\" data-settings=\"{&quot;background_background&quot;:&quot;gradient&quot;}\">\n\t\t\t\t<div class=\"elementor-element elementor-element-32f88e9f elementor-align-center aux-appear-watch-animation aux-slide-from-bot elementor-icon-list--layout-traditional elementor-list-item-link-full_width elementor-widget elementor-widget-icon-list\" data-id=\"32f88e9f\" data-element_type=\"widget\" data-e-type=\"widget\" data-widget_type=\"icon-list.default\">\n\t\t\t\t<div class=\"elementor-widget-container\">\n\t\t\t\t\t\t\t<ul class=\"elementor-icon-list-items\">\n\t\t\t\t\t\t\t<li class=\"elementor-icon-list-item\">\n\t\t\t\t\t\t\t\t\t\t\t<span class=\"elementor-icon-list-icon\">\n\t\t\t\t\t\t\t<svg aria-hidden=\"true\" class=\"e-font-icon-svg e-far-circle\" viewBox=\"0 0 512 512\" xmlns=\"http:\/\/www.w3.org\/2000\/svg\"><path d=\"M256 8C119 8 8 119 8 256s111 248 248 248 248-111 248-248S393 8 256 8zm0 448c-110.5 0-200-89.5-200-200S145.5 56 256 56s200 89.5 200 200-89.5 200-200 200z\"><\/path><\/svg>\t\t\t\t\t\t<\/span>\n\t\t\t\t\t\t\t\t\t\t<span class=\"elementor-icon-list-text\">Camper sans soucis et en toute d\u00e9tente<\/span>\n\t\t\t\t\t\t\t\t\t<\/li>\n\t\t\t\t\t\t<\/ul>\n\t\t\t\t\t\t<\/div>\n\t\t\t\t<\/div>\n\t\t\t\t<div class=\"elementor-element elementor-element-6fc4a1a8 aux-appear-watch-animation aux-fade-in-up-1 elementor-widget elementor-widget-aux_modern_heading\" data-id=\"6fc4a1a8\" data-element_type=\"widget\" data-e-type=\"widget\" data-widget_type=\"aux_modern_heading.default\">\n\t\t\t\t<div class=\"elementor-widget-container\">\n\t\t\t\t\t<section class=\"aux-widget-modern-heading\">\n            <div class=\"aux-widget-inner\"><h2 class=\"aux-modern-heading-primary\"><\/h2><h3 class=\"aux-modern-heading-secondary\"><span class=\"aux-head-before\">Cinq garanties<\/span><span class=\"aux-head-highlight\">  du Camping du Lac<\/span><\/h3><\/div>\n        <\/section>\t\t\t\t<\/div>\n\t\t\t\t<\/div>\n\t\t<div class=\"elementor-element elementor-element-66d1c77c e-grid e-con-full elementor-hidden-mobile e-con e-child\" data-id=\"66d1c77c\" data-element_type=\"container\" data-e-type=\"container\">\n\t\t<div class=\"elementor-element elementor-element-60fadab7 e-con-full aux-appear-watch-animation aux-fade-in e-flex e-con e-child\" data-id=\"60fadab7\" data-element_type=\"container\" data-e-type=\"container\" data-settings=\"{&quot;background_background&quot;:&quot;classic&quot;}\">\n\t\t\t\t<div class=\"elementor-element elementor-element-56a7eafb elementor-widget elementor-widget-elementskit-stylish-list\" data-id=\"56a7eafb\" data-element_type=\"widget\" data-e-type=\"widget\" data-widget_type=\"elementskit-stylish-list.default\">\n\t\t\t\t<div class=\"elementor-widget-container\">\n\t\t\t\t\t<div class=\"ekit-wid-con\">\t\t<ul class=\"ekit-stylish-list list-inline\" >\n\t\t\t\t\t\t\t<li class=\"ekit-stylish-list-content-wrapper elementor-repeater-item-f842549\" >\n\t\t\t\t\t\t\t\t\t\t<div class=\"ekit-stylish-list-content\">\n\t\t\t\t\t\t\t\t\t\t\t\t\t\t\t\t\t\t\t<div class=\"ekit-stylish-list-content-icon\">\n\t\t\t\t\t\t\t\t<i aria-hidden=\"true\" class=\"auxicon auxicon-calendar-1\"><\/i>\t\t\t\t\t\t\t<\/div>\n\t\t\t\t\t\t\t\t\t\t\t\t\t\t\t\t\t\t<div class=\"ekit-stylish-list-content-text\">\n\t\t\t\t\t\t\t<span class=\"ekit-stylish-list-content-title\">Annulation<\/span>\n\t\t\t\t\t\t\t\t\t\t\t\t\t\t\t<span class=\"ekit-stylish-list-content-description\">Annulation gratuite jusqu'\u00e0 14 jours avant l'arriv\u00e9e.<\/span>\n\t\t\t\t\t\t\t\t\t\t\t\t\t<\/div>\n\t\t\t\t\t\t\t\t\t\t\t\t\t<div class=\"ekit-stylish-list-content-badge\">\n\t\t\t\t\t\t\t\t<span class=\"elementor-inline-editing\">Remboursement<\/span>\n\t\t\t\t\t\t\t<\/div>\n\t\t\t\t\t\t\t\t\t\t\t<\/div>\n\t\t\t\t<\/li>\n\t\t\t\t\t\t\t\t\t<\/ul>\n\t<\/div>\t\t\t\t<\/div>\n\t\t\t\t<\/div>\n\t\t\t\t<\/div>\n\t\t<div class=\"elementor-element elementor-element-4dfa467b e-con-full aux-appear-watch-animation aux-fade-in e-flex e-con e-child\" data-id=\"4dfa467b\" data-element_type=\"container\" data-e-type=\"container\" data-settings=\"{&quot;background_background&quot;:&quot;classic&quot;}\">\n\t\t\t\t<div class=\"elementor-element elementor-element-21342c32 elementor-widget elementor-widget-elementskit-stylish-list\" data-id=\"21342c32\" data-element_type=\"widget\" data-e-type=\"widget\" data-widget_type=\"elementskit-stylish-list.default\">\n\t\t\t\t<div class=\"elementor-widget-container\">\n\t\t\t\t\t<div class=\"ekit-wid-con\">\t\t<ul class=\"ekit-stylish-list list-inline\" >\n\t\t\t\t\t\t\t<li class=\"ekit-stylish-list-content-wrapper elementor-repeater-item-f842549\" >\n\t\t\t\t\t\t\t\t\t\t<div class=\"ekit-stylish-list-content\">\n\t\t\t\t\t\t\t\t\t\t\t\t\t\t\t\t\t\t\t<div class=\"ekit-stylish-list-content-icon\">\n\t\t\t\t\t\t\t\t<i aria-hidden=\"true\" class=\"auxicon auxicon-location-pin\"><\/i>\t\t\t\t\t\t\t<\/div>\n\t\t\t\t\t\t\t\t\t\t\t\t\t\t\t\t\t\t<div class=\"ekit-stylish-list-content-text\">\n\t\t\t\t\t\t\t<span class=\"ekit-stylish-list-content-title\">Espace<\/span>\n\t\t\t\t\t\t\t\t\t\t\t\t\t\t\t<span class=\"ekit-stylish-list-content-description\">Les tentes d'appoint s'installent facilement sur l'emplacement et offrent une vue d\u00e9gag\u00e9e.<\/span>\n\t\t\t\t\t\t\t\t\t\t\t\t\t<\/div>\n\t\t\t\t\t\t\t\t\t\t\t\t\t<div class=\"ekit-stylish-list-content-badge\">\n\t\t\t\t\t\t\t\t<span class=\"elementor-inline-editing\">125-150m\u00b2<\/span>\n\t\t\t\t\t\t\t<\/div>\n\t\t\t\t\t\t\t\t\t\t\t<\/div>\n\t\t\t\t<\/li>\n\t\t\t\t\t\t\t\t\t<\/ul>\n\t<\/div>\t\t\t\t<\/div>\n\t\t\t\t<\/div>\n\t\t\t\t<\/div>\n\t\t<div class=\"elementor-element elementor-element-c0a5ff5 e-con-full aux-appear-watch-animation aux-fade-in e-flex e-con e-child\" data-id=\"c0a5ff5\" data-element_type=\"container\" data-e-type=\"container\" data-settings=\"{&quot;background_background&quot;:&quot;classic&quot;}\">\n\t\t\t\t<div class=\"elementor-element elementor-element-42d9b87c elementor-widget elementor-widget-elementskit-stylish-list\" data-id=\"42d9b87c\" data-element_type=\"widget\" data-e-type=\"widget\" data-widget_type=\"elementskit-stylish-list.default\">\n\t\t\t\t<div class=\"elementor-widget-container\">\n\t\t\t\t\t<div class=\"ekit-wid-con\">\t\t<ul class=\"ekit-stylish-list list-inline\" >\n\t\t\t\t\t\t\t<li class=\"ekit-stylish-list-content-wrapper elementor-repeater-item-f842549\" >\n\t\t\t\t\t\t\t\t\t\t<div class=\"ekit-stylish-list-content\">\n\t\t\t\t\t\t\t\t\t\t\t\t\t\t\t\t\t\t\t<div class=\"ekit-stylish-list-content-icon\">\n\t\t\t\t\t\t\t\t<svg class=\"ekit-svg-icon icon-star1\" viewBox=\"0 0 32 32\" xmlns=\"http:\/\/www.w3.org\/2000\/svg\"><path d=\"M24.8 30.4c-0.131 0-0.263-0.032-0.383-0.098l-8.417-4.591-8.417 4.591c-0.269 0.147-0.597 0.127-0.847-0.050s-0.376-0.482-0.325-0.783l1.532-9.194-6.109-6.109c-0.212-0.212-0.288-0.524-0.196-0.81s0.335-0.496 0.63-0.545l9.198-1.533 3.818-7.636c0.136-0.271 0.412-0.442 0.716-0.442s0.58 0.171 0.716 0.442l3.818 7.636 9.198 1.533c0.296 0.049 0.539 0.26 0.63 0.545s0.016 0.598-0.196 0.81l-6.109 6.109 1.532 9.194c0.050 0.302-0.076 0.606-0.325 0.783-0.138 0.098-0.301 0.148-0.464 0.148zM16 24c0.132 0 0.264 0.033 0.383 0.098l7.358 4.013-1.33-7.98c-0.043-0.255 0.041-0.514 0.223-0.697l5.301-5.301-8.067-1.344c-0.253-0.042-0.47-0.202-0.584-0.431l-3.284-6.569-3.284 6.569c-0.114 0.229-0.332 0.389-0.584 0.431l-8.067 1.344 5.301 5.301c0.183 0.183 0.266 0.442 0.223 0.697l-1.33 7.98 7.358-4.013c0.119-0.065 0.251-0.098 0.383-0.098z\"><\/path><\/svg>\t\t\t\t\t\t\t<\/div>\n\t\t\t\t\t\t\t\t\t\t\t\t\t\t\t\t\t\t<div class=\"ekit-stylish-list-content-text\">\n\t\t\t\t\t\t\t<span class=\"ekit-stylish-list-content-title\">Hygi\u00e8ne<\/span>\n\t\t\t\t\t\t\t\t\t\t\t\t\t\t\t<span class=\"ekit-stylish-list-content-description\">Sanitaires impeccables gr\u00e2ce \u00e0 un nettoyage r\u00e9gulier.<\/span>\n\t\t\t\t\t\t\t\t\t\t\t\t\t<\/div>\n\t\t\t\t\t\t\t\t\t\t\t\t\t<div class=\"ekit-stylish-list-content-badge\">\n\t\t\t\t\t\t\t\t<span class=\"elementor-inline-editing\">3 fois par jour<\/span>\n\t\t\t\t\t\t\t<\/div>\n\t\t\t\t\t\t\t\t\t\t\t<\/div>\n\t\t\t\t<\/li>\n\t\t\t\t\t\t\t\t\t<\/ul>\n\t<\/div>\t\t\t\t<\/div>\n\t\t\t\t<\/div>\n\t\t\t\t<\/div>\n\t\t<div class=\"elementor-element elementor-element-4aae6f61 e-con-full aux-appear-watch-animation aux-fade-in e-flex e-con e-child\" data-id=\"4aae6f61\" data-element_type=\"container\" data-e-type=\"container\" data-settings=\"{&quot;background_background&quot;:&quot;classic&quot;}\">\n\t\t\t\t<div class=\"elementor-element elementor-element-2cef148 elementor-widget elementor-widget-elementskit-stylish-list\" data-id=\"2cef148\" data-element_type=\"widget\" data-e-type=\"widget\" data-widget_type=\"elementskit-stylish-list.default\">\n\t\t\t\t<div class=\"elementor-widget-container\">\n\t\t\t\t\t<div class=\"ekit-wid-con\">\t\t<ul class=\"ekit-stylish-list list-inline\" >\n\t\t\t\t\t\t\t<li class=\"ekit-stylish-list-content-wrapper elementor-repeater-item-f842549\" >\n\t\t\t\t\t\t\t\t\t\t<div class=\"ekit-stylish-list-content\">\n\t\t\t\t\t\t\t\t\t\t\t\t\t\t\t\t\t\t\t<div class=\"ekit-stylish-list-content-icon\">\n\t\t\t\t\t\t\t\t<i aria-hidden=\"true\" class=\"icon icon-leaf\"><\/i>\t\t\t\t\t\t\t<\/div>\n\t\t\t\t\t\t\t\t\t\t\t\t\t\t\t\t\t\t<div class=\"ekit-stylish-list-content-text\">\n\t\t\t\t\t\t\t<span class=\"ekit-stylish-list-content-title\">Nature<\/span>\n\t\t\t\t\t\t\t\t\t\t\t\t\t\t\t<span class=\"ekit-stylish-list-content-description\">Pas de tourisme de masse, calme absolu dans les collines verdoyantes.<\/span>\n\t\t\t\t\t\t\t\t\t\t\t\t\t<\/div>\n\t\t\t\t\t\t\t\t\t\t\t\t\t<div class=\"ekit-stylish-list-content-badge\">\n\t\t\t\t\t\t\t\t<span class=\"elementor-inline-editing\">Limousin<\/span>\n\t\t\t\t\t\t\t<\/div>\n\t\t\t\t\t\t\t\t\t\t\t<\/div>\n\t\t\t\t<\/li>\n\t\t\t\t\t\t\t\t\t<\/ul>\n\t<\/div>\t\t\t\t<\/div>\n\t\t\t\t<\/div>\n\t\t\t\t<\/div>\n\t\t<div class=\"elementor-element elementor-element-55b23aa1 e-con-full aux-appear-watch-animation aux-fade-in e-flex e-con e-child\" data-id=\"55b23aa1\" data-element_type=\"container\" data-e-type=\"container\" data-settings=\"{&quot;background_background&quot;:&quot;classic&quot;}\">\n\t\t\t\t<div class=\"elementor-element elementor-element-455472c0 elementor-widget elementor-widget-elementskit-stylish-list\" data-id=\"455472c0\" data-element_type=\"widget\" data-e-type=\"widget\" data-widget_type=\"elementskit-stylish-list.default\">\n\t\t\t\t<div class=\"elementor-widget-container\">\n\t\t\t\t\t<div class=\"ekit-wid-con\">\t\t<ul class=\"ekit-stylish-list list-inline\" >\n\t\t\t\t\t\t\t<li class=\"ekit-stylish-list-content-wrapper elementor-repeater-item-f842549\" >\n\t\t\t\t\t\t\t\t\t\t<div class=\"ekit-stylish-list-content\">\n\t\t\t\t\t\t\t\t\t\t\t\t\t\t\t\t\t\t\t<div class=\"ekit-stylish-list-content-icon\">\n\t\t\t\t\t\t\t\t<i aria-hidden=\"true\" class=\"auxicon auxicon-coffee\"><\/i>\t\t\t\t\t\t\t<\/div>\n\t\t\t\t\t\t\t\t\t\t\t\t\t\t\t\t\t\t<div class=\"ekit-stylish-list-content-text\">\n\t\t\t\t\t\t\t<span class=\"ekit-stylish-list-content-title\">D\u00e9tente<\/span>\n\t\t\t\t\t\t\t\t\t\t\t\t\t\t\t<span class=\"ekit-stylish-list-content-description\">Le stress s'\u00e9vapore ici, vous \u00eates les bienvenus.<\/span>\n\t\t\t\t\t\t\t\t\t\t\t\t\t<\/div>\n\t\t\t\t\t\t\t\t\t\t\t\t\t<div class=\"ekit-stylish-list-content-badge\">\n\t\t\t\t\t\t\t\t<span class=\"elementor-inline-editing\">Accueil chaleureux<\/span>\n\t\t\t\t\t\t\t<\/div>\n\t\t\t\t\t\t\t\t\t\t\t<\/div>\n\t\t\t\t<\/li>\n\t\t\t\t\t\t\t\t\t<\/ul>\n\t<\/div>\t\t\t\t<\/div>\n\t\t\t\t<\/div>\n\t\t\t\t<\/div>\n\t\t\t\t<\/div>\n\t\t<div class=\"elementor-element elementor-element-997769e e-grid e-con-full elementor-hidden-desktop elementor-hidden-tablet e-con e-child\" data-id=\"997769e\" data-element_type=\"container\" data-e-type=\"container\">\n\t\t<div class=\"elementor-element elementor-element-dbf4e14 e-con-full aux-appear-watch-animation aux-fade-in e-flex e-con e-child\" data-id=\"dbf4e14\" data-element_type=\"container\" data-e-type=\"container\" data-settings=\"{&quot;background_background&quot;:&quot;classic&quot;}\">\n\t\t\t\t<div class=\"elementor-element elementor-element-b70bdbe elementor-widget elementor-widget-elementskit-stylish-list\" data-id=\"b70bdbe\" data-element_type=\"widget\" data-e-type=\"widget\" data-widget_type=\"elementskit-stylish-list.default\">\n\t\t\t\t<div class=\"elementor-widget-container\">\n\t\t\t\t\t<div class=\"ekit-wid-con\">\t\t<ul class=\"ekit-stylish-list list-inline\" >\n\t\t\t\t\t\t\t<li class=\"ekit-stylish-list-content-wrapper elementor-repeater-item-f842549\" >\n\t\t\t\t\t\t\t\t\t\t<div class=\"ekit-stylish-list-content\">\n\t\t\t\t\t\t\t\t\t\t\t\t\t\t\t\t\t\t\t<div class=\"ekit-stylish-list-content-icon\">\n\t\t\t\t\t\t\t\t<i aria-hidden=\"true\" class=\"auxicon auxicon-calendar-1\"><\/i>\t\t\t\t\t\t\t<\/div>\n\t\t\t\t\t\t\t\t\t\t\t\t\t\t\t\t\t\t<div class=\"ekit-stylish-list-content-text\">\n\t\t\t\t\t\t\t<span class=\"ekit-stylish-list-content-title\">Annulation<\/span>\n\t\t\t\t\t\t\t\t\t\t\t\t\t\t\t<span class=\"ekit-stylish-list-content-description\">Annulation gratuite jusqu'\u00e0 14 jours avant l'arriv\u00e9e.<\/span>\n\t\t\t\t\t\t\t\t\t\t\t\t\t<\/div>\n\t\t\t\t\t\t\t\t\t\t\t<\/div>\n\t\t\t\t<\/li>\n\t\t\t\t\t\t\t\t\t<\/ul>\n\t<\/div>\t\t\t\t<\/div>\n\t\t\t\t<\/div>\n\t\t\t\t<\/div>\n\t\t<div class=\"elementor-element elementor-element-ae461b8 e-con-full aux-appear-watch-animation aux-fade-in e-flex e-con e-child\" data-id=\"ae461b8\" data-element_type=\"container\" data-e-type=\"container\" data-settings=\"{&quot;background_background&quot;:&quot;classic&quot;}\">\n\t\t\t\t<div class=\"elementor-element elementor-element-1127921 elementor-widget elementor-widget-elementskit-stylish-list\" data-id=\"1127921\" data-element_type=\"widget\" data-e-type=\"widget\" data-widget_type=\"elementskit-stylish-list.default\">\n\t\t\t\t<div class=\"elementor-widget-container\">\n\t\t\t\t\t<div class=\"ekit-wid-con\">\t\t<ul class=\"ekit-stylish-list list-inline\" >\n\t\t\t\t\t\t\t<li class=\"ekit-stylish-list-content-wrapper elementor-repeater-item-f842549\" >\n\t\t\t\t\t\t\t\t\t\t<div class=\"ekit-stylish-list-content\">\n\t\t\t\t\t\t\t\t\t\t\t\t\t\t\t\t\t\t\t<div class=\"ekit-stylish-list-content-icon\">\n\t\t\t\t\t\t\t\t<i aria-hidden=\"true\" class=\"auxicon auxicon-location-pin\"><\/i>\t\t\t\t\t\t\t<\/div>\n\t\t\t\t\t\t\t\t\t\t\t\t\t\t\t\t\t\t<div class=\"ekit-stylish-list-content-text\">\n\t\t\t\t\t\t\t<span class=\"ekit-stylish-list-content-title\">Espace<\/span>\n\t\t\t\t\t\t\t\t\t\t\t\t\t\t\t<span class=\"ekit-stylish-list-content-description\">Les tentes d'appoint s'installent facilement sur l'emplacement et offrent une vue d\u00e9gag\u00e9e.<\/span>\n\t\t\t\t\t\t\t\t\t\t\t\t\t<\/div>\n\t\t\t\t\t\t\t\t\t\t\t<\/div>\n\t\t\t\t<\/li>\n\t\t\t\t\t\t\t\t\t<\/ul>\n\t<\/div>\t\t\t\t<\/div>\n\t\t\t\t<\/div>\n\t\t\t\t<\/div>\n\t\t<div class=\"elementor-element elementor-element-6a1865a e-con-full aux-appear-watch-animation aux-fade-in e-flex e-con e-child\" data-id=\"6a1865a\" data-element_type=\"container\" data-e-type=\"container\" data-settings=\"{&quot;background_background&quot;:&quot;classic&quot;}\">\n\t\t\t\t<div class=\"elementor-element elementor-element-6ab2642 elementor-widget elementor-widget-elementskit-stylish-list\" data-id=\"6ab2642\" data-element_type=\"widget\" data-e-type=\"widget\" data-widget_type=\"elementskit-stylish-list.default\">\n\t\t\t\t<div class=\"elementor-widget-container\">\n\t\t\t\t\t<div class=\"ekit-wid-con\">\t\t<ul class=\"ekit-stylish-list list-inline\" >\n\t\t\t\t\t\t\t<li class=\"ekit-stylish-list-content-wrapper elementor-repeater-item-f842549\" >\n\t\t\t\t\t\t\t\t\t\t<div class=\"ekit-stylish-list-content\">\n\t\t\t\t\t\t\t\t\t\t\t\t\t\t\t\t\t\t\t<div class=\"ekit-stylish-list-content-icon\">\n\t\t\t\t\t\t\t\t<svg class=\"ekit-svg-icon icon-star1\" viewBox=\"0 0 32 32\" xmlns=\"http:\/\/www.w3.org\/2000\/svg\"><path d=\"M24.8 30.4c-0.131 0-0.263-0.032-0.383-0.098l-8.417-4.591-8.417 4.591c-0.269 0.147-0.597 0.127-0.847-0.050s-0.376-0.482-0.325-0.783l1.532-9.194-6.109-6.109c-0.212-0.212-0.288-0.524-0.196-0.81s0.335-0.496 0.63-0.545l9.198-1.533 3.818-7.636c0.136-0.271 0.412-0.442 0.716-0.442s0.58 0.171 0.716 0.442l3.818 7.636 9.198 1.533c0.296 0.049 0.539 0.26 0.63 0.545s0.016 0.598-0.196 0.81l-6.109 6.109 1.532 9.194c0.050 0.302-0.076 0.606-0.325 0.783-0.138 0.098-0.301 0.148-0.464 0.148zM16 24c0.132 0 0.264 0.033 0.383 0.098l7.358 4.013-1.33-7.98c-0.043-0.255 0.041-0.514 0.223-0.697l5.301-5.301-8.067-1.344c-0.253-0.042-0.47-0.202-0.584-0.431l-3.284-6.569-3.284 6.569c-0.114 0.229-0.332 0.389-0.584 0.431l-8.067 1.344 5.301 5.301c0.183 0.183 0.266 0.442 0.223 0.697l-1.33 7.98 7.358-4.013c0.119-0.065 0.251-0.098 0.383-0.098z\"><\/path><\/svg>\t\t\t\t\t\t\t<\/div>\n\t\t\t\t\t\t\t\t\t\t\t\t\t\t\t\t\t\t<div class=\"ekit-stylish-list-content-text\">\n\t\t\t\t\t\t\t<span class=\"ekit-stylish-list-content-title\">Hygi\u00e8ne<\/span>\n\t\t\t\t\t\t\t\t\t\t\t\t\t\t\t<span class=\"ekit-stylish-list-content-description\">Sanitaires impeccables gr\u00e2ce \u00e0 un nettoyage r\u00e9gulier.<\/span>\n\t\t\t\t\t\t\t\t\t\t\t\t\t<\/div>\n\t\t\t\t\t\t\t\t\t\t\t<\/div>\n\t\t\t\t<\/li>\n\t\t\t\t\t\t\t\t\t<\/ul>\n\t<\/div>\t\t\t\t<\/div>\n\t\t\t\t<\/div>\n\t\t\t\t<\/div>\n\t\t<div class=\"elementor-element elementor-element-a2e5e14 e-con-full aux-appear-watch-animation aux-fade-in e-flex e-con e-child\" data-id=\"a2e5e14\" data-element_type=\"container\" data-e-type=\"container\" data-settings=\"{&quot;background_background&quot;:&quot;classic&quot;}\">\n\t\t\t\t<div class=\"elementor-element elementor-element-b8904ae elementor-widget elementor-widget-elementskit-stylish-list\" data-id=\"b8904ae\" data-element_type=\"widget\" data-e-type=\"widget\" data-widget_type=\"elementskit-stylish-list.default\">\n\t\t\t\t<div class=\"elementor-widget-container\">\n\t\t\t\t\t<div class=\"ekit-wid-con\">\t\t<ul class=\"ekit-stylish-list list-inline\" >\n\t\t\t\t\t\t\t<li class=\"ekit-stylish-list-content-wrapper elementor-repeater-item-f842549\" >\n\t\t\t\t\t\t\t\t\t\t<div class=\"ekit-stylish-list-content\">\n\t\t\t\t\t\t\t\t\t\t\t\t\t\t\t\t\t\t\t<div class=\"ekit-stylish-list-content-icon\">\n\t\t\t\t\t\t\t\t<i aria-hidden=\"true\" class=\"icon icon-leaf\"><\/i>\t\t\t\t\t\t\t<\/div>\n\t\t\t\t\t\t\t\t\t\t\t\t\t\t\t\t\t\t<div class=\"ekit-stylish-list-content-text\">\n\t\t\t\t\t\t\t<span class=\"ekit-stylish-list-content-title\">Natuur<\/span>\n\t\t\t\t\t\t\t\t\t\t\t\t\t\t\t<span class=\"ekit-stylish-list-content-description\">Geen massa toerisme, pure rust in de groene heuvels.<\/span>\n\t\t\t\t\t\t\t\t\t\t\t\t\t<\/div>\n\t\t\t\t\t\t\t\t\t\t\t<\/div>\n\t\t\t\t<\/li>\n\t\t\t\t\t\t\t\t\t<\/ul>\n\t<\/div>\t\t\t\t<\/div>\n\t\t\t\t<\/div>\n\t\t\t\t<\/div>\n\t\t<div class=\"elementor-element elementor-element-53a9c89 e-con-full aux-appear-watch-animation aux-fade-in e-flex e-con e-child\" data-id=\"53a9c89\" data-element_type=\"container\" data-e-type=\"container\" data-settings=\"{&quot;background_background&quot;:&quot;classic&quot;}\">\n\t\t\t\t<div class=\"elementor-element elementor-element-085f75c elementor-widget elementor-widget-elementskit-stylish-list\" data-id=\"085f75c\" data-element_type=\"widget\" data-e-type=\"widget\" data-widget_type=\"elementskit-stylish-list.default\">\n\t\t\t\t<div class=\"elementor-widget-container\">\n\t\t\t\t\t<div class=\"ekit-wid-con\">\t\t<ul class=\"ekit-stylish-list list-inline\" >\n\t\t\t\t\t\t\t<li class=\"ekit-stylish-list-content-wrapper elementor-repeater-item-f842549\" >\n\t\t\t\t\t\t\t\t\t\t<div class=\"ekit-stylish-list-content\">\n\t\t\t\t\t\t\t\t\t\t\t\t\t\t\t\t\t\t\t<div class=\"ekit-stylish-list-content-icon\">\n\t\t\t\t\t\t\t\t<i aria-hidden=\"true\" class=\"auxicon auxicon-coffee\"><\/i>\t\t\t\t\t\t\t<\/div>\n\t\t\t\t\t\t\t\t\t\t\t\t\t\t\t\t\t\t<div class=\"ekit-stylish-list-content-text\">\n\t\t\t\t\t\t\t<span class=\"ekit-stylish-list-content-title\">Relax<\/span>\n\t\t\t\t\t\t\t\t\t\t\t\t\t\t\t<span class=\"ekit-stylish-list-content-description\">Stress glijdt hier zo van je af, je bent welkom.<\/span>\n\t\t\t\t\t\t\t\t\t\t\t\t\t<\/div>\n\t\t\t\t\t\t\t\t\t\t\t<\/div>\n\t\t\t\t<\/li>\n\t\t\t\t\t\t\t\t\t<\/ul>\n\t<\/div>\t\t\t\t<\/div>\n\t\t\t\t<\/div>\n\t\t\t\t<\/div>\n\t\t\t\t<\/div>\n\t\t\t\t<\/div>\n\t\t\t\t<\/div>\n\t\t\t\t<\/div>\n\t\t<\/div>\n\t\t\t\t\t\t<\/div>\n\t\t\t\t<\/div>\n\t\t\t\t<\/div>\n\t\t\t\t<\/div>\n\t\t","protected":false},"excerpt":{"rendered":"<p>Panorama Point de vue points 360 degr\u00e9s panorama Aux alentours du Camping du Lac de Bujaleuf, vous trouverez plusieurs points de vue offrant une vue imprenable sur le Massif Central. Facilement accessibles en voiture, souvent avec une courte marche \u00e0 pied pour la derni\u00e8re partie. Pierre Branlante Vue sur le d\u00e9but du Massif Central Randonn\u00e9e [&hellip;]<\/p>\n","protected":false},"author":1,"featured_media":0,"parent":0,"menu_order":0,"comment_status":"closed","ping_status":"closed","template":"","meta":{"footnotes":""},"class_list":["post-4409","page","type-page","status-publish","hentry"],"yoast_head":"<!-- This site is optimized with the Yoast SEO plugin v27.4 - https:\/\/yoast.com\/product\/yoast-seo-wordpress\/ -->\n<title>Points de vue et panoramas en Limousin Haute Vienne - Camping du Lac de Bujaleuf<\/title>\n<meta name=\"robots\" content=\"index, follow, max-snippet:-1, max-image-preview:large, max-video-preview:-1\" \/>\n<link rel=\"canonical\" href=\"https:\/\/campingbujaleuf.com\/fr\/points-de-vue-et-panoramas-en-limousin-haute-vienne\/\" \/>\n<meta property=\"og:locale\" content=\"fr_FR\" \/>\n<meta property=\"og:type\" content=\"article\" \/>\n<meta property=\"og:title\" content=\"Points de vue et panoramas en Limousin Haute Vienne - Camping du Lac de Bujaleuf\" \/>\n<meta property=\"og:description\" content=\"Panorama Point de vue points 360 degr\u00e9s panorama Aux alentours du Camping du Lac de Bujaleuf, vous trouverez plusieurs points de vue offrant une vue imprenable sur le Massif Central. Facilement accessibles en voiture, souvent avec une courte marche \u00e0 pied pour la derni\u00e8re partie. Pierre Branlante Vue sur le d\u00e9but du Massif Central Randonn\u00e9e [&hellip;]\" \/>\n<meta property=\"og:url\" content=\"https:\/\/campingbujaleuf.com\/fr\/points-de-vue-et-panoramas-en-limousin-haute-vienne\/\" \/>\n<meta property=\"og:site_name\" content=\"Camping du Lac de Bujaleuf\" \/>\n<meta property=\"article:publisher\" content=\"https:\/\/business.facebook.com\/campingbujaleuf\/\" \/>\n<meta property=\"article:modified_time\" content=\"2026-01-06T21:11:51+00:00\" \/>\n<meta property=\"og:image\" content=\"https:\/\/campingbujaleuf.com\/wp-content\/uploads\/2025\/12\/pierre-branlante.jpg\" \/>\n\t<meta property=\"og:image:width\" content=\"1000\" \/>\n\t<meta property=\"og:image:height\" content=\"675\" \/>\n\t<meta property=\"og:image:type\" content=\"image\/webp\" \/>\n<meta name=\"twitter:card\" content=\"summary_large_image\" \/>\n<meta name=\"twitter:label1\" content=\"Dur\u00e9e de lecture estim\u00e9e\" \/>\n\t<meta name=\"twitter:data1\" content=\"1 minute\" \/>\n<script type=\"application\/ld+json\" class=\"yoast-schema-graph\">{\"@context\":\"https:\\\/\\\/schema.org\",\"@graph\":[{\"@type\":\"WebPage\",\"@id\":\"https:\\\/\\\/campingbujaleuf.com\\\/fr\\\/points-de-vue-et-panoramas-en-limousin-haute-vienne\\\/\",\"url\":\"https:\\\/\\\/campingbujaleuf.com\\\/fr\\\/points-de-vue-et-panoramas-en-limousin-haute-vienne\\\/\",\"name\":\"Points de vue et panoramas en Limousin Haute Vienne - Camping du Lac de Bujaleuf\",\"isPartOf\":{\"@id\":\"https:\\\/\\\/campingbujaleuf.com\\\/#website\"},\"primaryImageOfPage\":{\"@id\":\"https:\\\/\\\/campingbujaleuf.com\\\/fr\\\/points-de-vue-et-panoramas-en-limousin-haute-vienne\\\/#primaryimage\"},\"image\":{\"@id\":\"https:\\\/\\\/campingbujaleuf.com\\\/fr\\\/points-de-vue-et-panoramas-en-limousin-haute-vienne\\\/#primaryimage\"},\"thumbnailUrl\":\"https:\\\/\\\/campingbujaleuf.com\\\/wp-content\\\/uploads\\\/2025\\\/12\\\/pierre-branlante.jpg\",\"datePublished\":\"2025-12-08T19:35:26+00:00\",\"dateModified\":\"2026-01-06T21:11:51+00:00\",\"breadcrumb\":{\"@id\":\"https:\\\/\\\/campingbujaleuf.com\\\/fr\\\/points-de-vue-et-panoramas-en-limousin-haute-vienne\\\/#breadcrumb\"},\"inLanguage\":\"fr-FR\",\"potentialAction\":[{\"@type\":\"ReadAction\",\"target\":[\"https:\\\/\\\/campingbujaleuf.com\\\/fr\\\/points-de-vue-et-panoramas-en-limousin-haute-vienne\\\/\"]}]},{\"@type\":\"ImageObject\",\"inLanguage\":\"fr-FR\",\"@id\":\"https:\\\/\\\/campingbujaleuf.com\\\/fr\\\/points-de-vue-et-panoramas-en-limousin-haute-vienne\\\/#primaryimage\",\"url\":\"https:\\\/\\\/campingbujaleuf.com\\\/wp-content\\\/uploads\\\/2025\\\/12\\\/pierre-branlante.jpg\",\"contentUrl\":\"https:\\\/\\\/campingbujaleuf.com\\\/wp-content\\\/uploads\\\/2025\\\/12\\\/pierre-branlante.jpg\"},{\"@type\":\"BreadcrumbList\",\"@id\":\"https:\\\/\\\/campingbujaleuf.com\\\/fr\\\/points-de-vue-et-panoramas-en-limousin-haute-vienne\\\/#breadcrumb\",\"itemListElement\":[{\"@type\":\"ListItem\",\"position\":1,\"name\":\"Home\",\"item\":\"https:\\\/\\\/campingbujaleuf.com\\\/fr\\\/petit-camping-en-terrasses-en-france-avec-proprietaire-neerlandais\\\/\"},{\"@type\":\"ListItem\",\"position\":2,\"name\":\"Points de vue et panoramas en Limousin Haute Vienne\"}]},{\"@type\":\"WebSite\",\"@id\":\"https:\\\/\\\/campingbujaleuf.com\\\/#website\",\"url\":\"https:\\\/\\\/campingbujaleuf.com\\\/\",\"name\":\"Camping du Lac de Bujaleuf\",\"description\":\"C&#039;est Formidable \ud83e\udd29\",\"publisher\":{\"@id\":\"https:\\\/\\\/campingbujaleuf.com\\\/#organization\"},\"potentialAction\":[{\"@type\":\"SearchAction\",\"target\":{\"@type\":\"EntryPoint\",\"urlTemplate\":\"https:\\\/\\\/campingbujaleuf.com\\\/?s={search_term_string}\"},\"query-input\":{\"@type\":\"PropertyValueSpecification\",\"valueRequired\":true,\"valueName\":\"search_term_string\"}}],\"inLanguage\":\"fr-FR\"},{\"@type\":\"Organization\",\"@id\":\"https:\\\/\\\/campingbujaleuf.com\\\/#organization\",\"name\":\"Camping du Lac de Bujaleuf\",\"url\":\"https:\\\/\\\/campingbujaleuf.com\\\/\",\"logo\":{\"@type\":\"ImageObject\",\"inLanguage\":\"fr-FR\",\"@id\":\"https:\\\/\\\/campingbujaleuf.com\\\/#\\\/schema\\\/logo\\\/image\\\/\",\"url\":\"https:\\\/\\\/campingbujaleuf.com\\\/wp-content\\\/uploads\\\/2025\\\/10\\\/Camping-du-Lac-de-Bujaleuf-logo-top.webp\",\"contentUrl\":\"https:\\\/\\\/campingbujaleuf.com\\\/wp-content\\\/uploads\\\/2025\\\/10\\\/Camping-du-Lac-de-Bujaleuf-logo-top.webp\",\"width\":225,\"height\":84,\"caption\":\"Camping du Lac de Bujaleuf\"},\"image\":{\"@id\":\"https:\\\/\\\/campingbujaleuf.com\\\/#\\\/schema\\\/logo\\\/image\\\/\"},\"sameAs\":[\"https:\\\/\\\/business.facebook.com\\\/campingbujaleuf\\\/\",\"https:\\\/\\\/www.instagram.com\\\/campingbujaleuf\\\/\"]}]}<\/script>\n<!-- \/ Yoast SEO plugin. -->","yoast_head_json":{"title":"Points de vue et panoramas en Limousin Haute Vienne - Camping du Lac de Bujaleuf","robots":{"index":"index","follow":"follow","max-snippet":"max-snippet:-1","max-image-preview":"max-image-preview:large","max-video-preview":"max-video-preview:-1"},"canonical":"https:\/\/campingbujaleuf.com\/fr\/points-de-vue-et-panoramas-en-limousin-haute-vienne\/","og_locale":"fr_FR","og_type":"article","og_title":"Points de vue et panoramas en Limousin Haute Vienne - Camping du Lac de Bujaleuf","og_description":"Panorama Point de vue points 360 degr\u00e9s panorama Aux alentours du Camping du Lac de Bujaleuf, vous trouverez plusieurs points de vue offrant une vue imprenable sur le Massif Central. Facilement accessibles en voiture, souvent avec une courte marche \u00e0 pied pour la derni\u00e8re partie. Pierre Branlante Vue sur le d\u00e9but du Massif Central Randonn\u00e9e [&hellip;]","og_url":"https:\/\/campingbujaleuf.com\/fr\/points-de-vue-et-panoramas-en-limousin-haute-vienne\/","og_site_name":"Camping du Lac de Bujaleuf","article_publisher":"https:\/\/business.facebook.com\/campingbujaleuf\/","article_modified_time":"2026-01-06T21:11:51+00:00","og_image":[{"width":1000,"height":675,"url":"https:\/\/campingbujaleuf.com\/wp-content\/uploads\/2025\/12\/pierre-branlante.jpg","type":"image\/webp"}],"twitter_card":"summary_large_image","twitter_misc":{"Dur\u00e9e de lecture estim\u00e9e":"1 minute"},"schema":{"@context":"https:\/\/schema.org","@graph":[{"@type":"WebPage","@id":"https:\/\/campingbujaleuf.com\/fr\/points-de-vue-et-panoramas-en-limousin-haute-vienne\/","url":"https:\/\/campingbujaleuf.com\/fr\/points-de-vue-et-panoramas-en-limousin-haute-vienne\/","name":"Points de vue et panoramas en Limousin Haute Vienne - Camping du Lac de Bujaleuf","isPartOf":{"@id":"https:\/\/campingbujaleuf.com\/#website"},"primaryImageOfPage":{"@id":"https:\/\/campingbujaleuf.com\/fr\/points-de-vue-et-panoramas-en-limousin-haute-vienne\/#primaryimage"},"image":{"@id":"https:\/\/campingbujaleuf.com\/fr\/points-de-vue-et-panoramas-en-limousin-haute-vienne\/#primaryimage"},"thumbnailUrl":"https:\/\/campingbujaleuf.com\/wp-content\/uploads\/2025\/12\/pierre-branlante.jpg","datePublished":"2025-12-08T19:35:26+00:00","dateModified":"2026-01-06T21:11:51+00:00","breadcrumb":{"@id":"https:\/\/campingbujaleuf.com\/fr\/points-de-vue-et-panoramas-en-limousin-haute-vienne\/#breadcrumb"},"inLanguage":"fr-FR","potentialAction":[{"@type":"ReadAction","target":["https:\/\/campingbujaleuf.com\/fr\/points-de-vue-et-panoramas-en-limousin-haute-vienne\/"]}]},{"@type":"ImageObject","inLanguage":"fr-FR","@id":"https:\/\/campingbujaleuf.com\/fr\/points-de-vue-et-panoramas-en-limousin-haute-vienne\/#primaryimage","url":"https:\/\/campingbujaleuf.com\/wp-content\/uploads\/2025\/12\/pierre-branlante.jpg","contentUrl":"https:\/\/campingbujaleuf.com\/wp-content\/uploads\/2025\/12\/pierre-branlante.jpg"},{"@type":"BreadcrumbList","@id":"https:\/\/campingbujaleuf.com\/fr\/points-de-vue-et-panoramas-en-limousin-haute-vienne\/#breadcrumb","itemListElement":[{"@type":"ListItem","position":1,"name":"Home","item":"https:\/\/campingbujaleuf.com\/fr\/petit-camping-en-terrasses-en-france-avec-proprietaire-neerlandais\/"},{"@type":"ListItem","position":2,"name":"Points de vue et panoramas en Limousin Haute Vienne"}]},{"@type":"WebSite","@id":"https:\/\/campingbujaleuf.com\/#website","url":"https:\/\/campingbujaleuf.com\/","name":"Camping du Lac de Bujaleuf","description":"C&#039;est Formidable \ud83e\udd29","publisher":{"@id":"https:\/\/campingbujaleuf.com\/#organization"},"potentialAction":[{"@type":"SearchAction","target":{"@type":"EntryPoint","urlTemplate":"https:\/\/campingbujaleuf.com\/?s={search_term_string}"},"query-input":{"@type":"PropertyValueSpecification","valueRequired":true,"valueName":"search_term_string"}}],"inLanguage":"fr-FR"},{"@type":"Organization","@id":"https:\/\/campingbujaleuf.com\/#organization","name":"Camping du Lac de Bujaleuf","url":"https:\/\/campingbujaleuf.com\/","logo":{"@type":"ImageObject","inLanguage":"fr-FR","@id":"https:\/\/campingbujaleuf.com\/#\/schema\/logo\/image\/","url":"https:\/\/campingbujaleuf.com\/wp-content\/uploads\/2025\/10\/Camping-du-Lac-de-Bujaleuf-logo-top.webp","contentUrl":"https:\/\/campingbujaleuf.com\/wp-content\/uploads\/2025\/10\/Camping-du-Lac-de-Bujaleuf-logo-top.webp","width":225,"height":84,"caption":"Camping du Lac de Bujaleuf"},"image":{"@id":"https:\/\/campingbujaleuf.com\/#\/schema\/logo\/image\/"},"sameAs":["https:\/\/business.facebook.com\/campingbujaleuf\/","https:\/\/www.instagram.com\/campingbujaleuf\/"]}]}},"_links":{"self":[{"href":"https:\/\/campingbujaleuf.com\/fr\/wp-json\/wp\/v2\/pages\/4409","targetHints":{"allow":["GET"]}}],"collection":[{"href":"https:\/\/campingbujaleuf.com\/fr\/wp-json\/wp\/v2\/pages"}],"about":[{"href":"https:\/\/campingbujaleuf.com\/fr\/wp-json\/wp\/v2\/types\/page"}],"author":[{"embeddable":true,"href":"https:\/\/campingbujaleuf.com\/fr\/wp-json\/wp\/v2\/users\/1"}],"replies":[{"embeddable":true,"href":"https:\/\/campingbujaleuf.com\/fr\/wp-json\/wp\/v2\/comments?post=4409"}],"version-history":[{"count":1,"href":"https:\/\/campingbujaleuf.com\/fr\/wp-json\/wp\/v2\/pages\/4409\/revisions"}],"predecessor-version":[{"id":4411,"href":"https:\/\/campingbujaleuf.com\/fr\/wp-json\/wp\/v2\/pages\/4409\/revisions\/4411"}],"wp:attachment":[{"href":"https:\/\/campingbujaleuf.com\/fr\/wp-json\/wp\/v2\/media?parent=4409"}],"curies":[{"name":"wp","href":"https:\/\/api.w.org\/{rel}","templated":true}]}}