{"id":4254,"date":"2025-12-14T19:14:55","date_gmt":"2025-12-14T19:14:55","guid":{"rendered":"https:\/\/campingbujaleuf.com\/itineraires-de-randonnee-a-bujaleuf-et-dans-les-environs-en-limousin\/"},"modified":"2026-01-06T21:11:52","modified_gmt":"2026-01-06T21:11:52","slug":"itineraires-de-randonnee-a-bujaleuf-et-dans-les-environs-en-limousin","status":"publish","type":"page","link":"https:\/\/campingbujaleuf.com\/fr\/itineraires-de-randonnee-a-bujaleuf-et-dans-les-environs-en-limousin\/","title":{"rendered":"Itin\u00e9raires de randonn\u00e9e \u00e0 Bujaleuf et dans les environs en Limousin"},"content":{"rendered":"\t\t<div data-elementor-type=\"wp-page\" data-elementor-id=\"4254\" class=\"elementor elementor-4254 elementor-2521\" data-elementor-post-type=\"page\">\n\t\t\t\t<div class=\"aux-parallax-section elementor-element elementor-element-2c6ab6e e-flex e-con-boxed e-con e-parent\" data-id=\"2c6ab6e\" data-element_type=\"container\" data-e-type=\"container\" data-settings=\"{&quot;background_background&quot;:&quot;classic&quot;,&quot;shape_divider_bottom&quot;:&quot;waves&quot;}\">\n\t\t\t\t\t<div class=\"e-con-inner\">\n\t\t\t\t<div class=\"elementor-shape elementor-shape-bottom\" aria-hidden=\"true\" data-negative=\"false\">\n\t\t\t<svg xmlns=\"http:\/\/www.w3.org\/2000\/svg\" viewBox=\"0 0 1000 100\" preserveAspectRatio=\"none\">\n\t<path class=\"elementor-shape-fill\" d=\"M421.9,6.5c22.6-2.5,51.5,0.4,75.5,5.3c23.6,4.9,70.9,23.5,100.5,35.7c75.8,32.2,133.7,44.5,192.6,49.7\n\tc23.6,2.1,48.7,3.5,103.4-2.5c54.7-6,106.2-25.6,106.2-25.6V0H0v30.3c0,0,72,32.6,158.4,30.5c39.2-0.7,92.8-6.7,134-22.4\n\tc21.2-8.1,52.2-18.2,79.7-24.2C399.3,7.9,411.6,7.5,421.9,6.5z\"\/>\n<\/svg>\t\t<\/div>\n\t\t<div class=\"elementor-element elementor-element-7585c11 e-con-full e-flex e-con e-child\" data-id=\"7585c11\" data-element_type=\"container\" data-e-type=\"container\">\n\t\t\t\t<div class=\"elementor-element elementor-element-3ea28b1 aux-appear-watch-animation aux-slide-from-bot elementor-mobile-align-center elementor-icon-list--layout-traditional elementor-list-item-link-full_width elementor-widget elementor-widget-icon-list\" data-id=\"3ea28b1\" data-element_type=\"widget\" data-e-type=\"widget\" data-widget_type=\"icon-list.default\">\n\t\t\t\t<div class=\"elementor-widget-container\">\n\t\t\t\t\t\t\t<ul class=\"elementor-icon-list-items\">\n\t\t\t\t\t\t\t<li class=\"elementor-icon-list-item\">\n\t\t\t\t\t\t\t\t\t\t\t<span class=\"elementor-icon-list-icon\">\n\t\t\t\t\t\t\t<svg aria-hidden=\"true\" class=\"e-font-icon-svg e-far-circle\" viewBox=\"0 0 512 512\" xmlns=\"http:\/\/www.w3.org\/2000\/svg\"><path d=\"M256 8C119 8 8 119 8 256s111 248 248 248 248-111 248-248S393 8 256 8zm0 448c-110.5 0-200-89.5-200-200S145.5 56 256 56s200 89.5 200 200-89.5 200-200 200z\"><\/path><\/svg>\t\t\t\t\t\t<\/span>\n\t\t\t\t\t\t\t\t\t\t<span class=\"elementor-icon-list-text\">Itin\u00e9raires de randonn\u00e9e avec GPX<\/span>\n\t\t\t\t\t\t\t\t\t<\/li>\n\t\t\t\t\t\t<\/ul>\n\t\t\t\t\t\t<\/div>\n\t\t\t\t<\/div>\n\t\t\t\t<div class=\"elementor-element elementor-element-9ca91f6 aux-appear-watch-animation aux-fade-in-up-1 elementor-widget elementor-widget-aux_modern_heading\" data-id=\"9ca91f6\" data-element_type=\"widget\" data-e-type=\"widget\" data-widget_type=\"aux_modern_heading.default\">\n\t\t\t\t<div class=\"elementor-widget-container\">\n\t\t\t\t\t<section class=\"aux-widget-modern-heading\">\n            <div class=\"aux-widget-inner\"><h1 class=\"aux-modern-heading-primary\"><\/h1><h1 class=\"aux-modern-heading-secondary\"><span class=\"aux-head-before\">Randonn\u00e9es<\/span><span class=\"aux-head-highlight\">  autour de  <\/span><span class=\"aux-head-after\">Bujaleuf<\/span><\/h1><\/div>\n        <\/section>\t\t\t\t<\/div>\n\t\t\t\t<\/div>\n\t\t\t\t<\/div>\n\t\t\t\t\t<\/div>\n\t\t\t\t<\/div>\n\t\t<div class=\"aux-parallax-section elementor-element elementor-element-dcb5ca7 e-flex e-con-boxed e-con e-parent\" data-id=\"dcb5ca7\" data-element_type=\"container\" data-e-type=\"container\">\n\t\t\t\t\t<div class=\"e-con-inner\">\n\t\t<div class=\"elementor-element elementor-element-cd88b81 aux-appear-watch-animation aux-fade-in-up e-con-full e-flex e-con e-child\" data-id=\"cd88b81\" data-element_type=\"container\" data-e-type=\"container\">\n\t\t\t\t<div class=\"elementor-element elementor-element-1ba4c21 aux-appear-watch-animation aux-fade-in-up elementor-widget elementor-widget-aux_recent_posts\" data-id=\"1ba4c21\" data-element_type=\"widget\" data-e-type=\"widget\" data-settings=\"{&quot;columns_tablet&quot;:&quot;2&quot;,&quot;columns&quot;:&quot;4&quot;,&quot;columns_mobile&quot;:&quot;1&quot;}\" data-widget_type=\"aux_recent_posts.default\">\n\t\t\t\t<div class=\"elementor-widget-container\">\n\t\t\t\t\t<script>auxinNS(\"auxin.content.loadmore.au402033d2\"); auxin.content.loadmore.au402033d2={\"nonce\":\"8eb42409ed\",\"args\":{\"title\":\"\",\"subtitle\":\"\",\"cat\":[\"19\"],\"num\":20,\"only_posts__in\":\"\",\"include\":\"\",\"exclude\":\"\",\"offset\":\"\",\"paged\":\"\",\"post_type\":\"post\",\"taxonomy_name\":\"category\",\"order_by\":\"rand\",\"order\":\"DESC\",\"exclude_without_media\":\"yes\",\"exclude_custom_post_formats\":\"\",\"exclude_quote_link\":null,\"include_post_formats_in\":\"\",\"exclude_post_formats_in\":[],\"size\":\"\",\"display_title\":\"yes\",\"words_num\":\"\",\"show_media\":\"yes\",\"display_like\":\"\",\"display_comments\":\"\",\"display_categories\":\"yes\",\"max_taxonomy_num\":\"1\",\"show_badge\":\"\",\"content_layout\":\"default\",\"excerpt_len\":\"160\",\"excerpt_length\":\"\",\"show_excerpt\":\"yes\",\"show_content\":\"yes\",\"show_info\":\"yes\",\"show_format_icon\":\"yes\",\"show_date\":\"\",\"ignore_formats\":\"no\",\"post_info_position\":\"before-title\",\"author_or_readmore\":\"none\",\"image_aspect_ratio\":\"0.75\",\"meta_info_position\":\"after-content\",\"desktop_cnum\":\"4\",\"tablet_cnum\":\"2\",\"phone_cnum\":\"1\",\"preview_mode\":\"grid\",\"grid_table_hover\":\"bgimage-bgcolor\",\"tag\":\"\",\"display_author_footer\":null,\"display_author_header\":\"\",\"preloadable\":\"yes\",\"preload_preview\":\"yes\",\"preload_bgcolor\":null,\"extra_classes\":\"\",\"extra_column_classes\":\"\",\"custom_el_id\":\"\",\"carousel_space\":null,\"carousel_autoplay\":null,\"carousel_autoplay_delay\":null,\"carousel_navigation\":null,\"carousel_navigation_control\":null,\"carousel_nav_control_pos\":null,\"carousel_nav_control_skin\":null,\"carousel_loop\":null,\"request_from\":\"\",\"template_part_file\":\"theme-parts\\\/entry\\\/post-column\",\"extra_template_path\":\"\",\"universal_id\":\"au402033d2\",\"reset_query\":true,\"wp_query_args\":[],\"custom_wp_query\":\"\",\"loadmore_type\":\"next\",\"loadmore_per_page\":20,\"content\":null,\"skip_wrappers\":true,\"content_width\":2000,\"inview_transition\":\"none\",\"inview_duration\":\"\",\"inview_delay\":\"\",\"inview_repeat\":\"no\",\"inview_offset\":\"\",\"called_from\":\"\"},\"handler\":\"aux_recent_posts\",\"per_page\":20};<\/script><section class=\"widget-container aux-ajax-type-next aux-widget-recent-posts aux-parent-au402033d2\"><div data-element-id=\"au402033d2\" class=\"aux-match-height aux-row aux-de-col4 aux-tb-col2 aux-mb-col1 aux-total-18 aux-no-meta aux-ajax-view  \"><div class=\"aux-col aux-ajax-item post-4218\">\n                        <article class=\"post column-entry post-4218 type-post status-publish format-standard has-post-thumbnail hentry category-01-05-km category-randonnees\">\n                                                        <div class=\"entry-media\"><div class=\"aux-media-frame aux-media-image aux-image-mask\"><a href=\"https:\/\/campingbujaleuf.com\/fr\/tour-mont-gargan\/\"><img fetchpriority=\"high\" decoding=\"async\" width=\"470\" height=\"352\" src=\"https:\/\/campingbujaleuf.com\/wp-content\/uploads\/2025\/12\/tour-mont-gargan-5-40x30.webp\" class=\"aux-attachment aux-featured-image attachment-470x352.5 aux-attachment-id-4219  aux-preload aux-has-preview\" alt=\"tour mont gargan 5\" data-ratio=\"1.33\" data-original-w=\"750\" sizes=\"auto\" data-srcset=\"https:\/\/campingbujaleuf.com\/wp-content\/uploads\/2025\/12\/tour-mont-gargan-5-150x113.webp 150w,https:\/\/campingbujaleuf.com\/wp-content\/uploads\/2025\/12\/tour-mont-gargan-5-300x225.webp 300w,https:\/\/campingbujaleuf.com\/wp-content\/uploads\/2025\/12\/tour-mont-gargan-5-470x353.webp 470w,https:\/\/campingbujaleuf.com\/wp-content\/uploads\/2025\/12\/tour-mont-gargan-5-740x555.webp 740w\" data-src=\"https:\/\/campingbujaleuf.com\/wp-content\/uploads\/2025\/12\/tour-mont-gargan-5-470x353.webp\" \/><\/a><\/div><\/div>\n                            \n                            <div class=\"entry-main\">\n                                                                                        \n                                <div class=\"entry-info\">\n                                                                                                                                    <span class=\"entry-tax aux-no-sep\">\n                                        <a href=\"https:\/\/campingbujaleuf.com\/de\/category\/wanderungen\/01-05-km\/\" title=\"View all posts in 01 - 05 km\" rel=\"category\" >01 - 05 km<\/a>                                    <\/span>\n                                                                                                                                            <\/div>\n                            \n                                <header class=\"entry-header\">\n                                \n                                    <h4 class=\"entry-title\">\n                                        <a href=\"https:\/\/campingbujaleuf.com\/fr\/tour-mont-gargan\/\">\n                                            Tour Mont Gargan                                        <\/a>\n                                    <\/h4>\n                                                                    <div class=\"entry-format\">\n                                        <a href=\"https:\/\/campingbujaleuf.com\/fr\/tour-mont-gargan\/\">\n                                            <div class=\"post-format format-\"> <\/div>\n                                        <\/a>\n                                    <\/div>\n                                <\/header>\n                            \n                                                            <div class=\"entry-content\">\n                                                                            <p>\n                                        <p>Sentier de randonn\u00e9e de 3,5 km autour et sur le Mont Gargan. Un point de vue \u00e0 360 degr\u00e9s sur le Massif Central et ses vastes environs. <\/p>\n                                        <\/p>                                <\/div>\n                                                        \n                            <\/div>\n\n                        <\/article>\n<\/div><div class=\"aux-col aux-ajax-item post-4104\">\n                        <article class=\"post column-entry post-4104 type-post status-publish format-standard has-post-thumbnail hentry category-01-05-km category-randonnees\">\n                                                        <div class=\"entry-media\"><div class=\"aux-media-frame aux-media-image aux-image-mask\"><a href=\"https:\/\/campingbujaleuf.com\/fr\/gorges-du-verger-bourganeuf\/\"><img decoding=\"async\" width=\"470\" height=\"352\" src=\"https:\/\/campingbujaleuf.com\/wp-content\/uploads\/2025\/12\/Gorges-de-Verger-Bourganeuf-3-40x30.jpg\" class=\"aux-attachment aux-featured-image attachment-470x352.5 aux-attachment-id-4106  aux-preload aux-has-preview\" alt=\"Gorges de Verger Bourganeuf 3\" data-ratio=\"1.33\" data-original-w=\"750\" sizes=\"auto\" data-srcset=\"https:\/\/campingbujaleuf.com\/wp-content\/uploads\/2025\/12\/Gorges-de-Verger-Bourganeuf-3-150x113.jpg 150w,https:\/\/campingbujaleuf.com\/wp-content\/uploads\/2025\/12\/Gorges-de-Verger-Bourganeuf-3-300x225.jpg 300w,https:\/\/campingbujaleuf.com\/wp-content\/uploads\/2025\/12\/Gorges-de-Verger-Bourganeuf-3-470x353.jpg 470w,https:\/\/campingbujaleuf.com\/wp-content\/uploads\/2025\/12\/Gorges-de-Verger-Bourganeuf-3-740x555.jpg 740w\" data-src=\"https:\/\/campingbujaleuf.com\/wp-content\/uploads\/2025\/12\/Gorges-de-Verger-Bourganeuf-3-470x353.jpg\" \/><\/a><\/div><\/div>\n                            \n                            <div class=\"entry-main\">\n                                                                                        \n                                <div class=\"entry-info\">\n                                                                                                                                    <span class=\"entry-tax aux-no-sep\">\n                                        <a href=\"https:\/\/campingbujaleuf.com\/de\/category\/wanderungen\/01-05-km\/\" title=\"View all posts in 01 - 05 km\" rel=\"category\" >01 - 05 km<\/a>                                    <\/span>\n                                                                                                                                            <\/div>\n                            \n                                <header class=\"entry-header\">\n                                \n                                    <h4 class=\"entry-title\">\n                                        <a href=\"https:\/\/campingbujaleuf.com\/fr\/gorges-du-verger-bourganeuf\/\">\n                                            Gorges du Verger Bourganeuf                                        <\/a>\n                                    <\/h4>\n                                                                    <div class=\"entry-format\">\n                                        <a href=\"https:\/\/campingbujaleuf.com\/fr\/gorges-du-verger-bourganeuf\/\">\n                                            <div class=\"post-format format-\"> <\/div>\n                                        <\/a>\n                                    <\/div>\n                                <\/header>\n                            \n                                                            <div class=\"entry-content\">\n                                                                            <p>\n                                        <p>Itin\u00e9raire de randonn\u00e9e de 4 km au d\u00e9part de Bourganeuf. Parcours en partie am\u00e9nag\u00e9 le long des gorges du Verger. <\/p>\n                                        <\/p>                                <\/div>\n                                                        \n                            <\/div>\n\n                        <\/article>\n<\/div><div class=\"aux-col aux-ajax-item post-3980\">\n                        <article class=\"post column-entry post-3980 type-post status-publish format-standard has-post-thumbnail hentry category-05-10-km category-randonnees\">\n                                                        <div class=\"entry-media\"><div class=\"aux-media-frame aux-media-image aux-image-mask\"><a href=\"https:\/\/campingbujaleuf.com\/fr\/les-trois-villages-de-bujaleuf\/\"><img decoding=\"async\" width=\"470\" height=\"352\" src=\"https:\/\/campingbujaleuf.com\/wp-content\/uploads\/2025\/12\/les-trois-villages-bujaleuf-1-40x30.webp\" class=\"aux-attachment aux-featured-image attachment-470x352.5 aux-attachment-id-3981  aux-preload aux-has-preview\" alt=\"les trois villages bujaleuf 1\" data-ratio=\"1.33\" data-original-w=\"750\" sizes=\"auto\" data-srcset=\"https:\/\/campingbujaleuf.com\/wp-content\/uploads\/2025\/12\/les-trois-villages-bujaleuf-1-150x113.webp 150w,https:\/\/campingbujaleuf.com\/wp-content\/uploads\/2025\/12\/les-trois-villages-bujaleuf-1-300x225.webp 300w,https:\/\/campingbujaleuf.com\/wp-content\/uploads\/2025\/12\/les-trois-villages-bujaleuf-1-470x353.webp 470w,https:\/\/campingbujaleuf.com\/wp-content\/uploads\/2025\/12\/les-trois-villages-bujaleuf-1-740x555.webp 740w\" data-src=\"https:\/\/campingbujaleuf.com\/wp-content\/uploads\/2025\/12\/les-trois-villages-bujaleuf-1-470x353.webp\" \/><\/a><\/div><\/div>\n                            \n                            <div class=\"entry-main\">\n                                                                                        \n                                <div class=\"entry-info\">\n                                                                                                                                    <span class=\"entry-tax aux-no-sep\">\n                                        <a href=\"https:\/\/campingbujaleuf.com\/de\/category\/wanderungen\/05-10-km\/\" title=\"View all posts in 05 - 10 km\" rel=\"category\" >05 - 10 km<\/a>                                    <\/span>\n                                                                                                                                            <\/div>\n                            \n                                <header class=\"entry-header\">\n                                \n                                    <h4 class=\"entry-title\">\n                                        <a href=\"https:\/\/campingbujaleuf.com\/fr\/les-trois-villages-de-bujaleuf\/\">\n                                            Les trois villages de Bujaleuf                                        <\/a>\n                                    <\/h4>\n                                                                    <div class=\"entry-format\">\n                                        <a href=\"https:\/\/campingbujaleuf.com\/fr\/les-trois-villages-de-bujaleuf\/\">\n                                            <div class=\"post-format format-\"> <\/div>\n                                        <\/a>\n                                    <\/div>\n                                <\/header>\n                            \n                                                            <div class=\"entry-content\">\n                                                                            <p>\n                                        <p>Une randonn\u00e9e de 10 km \u00e0 travers Bujaleuf et les petits hameaux situ\u00e9s autour de la Vall\u00e9e de la Maulde.<\/p>\n                                        <\/p>                                <\/div>\n                                                        \n                            <\/div>\n\n                        <\/article>\n<\/div><div class=\"aux-col aux-ajax-item post-3609\">\n                        <article class=\"post column-entry post-3609 type-post status-publish format-standard has-post-thumbnail hentry category-10-15-km category-randonnees\">\n                                                        <div class=\"entry-media\"><div class=\"aux-media-frame aux-media-image aux-image-mask\"><a href=\"https:\/\/campingbujaleuf.com\/fr\/entre-vienne-et-tard\/\"><img loading=\"lazy\" decoding=\"async\" width=\"470\" height=\"352\" src=\"https:\/\/campingbujaleuf.com\/wp-content\/uploads\/2025\/12\/entre-vienne-et-tard-5-40x30.jpg\" class=\"aux-attachment aux-featured-image attachment-470x352.5 aux-attachment-id-3610  aux-preload aux-has-preview\" alt=\"entre vienne et tard 5\" data-ratio=\"1.33\" data-original-w=\"750\" sizes=\"auto\" data-srcset=\"https:\/\/campingbujaleuf.com\/wp-content\/uploads\/2025\/12\/entre-vienne-et-tard-5-150x113.jpg 150w,https:\/\/campingbujaleuf.com\/wp-content\/uploads\/2025\/12\/entre-vienne-et-tard-5-300x225.jpg 300w,https:\/\/campingbujaleuf.com\/wp-content\/uploads\/2025\/12\/entre-vienne-et-tard-5-470x353.jpg 470w,https:\/\/campingbujaleuf.com\/wp-content\/uploads\/2025\/12\/entre-vienne-et-tard-5-740x555.jpg 740w\" data-src=\"https:\/\/campingbujaleuf.com\/wp-content\/uploads\/2025\/12\/entre-vienne-et-tard-5-470x353.jpg\" \/><\/a><\/div><\/div>\n                            \n                            <div class=\"entry-main\">\n                                                                                        \n                                <div class=\"entry-info\">\n                                                                                                                                    <span class=\"entry-tax aux-no-sep\">\n                                        <a href=\"https:\/\/campingbujaleuf.com\/category\/wandelingen\/10-15-km\/\" title=\"View all posts in 10 - 15 km\" rel=\"category\" >10 - 15 km<\/a>                                    <\/span>\n                                                                                                                                            <\/div>\n                            \n                                <header class=\"entry-header\">\n                                \n                                    <h4 class=\"entry-title\">\n                                        <a href=\"https:\/\/campingbujaleuf.com\/fr\/entre-vienne-et-tard\/\">\n                                            Entre Vienne et Tard                                        <\/a>\n                                    <\/h4>\n                                                                    <div class=\"entry-format\">\n                                        <a href=\"https:\/\/campingbujaleuf.com\/fr\/entre-vienne-et-tard\/\">\n                                            <div class=\"post-format format-\"> <\/div>\n                                        <\/a>\n                                    <\/div>\n                                <\/header>\n                            \n                                                            <div class=\"entry-content\">\n                                                                            <p>\n                                        <p>Itin\u00e9raire de randonn\u00e9e de 10,5 km qui commence \u00e0 la Mairie de St Leonard de Noblat. Le parcours longe le Moulin du Got. <\/p>\n                                        <\/p>                                <\/div>\n                                                        \n                            <\/div>\n\n                        <\/article>\n<\/div><div class=\"aux-col aux-ajax-item post-4002\">\n                        <article class=\"post column-entry post-4002 type-post status-publish format-standard has-post-thumbnail hentry category-10-15-km category-randonnees\">\n                                                        <div class=\"entry-media\"><div class=\"aux-media-frame aux-media-image aux-image-mask\"><a href=\"https:\/\/campingbujaleuf.com\/fr\/au-bord-de-la-maulde-bujaleuf\/\"><img loading=\"lazy\" decoding=\"async\" width=\"470\" height=\"352\" src=\"https:\/\/campingbujaleuf.com\/wp-content\/uploads\/2025\/12\/au-bord-de-la-maulde-bujaleuf-3-40x30.jpg\" class=\"aux-attachment aux-featured-image attachment-470x352.5 aux-attachment-id-4003  aux-preload aux-has-preview\" alt=\"au bord de la maulde bujaleuf 3\" data-ratio=\"1.33\" data-original-w=\"750\" sizes=\"auto\" data-srcset=\"https:\/\/campingbujaleuf.com\/wp-content\/uploads\/2025\/12\/au-bord-de-la-maulde-bujaleuf-3-150x113.jpg 150w,https:\/\/campingbujaleuf.com\/wp-content\/uploads\/2025\/12\/au-bord-de-la-maulde-bujaleuf-3-300x225.jpg 300w,https:\/\/campingbujaleuf.com\/wp-content\/uploads\/2025\/12\/au-bord-de-la-maulde-bujaleuf-3-470x353.jpg 470w,https:\/\/campingbujaleuf.com\/wp-content\/uploads\/2025\/12\/au-bord-de-la-maulde-bujaleuf-3-740x555.jpg 740w\" data-src=\"https:\/\/campingbujaleuf.com\/wp-content\/uploads\/2025\/12\/au-bord-de-la-maulde-bujaleuf-3-470x353.jpg\" \/><\/a><\/div><\/div>\n                            \n                            <div class=\"entry-main\">\n                                                                                        \n                                <div class=\"entry-info\">\n                                                                                                                                    <span class=\"entry-tax aux-no-sep\">\n                                        <a href=\"https:\/\/campingbujaleuf.com\/category\/wandelingen\/10-15-km\/\" title=\"View all posts in 10 - 15 km\" rel=\"category\" >10 - 15 km<\/a>                                    <\/span>\n                                                                                                                                            <\/div>\n                            \n                                <header class=\"entry-header\">\n                                \n                                    <h4 class=\"entry-title\">\n                                        <a href=\"https:\/\/campingbujaleuf.com\/fr\/au-bord-de-la-maulde-bujaleuf\/\">\n                                            Au bord de la Maulde Bujaleuf                                        <\/a>\n                                    <\/h4>\n                                                                    <div class=\"entry-format\">\n                                        <a href=\"https:\/\/campingbujaleuf.com\/fr\/au-bord-de-la-maulde-bujaleuf\/\">\n                                            <div class=\"post-format format-\"> <\/div>\n                                        <\/a>\n                                    <\/div>\n                                <\/header>\n                            \n                                                            <div class=\"entry-content\">\n                                                                            <p>\n                                        <p>Une randonn\u00e9e de 10,5 km le long des rives de la Maulde. Convient \u00e9galement \u00e0 la pratique du VTT. <\/p>\n                                        <\/p>                                <\/div>\n                                                        \n                            <\/div>\n\n                        <\/article>\n<\/div><div class=\"aux-col aux-ajax-item post-4146\">\n                        <article class=\"post column-entry post-4146 type-post status-publish format-standard has-post-thumbnail hentry category-05-10-km category-randonnees\">\n                                                        <div class=\"entry-media\"><div class=\"aux-media-frame aux-media-image aux-image-mask\"><a href=\"https:\/\/campingbujaleuf.com\/fr\/tourbiere-de-la-mazure-saint-martin-chateau\/\"><img loading=\"lazy\" decoding=\"async\" width=\"470\" height=\"352\" src=\"https:\/\/campingbujaleuf.com\/wp-content\/uploads\/2025\/12\/Tourbiere-de-la-Mazure-4-40x30.jpg\" class=\"aux-attachment aux-featured-image attachment-470x352.5 aux-attachment-id-4147  aux-preload aux-has-preview\" alt=\"Tourbi\u00e8re de la Mazure 4\" data-ratio=\"1.33\" data-original-w=\"750\" sizes=\"auto\" data-srcset=\"https:\/\/campingbujaleuf.com\/wp-content\/uploads\/2025\/12\/Tourbiere-de-la-Mazure-4-150x113.jpg 150w,https:\/\/campingbujaleuf.com\/wp-content\/uploads\/2025\/12\/Tourbiere-de-la-Mazure-4-300x225.jpg 300w,https:\/\/campingbujaleuf.com\/wp-content\/uploads\/2025\/12\/Tourbiere-de-la-Mazure-4-470x353.jpg 470w,https:\/\/campingbujaleuf.com\/wp-content\/uploads\/2025\/12\/Tourbiere-de-la-Mazure-4-740x555.jpg 740w\" data-src=\"https:\/\/campingbujaleuf.com\/wp-content\/uploads\/2025\/12\/Tourbiere-de-la-Mazure-4-470x353.jpg\" \/><\/a><\/div><\/div>\n                            \n                            <div class=\"entry-main\">\n                                                                                        \n                                <div class=\"entry-info\">\n                                                                                                                                    <span class=\"entry-tax aux-no-sep\">\n                                        <a href=\"https:\/\/campingbujaleuf.com\/de\/category\/wanderungen\/05-10-km\/\" title=\"View all posts in 05 - 10 km\" rel=\"category\" >05 - 10 km<\/a>                                    <\/span>\n                                                                                                                                            <\/div>\n                            \n                                <header class=\"entry-header\">\n                                \n                                    <h4 class=\"entry-title\">\n                                        <a href=\"https:\/\/campingbujaleuf.com\/fr\/tourbiere-de-la-mazure-saint-martin-chateau\/\">\n                                            Tourbi\u00e8re de la Mazure, Saint-Martin-Ch\u00e2teau                                        <\/a>\n                                    <\/h4>\n                                                                    <div class=\"entry-format\">\n                                        <a href=\"https:\/\/campingbujaleuf.com\/fr\/tourbiere-de-la-mazure-saint-martin-chateau\/\">\n                                            <div class=\"post-format format-\"> <\/div>\n                                        <\/a>\n                                    <\/div>\n                                <\/header>\n                            \n                                                            <div class=\"entry-content\">\n                                                                            <p>\n                                        <p>Sentier de randonn\u00e9e de 7 km (il existe \u00e9galement une variante courte de 4 km) \u00e0 travers une r\u00e9serve naturelle avec de nombreux ruisseaux et petits ponts.<\/p>\n                                        <\/p>                                <\/div>\n                                                        \n                            <\/div>\n\n                        <\/article>\n<\/div><div class=\"aux-col aux-ajax-item post-4052\">\n                        <article class=\"post column-entry post-4052 type-post status-publish format-standard has-post-thumbnail hentry category-10-15-km category-randonnees\">\n                                                        <div class=\"entry-media\"><div class=\"aux-media-frame aux-media-image aux-image-mask\"><a href=\"https:\/\/campingbujaleuf.com\/fr\/les-hauts-de-bujaleuf\/\"><img loading=\"lazy\" decoding=\"async\" width=\"470\" height=\"352\" src=\"https:\/\/campingbujaleuf.com\/wp-content\/uploads\/2025\/12\/les-hauts-de-bujaleuf-2-40x30.webp\" class=\"aux-attachment aux-featured-image attachment-470x352.5 aux-attachment-id-4053  aux-preload aux-has-preview\" alt=\"les hauts de bujaleuf 2\" data-ratio=\"1.33\" data-original-w=\"750\" sizes=\"auto\" data-srcset=\"https:\/\/campingbujaleuf.com\/wp-content\/uploads\/2025\/12\/les-hauts-de-bujaleuf-2-150x113.webp 150w,https:\/\/campingbujaleuf.com\/wp-content\/uploads\/2025\/12\/les-hauts-de-bujaleuf-2-300x225.webp 300w,https:\/\/campingbujaleuf.com\/wp-content\/uploads\/2025\/12\/les-hauts-de-bujaleuf-2-470x353.webp 470w,https:\/\/campingbujaleuf.com\/wp-content\/uploads\/2025\/12\/les-hauts-de-bujaleuf-2-740x555.webp 740w\" data-src=\"https:\/\/campingbujaleuf.com\/wp-content\/uploads\/2025\/12\/les-hauts-de-bujaleuf-2-470x353.webp\" \/><\/a><\/div><\/div>\n                            \n                            <div class=\"entry-main\">\n                                                                                        \n                                <div class=\"entry-info\">\n                                                                                                                                    <span class=\"entry-tax aux-no-sep\">\n                                        <a href=\"https:\/\/campingbujaleuf.com\/category\/wandelingen\/10-15-km\/\" title=\"View all posts in 10 - 15 km\" rel=\"category\" >10 - 15 km<\/a>                                    <\/span>\n                                                                                                                                            <\/div>\n                            \n                                <header class=\"entry-header\">\n                                \n                                    <h4 class=\"entry-title\">\n                                        <a href=\"https:\/\/campingbujaleuf.com\/fr\/les-hauts-de-bujaleuf\/\">\n                                            Les hauts de Bujaleuf                                        <\/a>\n                                    <\/h4>\n                                                                    <div class=\"entry-format\">\n                                        <a href=\"https:\/\/campingbujaleuf.com\/fr\/les-hauts-de-bujaleuf\/\">\n                                            <div class=\"post-format format-\"> <\/div>\n                                        <\/a>\n                                    <\/div>\n                                <\/header>\n                            \n                                                            <div class=\"entry-content\">\n                                                                            <p>\n                                        <p>Une randonn\u00e9e de 11,5 km \u00e0 travers bois et campagne. Avec des vues sur la Vall\u00e9e de la Maulde. <\/p>\n                                        <\/p>                                <\/div>\n                                                        \n                            <\/div>\n\n                        <\/article>\n<\/div><div class=\"aux-col aux-ajax-item post-3984\">\n                        <article class=\"post column-entry post-3984 type-post status-publish format-standard has-post-thumbnail hentry category-15-20-km category-randonnees\">\n                                                        <div class=\"entry-media\"><div class=\"aux-media-frame aux-media-image aux-image-mask\"><a href=\"https:\/\/campingbujaleuf.com\/fr\/cascades-daugerolles-grande-boucle\/\"><img loading=\"lazy\" decoding=\"async\" width=\"470\" height=\"352\" src=\"https:\/\/campingbujaleuf.com\/wp-content\/uploads\/2025\/12\/cascade-augerolles-grande-boucle-1-40x30.jpg\" class=\"aux-attachment aux-featured-image attachment-470x352.5 aux-attachment-id-3985  aux-preload aux-has-preview\" alt=\"cascade augerolles grande boucle 1\" data-ratio=\"1.33\" data-original-w=\"750\" sizes=\"auto\" data-srcset=\"https:\/\/campingbujaleuf.com\/wp-content\/uploads\/2025\/12\/cascade-augerolles-grande-boucle-1-150x113.jpg 150w,https:\/\/campingbujaleuf.com\/wp-content\/uploads\/2025\/12\/cascade-augerolles-grande-boucle-1-300x225.jpg 300w,https:\/\/campingbujaleuf.com\/wp-content\/uploads\/2025\/12\/cascade-augerolles-grande-boucle-1-470x353.jpg 470w,https:\/\/campingbujaleuf.com\/wp-content\/uploads\/2025\/12\/cascade-augerolles-grande-boucle-1-740x555.jpg 740w\" data-src=\"https:\/\/campingbujaleuf.com\/wp-content\/uploads\/2025\/12\/cascade-augerolles-grande-boucle-1-470x353.jpg\" \/><\/a><\/div><\/div>\n                            \n                            <div class=\"entry-main\">\n                                                                                        \n                                <div class=\"entry-info\">\n                                                                                                                                    <span class=\"entry-tax aux-no-sep\">\n                                        <a href=\"https:\/\/campingbujaleuf.com\/category\/wandelingen\/15-20-km\/\" title=\"View all posts in 15 - 20 km\" rel=\"category\" >15 - 20 km<\/a>                                    <\/span>\n                                                                                                                                            <\/div>\n                            \n                                <header class=\"entry-header\">\n                                \n                                    <h4 class=\"entry-title\">\n                                        <a href=\"https:\/\/campingbujaleuf.com\/fr\/cascades-daugerolles-grande-boucle\/\">\n                                            Cascades d&rsquo;Augerolles, grande boucle                                        <\/a>\n                                    <\/h4>\n                                                                    <div class=\"entry-format\">\n                                        <a href=\"https:\/\/campingbujaleuf.com\/fr\/cascades-daugerolles-grande-boucle\/\">\n                                            <div class=\"post-format format-\"> <\/div>\n                                        <\/a>\n                                    <\/div>\n                                <\/header>\n                            \n                                                            <div class=\"entry-content\">\n                                                                            <p>\n                                        <p>Randonn\u00e9e sportive de 16 km avec, \u00e0 mi-parcours, un circuit le long des cascades d&rsquo;Augerolles.<\/p>\n                                        <\/p>                                <\/div>\n                                                        \n                            <\/div>\n\n                        <\/article>\n<\/div><div class=\"aux-col aux-ajax-item post-3614\">\n                        <article class=\"post column-entry post-3614 type-post status-publish format-standard has-post-thumbnail hentry category-05-10-km category-randonnees\">\n                                                        <div class=\"entry-media\"><div class=\"aux-media-frame aux-media-image aux-image-mask\"><a href=\"https:\/\/campingbujaleuf.com\/fr\/boucle-du-mont-larron\/\"><img loading=\"lazy\" decoding=\"async\" width=\"470\" height=\"352\" src=\"https:\/\/campingbujaleuf.com\/wp-content\/uploads\/2025\/12\/boucle-du-mont-larron-5-40x30.webp\" class=\"aux-attachment aux-featured-image attachment-470x352.5 aux-attachment-id-3615  aux-preload aux-has-preview\" alt=\"boucle du mont Larron 5\" data-ratio=\"1.33\" data-original-w=\"750\" sizes=\"auto\" data-srcset=\"https:\/\/campingbujaleuf.com\/wp-content\/uploads\/2025\/12\/boucle-du-mont-larron-5-150x113.webp 150w,https:\/\/campingbujaleuf.com\/wp-content\/uploads\/2025\/12\/boucle-du-mont-larron-5-300x225.webp 300w,https:\/\/campingbujaleuf.com\/wp-content\/uploads\/2025\/12\/boucle-du-mont-larron-5-470x353.webp 470w,https:\/\/campingbujaleuf.com\/wp-content\/uploads\/2025\/12\/boucle-du-mont-larron-5-740x555.webp 740w\" data-src=\"https:\/\/campingbujaleuf.com\/wp-content\/uploads\/2025\/12\/boucle-du-mont-larron-5-470x353.webp\" \/><\/a><\/div><\/div>\n                            \n                            <div class=\"entry-main\">\n                                                                                        \n                                <div class=\"entry-info\">\n                                                                                                                                    <span class=\"entry-tax aux-no-sep\">\n                                        <a href=\"https:\/\/campingbujaleuf.com\/de\/category\/wanderungen\/05-10-km\/\" title=\"View all posts in 05 - 10 km\" rel=\"category\" >05 - 10 km<\/a>                                    <\/span>\n                                                                                                                                            <\/div>\n                            \n                                <header class=\"entry-header\">\n                                \n                                    <h4 class=\"entry-title\">\n                                        <a href=\"https:\/\/campingbujaleuf.com\/fr\/boucle-du-mont-larron\/\">\n                                            Boucle du mont Larron                                        <\/a>\n                                    <\/h4>\n                                                                    <div class=\"entry-format\">\n                                        <a href=\"https:\/\/campingbujaleuf.com\/fr\/boucle-du-mont-larron\/\">\n                                            <div class=\"post-format format-\"> <\/div>\n                                        <\/a>\n                                    <\/div>\n                                <\/header>\n                            \n                                                            <div class=\"entry-content\">\n                                                                            <p>\n                                        <p>Itin\u00e9raire de randonn\u00e9e de 10 km qui commence \u00e0 la carri\u00e8re de St Julien le Petit.<\/p>\n                                        <\/p>                                <\/div>\n                                                        \n                            <\/div>\n\n                        <\/article>\n<\/div><div class=\"aux-col aux-ajax-item post-3554\">\n                        <article class=\"post column-entry post-3554 type-post status-publish format-standard has-post-thumbnail hentry category-01-05-km category-randonnees\">\n                                                        <div class=\"entry-media\"><div class=\"aux-media-frame aux-media-image aux-image-mask\"><a href=\"https:\/\/campingbujaleuf.com\/fr\/circuit-de-noblat\/\"><img loading=\"lazy\" decoding=\"async\" width=\"470\" height=\"352\" src=\"https:\/\/campingbujaleuf.com\/wp-content\/uploads\/2025\/12\/circuit-de-noblat-7-40x30.webp\" class=\"aux-attachment aux-featured-image attachment-470x352.5 aux-attachment-id-3558  aux-preload aux-has-preview\" alt=\"circuit de noblat 7\" data-ratio=\"1.33\" data-original-w=\"750\" sizes=\"auto\" data-srcset=\"https:\/\/campingbujaleuf.com\/wp-content\/uploads\/2025\/12\/circuit-de-noblat-7-150x113.webp 150w,https:\/\/campingbujaleuf.com\/wp-content\/uploads\/2025\/12\/circuit-de-noblat-7-300x225.webp 300w,https:\/\/campingbujaleuf.com\/wp-content\/uploads\/2025\/12\/circuit-de-noblat-7-470x353.webp 470w,https:\/\/campingbujaleuf.com\/wp-content\/uploads\/2025\/12\/circuit-de-noblat-7-740x555.webp 740w\" data-src=\"https:\/\/campingbujaleuf.com\/wp-content\/uploads\/2025\/12\/circuit-de-noblat-7-470x353.webp\" \/><\/a><\/div><\/div>\n                            \n                            <div class=\"entry-main\">\n                                                                                        \n                                <div class=\"entry-info\">\n                                                                                                                                    <span class=\"entry-tax aux-no-sep\">\n                                        <a href=\"https:\/\/campingbujaleuf.com\/de\/category\/wanderungen\/01-05-km\/\" title=\"View all posts in 01 - 05 km\" rel=\"category\" >01 - 05 km<\/a>                                    <\/span>\n                                                                                                                                            <\/div>\n                            \n                                <header class=\"entry-header\">\n                                \n                                    <h4 class=\"entry-title\">\n                                        <a href=\"https:\/\/campingbujaleuf.com\/fr\/circuit-de-noblat\/\">\n                                            Circuit de Noblat                                        <\/a>\n                                    <\/h4>\n                                                                    <div class=\"entry-format\">\n                                        <a href=\"https:\/\/campingbujaleuf.com\/fr\/circuit-de-noblat\/\">\n                                            <div class=\"post-format format-\"> <\/div>\n                                        <\/a>\n                                    <\/div>\n                                <\/header>\n                            \n                                                            <div class=\"entry-content\">\n                                                                            <p>\n                                        <p>Itin\u00e9raire de randonn\u00e9e de 4 km au d\u00e9part de la Mairie de St Leonard de Noblat. Parfait \u00e0 combiner avec une visite de la ville.<\/p>\n                                        <\/p>                                <\/div>\n                                                        \n                            <\/div>\n\n                        <\/article>\n<\/div><div class=\"aux-col aux-ajax-item post-3918\">\n                        <article class=\"post column-entry post-3918 type-post status-publish format-standard has-post-thumbnail hentry category-01-05-km category-randonnees\">\n                                                        <div class=\"entry-media\"><div class=\"aux-media-frame aux-media-image aux-image-mask\"><a href=\"https:\/\/campingbujaleuf.com\/fr\/foret-depagne-sauviat-sur-vige\/\"><img loading=\"lazy\" decoding=\"async\" width=\"470\" height=\"352\" src=\"https:\/\/campingbujaleuf.com\/wp-content\/uploads\/2025\/12\/foret-depagne-1-40x30.jpg\" class=\"aux-attachment aux-featured-image attachment-470x352.5 aux-attachment-id-3919  aux-preload aux-has-preview\" alt=\"foret d&#039;epagne 1\" data-ratio=\"1.33\" data-original-w=\"750\" sizes=\"auto\" data-srcset=\"https:\/\/campingbujaleuf.com\/wp-content\/uploads\/2025\/12\/foret-depagne-1-150x113.jpg 150w,https:\/\/campingbujaleuf.com\/wp-content\/uploads\/2025\/12\/foret-depagne-1-300x225.jpg 300w,https:\/\/campingbujaleuf.com\/wp-content\/uploads\/2025\/12\/foret-depagne-1-470x353.jpg 470w,https:\/\/campingbujaleuf.com\/wp-content\/uploads\/2025\/12\/foret-depagne-1-740x555.jpg 740w\" data-src=\"https:\/\/campingbujaleuf.com\/wp-content\/uploads\/2025\/12\/foret-depagne-1-470x353.jpg\" \/><\/a><\/div><\/div>\n                            \n                            <div class=\"entry-main\">\n                                                                                        \n                                <div class=\"entry-info\">\n                                                                                                                                    <span class=\"entry-tax aux-no-sep\">\n                                        <a href=\"https:\/\/campingbujaleuf.com\/de\/category\/wanderungen\/01-05-km\/\" title=\"View all posts in 01 - 05 km\" rel=\"category\" >01 - 05 km<\/a>                                    <\/span>\n                                                                                                                                            <\/div>\n                            \n                                <header class=\"entry-header\">\n                                \n                                    <h4 class=\"entry-title\">\n                                        <a href=\"https:\/\/campingbujaleuf.com\/fr\/foret-depagne-sauviat-sur-vige\/\">\n                                            For\u00eat d&rsquo;Epagne &#8211; Sauviat sur Vige                                        <\/a>\n                                    <\/h4>\n                                                                    <div class=\"entry-format\">\n                                        <a href=\"https:\/\/campingbujaleuf.com\/fr\/foret-depagne-sauviat-sur-vige\/\">\n                                            <div class=\"post-format format-\"> <\/div>\n                                        <\/a>\n                                    <\/div>\n                                <\/header>\n                            \n                                                            <div class=\"entry-content\">\n                                                                            <p>\n                                        <p>Itin\u00e9raire de randonn\u00e9e de 4 km pr\u00e8s de Sauviat sur Vige dans la For\u00eat d&rsquo;Epagne. Le parcours traverse la for\u00eat le long des rapides. <\/p>\n                                        <\/p>                                <\/div>\n                                                        \n                            <\/div>\n\n                        <\/article>\n<\/div><div class=\"aux-col aux-ajax-item post-3571\">\n                        <article class=\"post column-entry post-3571 type-post status-publish format-standard has-post-thumbnail hentry category-05-10-km category-randonnees\">\n                                                        <div class=\"entry-media\"><div class=\"aux-media-frame aux-media-image aux-image-mask\"><a href=\"https:\/\/campingbujaleuf.com\/fr\/circuit-des-charbonnieres\/\"><img loading=\"lazy\" decoding=\"async\" width=\"470\" height=\"352\" src=\"https:\/\/campingbujaleuf.com\/wp-content\/uploads\/2025\/12\/circuit-des-charbonnieres-5-40x30.jpg\" class=\"aux-attachment aux-featured-image attachment-470x352.5 aux-attachment-id-3572  aux-preload aux-has-preview\" alt=\"circuit des charbonnieres 5\" data-ratio=\"1.33\" data-original-w=\"750\" sizes=\"auto\" data-srcset=\"https:\/\/campingbujaleuf.com\/wp-content\/uploads\/2025\/12\/circuit-des-charbonnieres-5-150x113.jpg 150w,https:\/\/campingbujaleuf.com\/wp-content\/uploads\/2025\/12\/circuit-des-charbonnieres-5-300x225.jpg 300w,https:\/\/campingbujaleuf.com\/wp-content\/uploads\/2025\/12\/circuit-des-charbonnieres-5-470x353.jpg 470w,https:\/\/campingbujaleuf.com\/wp-content\/uploads\/2025\/12\/circuit-des-charbonnieres-5-740x555.jpg 740w\" data-src=\"https:\/\/campingbujaleuf.com\/wp-content\/uploads\/2025\/12\/circuit-des-charbonnieres-5-470x353.jpg\" \/><\/a><\/div><\/div>\n                            \n                            <div class=\"entry-main\">\n                                                                                        \n                                <div class=\"entry-info\">\n                                                                                                                                    <span class=\"entry-tax aux-no-sep\">\n                                        <a href=\"https:\/\/campingbujaleuf.com\/de\/category\/wanderungen\/05-10-km\/\" title=\"View all posts in 05 - 10 km\" rel=\"category\" >05 - 10 km<\/a>                                    <\/span>\n                                                                                                                                            <\/div>\n                            \n                                <header class=\"entry-header\">\n                                \n                                    <h4 class=\"entry-title\">\n                                        <a href=\"https:\/\/campingbujaleuf.com\/fr\/circuit-des-charbonnieres\/\">\n                                            Circuit des Charbonni\u00e8res                                        <\/a>\n                                    <\/h4>\n                                                                    <div class=\"entry-format\">\n                                        <a href=\"https:\/\/campingbujaleuf.com\/fr\/circuit-des-charbonnieres\/\">\n                                            <div class=\"post-format format-\"> <\/div>\n                                        <\/a>\n                                    <\/div>\n                                <\/header>\n                            \n                                                            <div class=\"entry-content\">\n                                                                            <p>\n                                        <p>Itin\u00e9raire de randonn\u00e9e d&rsquo;un peu plus de 5 km qui d\u00e9marre juste \u00e0 l&rsquo;ext\u00e9rieur de Cheissoux, au puy des Roches.<\/p>\n                                        <\/p>                                <\/div>\n                                                        \n                            <\/div>\n\n                        <\/article>\n<\/div><div class=\"aux-col aux-ajax-item post-3488\">\n                        <article class=\"post column-entry post-3488 type-post status-publish format-standard has-post-thumbnail hentry category-10-15-km category-randonnees\">\n                                                        <div class=\"entry-media\"><div class=\"aux-media-frame aux-media-image aux-image-mask\"><a href=\"https:\/\/campingbujaleuf.com\/fr\/circuit-du-sequet-de-la-grolle\/\"><img loading=\"lazy\" decoding=\"async\" width=\"470\" height=\"352\" src=\"https:\/\/campingbujaleuf.com\/wp-content\/uploads\/2025\/12\/circuit-sequet-de-la-grolle-1-40x30.webp\" class=\"aux-attachment aux-featured-image attachment-470x352.5 aux-attachment-id-3491  aux-preload aux-has-preview\" alt=\"circuit sequet de la grolle 1\" data-ratio=\"1.33\" data-original-w=\"750\" sizes=\"auto\" data-srcset=\"https:\/\/campingbujaleuf.com\/wp-content\/uploads\/2025\/12\/circuit-sequet-de-la-grolle-1-150x113.webp 150w,https:\/\/campingbujaleuf.com\/wp-content\/uploads\/2025\/12\/circuit-sequet-de-la-grolle-1-300x225.webp 300w,https:\/\/campingbujaleuf.com\/wp-content\/uploads\/2025\/12\/circuit-sequet-de-la-grolle-1-470x353.webp 470w,https:\/\/campingbujaleuf.com\/wp-content\/uploads\/2025\/12\/circuit-sequet-de-la-grolle-1-740x555.webp 740w\" data-src=\"https:\/\/campingbujaleuf.com\/wp-content\/uploads\/2025\/12\/circuit-sequet-de-la-grolle-1-470x353.webp\" \/><\/a><\/div><\/div>\n                            \n                            <div class=\"entry-main\">\n                                                                                        \n                                <div class=\"entry-info\">\n                                                                                                                                    <span class=\"entry-tax aux-no-sep\">\n                                        <a href=\"https:\/\/campingbujaleuf.com\/category\/wandelingen\/10-15-km\/\" title=\"View all posts in 10 - 15 km\" rel=\"category\" >10 - 15 km<\/a>                                    <\/span>\n                                                                                                                                            <\/div>\n                            \n                                <header class=\"entry-header\">\n                                \n                                    <h4 class=\"entry-title\">\n                                        <a href=\"https:\/\/campingbujaleuf.com\/fr\/circuit-du-sequet-de-la-grolle\/\">\n                                            Circuit du Sequet de la Grolle                                        <\/a>\n                                    <\/h4>\n                                                                    <div class=\"entry-format\">\n                                        <a href=\"https:\/\/campingbujaleuf.com\/fr\/circuit-du-sequet-de-la-grolle\/\">\n                                            <div class=\"post-format format-\"> <\/div>\n                                        <\/a>\n                                    <\/div>\n                                <\/header>\n                            \n                                                            <div class=\"entry-content\">\n                                                                            <p>\n                                        <p>Itin\u00e9raire de randonn\u00e9e de 15 km au d\u00e9part d&rsquo;Eymoutiers, passant notamment par le Mus\u00e9e de la r\u00e9cup, une exposition en plein air.<\/p>\n                                        <\/p>                                <\/div>\n                                                        \n                            <\/div>\n\n                        <\/article>\n<\/div><div class=\"aux-col aux-ajax-item post-4200\">\n                        <article class=\"post column-entry post-4200 type-post status-publish format-standard has-post-thumbnail hentry category-15-20-km category-randonnees\">\n                                                        <div class=\"entry-media\"><div class=\"aux-media-frame aux-media-image aux-image-mask\"><a href=\"https:\/\/campingbujaleuf.com\/fr\/circuit-de-neuvic-entier\/\"><img loading=\"lazy\" decoding=\"async\" width=\"470\" height=\"352\" src=\"https:\/\/campingbujaleuf.com\/wp-content\/uploads\/2025\/12\/circuit-neuvic-entiers-1-40x30.jpg\" class=\"aux-attachment aux-featured-image attachment-470x352.5 aux-attachment-id-4201  aux-preload aux-has-preview\" alt=\"circuit neuvic entiers 1\" data-ratio=\"1.33\" data-original-w=\"750\" sizes=\"auto\" data-srcset=\"https:\/\/campingbujaleuf.com\/wp-content\/uploads\/2025\/12\/circuit-neuvic-entiers-1-150x113.jpg 150w,https:\/\/campingbujaleuf.com\/wp-content\/uploads\/2025\/12\/circuit-neuvic-entiers-1-300x225.jpg 300w,https:\/\/campingbujaleuf.com\/wp-content\/uploads\/2025\/12\/circuit-neuvic-entiers-1-470x353.jpg 470w,https:\/\/campingbujaleuf.com\/wp-content\/uploads\/2025\/12\/circuit-neuvic-entiers-1-740x555.jpg 740w\" data-src=\"https:\/\/campingbujaleuf.com\/wp-content\/uploads\/2025\/12\/circuit-neuvic-entiers-1-470x353.jpg\" \/><\/a><\/div><\/div>\n                            \n                            <div class=\"entry-main\">\n                                                                                        \n                                <div class=\"entry-info\">\n                                                                                                                                    <span class=\"entry-tax aux-no-sep\">\n                                        <a href=\"https:\/\/campingbujaleuf.com\/category\/wandelingen\/15-20-km\/\" title=\"View all posts in 15 - 20 km\" rel=\"category\" >15 - 20 km<\/a>                                    <\/span>\n                                                                                                                                            <\/div>\n                            \n                                <header class=\"entry-header\">\n                                \n                                    <h4 class=\"entry-title\">\n                                        <a href=\"https:\/\/campingbujaleuf.com\/fr\/circuit-de-neuvic-entier\/\">\n                                            Circuit de Neuvic Entier                                        <\/a>\n                                    <\/h4>\n                                                                    <div class=\"entry-format\">\n                                        <a href=\"https:\/\/campingbujaleuf.com\/fr\/circuit-de-neuvic-entier\/\">\n                                            <div class=\"post-format format-\"> <\/div>\n                                        <\/a>\n                                    <\/div>\n                                <\/header>\n                            \n                                                            <div class=\"entry-content\">\n                                                                            <p>\n                                        <p>Itin\u00e9raire de randonn\u00e9e de 16 km au d\u00e9part du ch\u00e2teau de Neuvic Entier. Parcours offrant un m\u00e9lange de for\u00eats, de prairies et de panoramas. <\/p>\n                                        <\/p>                                <\/div>\n                                                        \n                            <\/div>\n\n                        <\/article>\n<\/div><div class=\"aux-col aux-ajax-item post-4059\">\n                        <article class=\"post column-entry post-4059 type-post status-publish format-standard has-post-thumbnail hentry category-05-10-km category-randonnees\">\n                                                        <div class=\"entry-media\"><div class=\"aux-media-frame aux-media-image aux-image-mask\"><a href=\"https:\/\/campingbujaleuf.com\/fr\/le-belvedere-de-bujaleuf\/\"><img loading=\"lazy\" decoding=\"async\" width=\"470\" height=\"352\" src=\"https:\/\/campingbujaleuf.com\/wp-content\/uploads\/2025\/12\/le-belvedere-bujaleuf-8-40x30.jpg\" class=\"aux-attachment aux-featured-image attachment-470x352.5 aux-attachment-id-4060  aux-preload aux-has-preview\" alt=\"le belvedere bujaleuf 8\" data-ratio=\"1.33\" data-original-w=\"750\" sizes=\"auto\" data-srcset=\"https:\/\/campingbujaleuf.com\/wp-content\/uploads\/2025\/12\/le-belvedere-bujaleuf-8-150x113.jpg 150w,https:\/\/campingbujaleuf.com\/wp-content\/uploads\/2025\/12\/le-belvedere-bujaleuf-8-300x225.jpg 300w,https:\/\/campingbujaleuf.com\/wp-content\/uploads\/2025\/12\/le-belvedere-bujaleuf-8-470x353.jpg 470w,https:\/\/campingbujaleuf.com\/wp-content\/uploads\/2025\/12\/le-belvedere-bujaleuf-8-740x555.jpg 740w\" data-src=\"https:\/\/campingbujaleuf.com\/wp-content\/uploads\/2025\/12\/le-belvedere-bujaleuf-8-470x353.jpg\" \/><\/a><\/div><\/div>\n                            \n                            <div class=\"entry-main\">\n                                                                                        \n                                <div class=\"entry-info\">\n                                                                                                                                    <span class=\"entry-tax aux-no-sep\">\n                                        <a href=\"https:\/\/campingbujaleuf.com\/de\/category\/wanderungen\/05-10-km\/\" title=\"View all posts in 05 - 10 km\" rel=\"category\" >05 - 10 km<\/a>                                    <\/span>\n                                                                                                                                            <\/div>\n                            \n                                <header class=\"entry-header\">\n                                \n                                    <h4 class=\"entry-title\">\n                                        <a href=\"https:\/\/campingbujaleuf.com\/fr\/le-belvedere-de-bujaleuf\/\">\n                                            Le Belv\u00e9d\u00e8re de Bujaleuf                                        <\/a>\n                                    <\/h4>\n                                                                    <div class=\"entry-format\">\n                                        <a href=\"https:\/\/campingbujaleuf.com\/fr\/le-belvedere-de-bujaleuf\/\">\n                                            <div class=\"post-format format-\"> <\/div>\n                                        <\/a>\n                                    <\/div>\n                                <\/header>\n                            \n                                                            <div class=\"entry-content\">\n                                                                            <p>\n                                        <p>Une randonn\u00e9e de 6 km \u00e0 travers des Varaches, la for\u00eat juste derri\u00e8re le camping. La derni\u00e8re partie longe l&rsquo;eau. <\/p>\n                                        <\/p>                                <\/div>\n                                                        \n                            <\/div>\n\n                        <\/article>\n<\/div><div class=\"aux-col aux-ajax-item post-3657\">\n                        <article class=\"post column-entry post-3657 type-post status-publish format-standard has-post-thumbnail hentry category-15-20-km category-randonnees\">\n                                                        <div class=\"entry-media\"><div class=\"aux-media-frame aux-media-image aux-image-mask\"><a href=\"https:\/\/campingbujaleuf.com\/fr\/boucle-du-mont-larron-16\/\"><img loading=\"lazy\" decoding=\"async\" width=\"470\" height=\"352\" src=\"https:\/\/campingbujaleuf.com\/wp-content\/uploads\/2025\/12\/boucle-du-mont-larron-2-40x30.jpg\" class=\"aux-attachment aux-featured-image attachment-470x352.5 aux-attachment-id-3618  aux-preload aux-has-preview\" alt=\"boucle du mont Larron 2\" data-ratio=\"1.33\" data-original-w=\"750\" sizes=\"auto\" data-srcset=\"https:\/\/campingbujaleuf.com\/wp-content\/uploads\/2025\/12\/boucle-du-mont-larron-2-150x113.jpg 150w,https:\/\/campingbujaleuf.com\/wp-content\/uploads\/2025\/12\/boucle-du-mont-larron-2-300x225.jpg 300w,https:\/\/campingbujaleuf.com\/wp-content\/uploads\/2025\/12\/boucle-du-mont-larron-2-470x353.jpg 470w,https:\/\/campingbujaleuf.com\/wp-content\/uploads\/2025\/12\/boucle-du-mont-larron-2-740x555.jpg 740w\" data-src=\"https:\/\/campingbujaleuf.com\/wp-content\/uploads\/2025\/12\/boucle-du-mont-larron-2-470x353.jpg\" \/><\/a><\/div><\/div>\n                            \n                            <div class=\"entry-main\">\n                                                                                        \n                                <div class=\"entry-info\">\n                                                                                                                                    <span class=\"entry-tax aux-no-sep\">\n                                        <a href=\"https:\/\/campingbujaleuf.com\/category\/wandelingen\/15-20-km\/\" title=\"View all posts in 15 - 20 km\" rel=\"category\" >15 - 20 km<\/a>                                    <\/span>\n                                                                                                                                            <\/div>\n                            \n                                <header class=\"entry-header\">\n                                \n                                    <h4 class=\"entry-title\">\n                                        <a href=\"https:\/\/campingbujaleuf.com\/fr\/boucle-du-mont-larron-16\/\">\n                                            Boucle du mont Larron 16                                        <\/a>\n                                    <\/h4>\n                                                                    <div class=\"entry-format\">\n                                        <a href=\"https:\/\/campingbujaleuf.com\/fr\/boucle-du-mont-larron-16\/\">\n                                            <div class=\"post-format format-\"> <\/div>\n                                        <\/a>\n                                    <\/div>\n                                <\/header>\n                            \n                                                            <div class=\"entry-content\">\n                                                                            <p>\n                                        <p>Itin\u00e9raire de randonn\u00e9e de 16 km qui commence \u00e0 la petite \u00e9glise de St Julien le Petit. Il existe \u00e9galement une variante de 10 km de cette randonn\u00e9e. <\/p>\n                                        <\/p>                                <\/div>\n                                                        \n                            <\/div>\n\n                        <\/article>\n<\/div><div class=\"aux-col aux-ajax-item post-3629\">\n                        <article class=\"post column-entry post-3629 type-post status-publish format-standard has-post-thumbnail hentry category-05-10-km category-randonnees\">\n                                                        <div class=\"entry-media\"><div class=\"aux-media-frame aux-media-image aux-image-mask\"><a href=\"https:\/\/campingbujaleuf.com\/fr\/circuit-prieure-de-lartige\/\"><img loading=\"lazy\" decoding=\"async\" width=\"470\" height=\"352\" src=\"https:\/\/campingbujaleuf.com\/wp-content\/uploads\/2025\/12\/circuit-prieure-de-lartige-4-40x30.jpg\" class=\"aux-attachment aux-featured-image attachment-470x352.5 aux-attachment-id-3631  aux-preload aux-has-preview\" alt=\"circuit prieur\u00e9 de l&#039;artige 4\" data-ratio=\"1.33\" data-original-w=\"750\" sizes=\"auto\" data-srcset=\"https:\/\/campingbujaleuf.com\/wp-content\/uploads\/2025\/12\/circuit-prieure-de-lartige-4-150x113.jpg 150w,https:\/\/campingbujaleuf.com\/wp-content\/uploads\/2025\/12\/circuit-prieure-de-lartige-4-300x225.jpg 300w,https:\/\/campingbujaleuf.com\/wp-content\/uploads\/2025\/12\/circuit-prieure-de-lartige-4-470x353.jpg 470w,https:\/\/campingbujaleuf.com\/wp-content\/uploads\/2025\/12\/circuit-prieure-de-lartige-4-740x555.jpg 740w\" data-src=\"https:\/\/campingbujaleuf.com\/wp-content\/uploads\/2025\/12\/circuit-prieure-de-lartige-4-470x353.jpg\" \/><\/a><\/div><\/div>\n                            \n                            <div class=\"entry-main\">\n                                                                                        \n                                <div class=\"entry-info\">\n                                                                                                                                    <span class=\"entry-tax aux-no-sep\">\n                                        <a href=\"https:\/\/campingbujaleuf.com\/de\/category\/wanderungen\/05-10-km\/\" title=\"View all posts in 05 - 10 km\" rel=\"category\" >05 - 10 km<\/a>                                    <\/span>\n                                                                                                                                            <\/div>\n                            \n                                <header class=\"entry-header\">\n                                \n                                    <h4 class=\"entry-title\">\n                                        <a href=\"https:\/\/campingbujaleuf.com\/fr\/circuit-prieure-de-lartige\/\">\n                                            Circuit prieur\u00e9 de l&rsquo;Artige                                        <\/a>\n                                    <\/h4>\n                                                                    <div class=\"entry-format\">\n                                        <a href=\"https:\/\/campingbujaleuf.com\/fr\/circuit-prieure-de-lartige\/\">\n                                            <div class=\"post-format format-\"> <\/div>\n                                        <\/a>\n                                    <\/div>\n                                <\/header>\n                            \n                                                            <div class=\"entry-content\">\n                                                                            <p>\n                                        <p>Itin\u00e9raire de randonn\u00e9e de 8 km qui commence juste avant St Leonard de Noblat. Le parcours longe l&rsquo;ancien moulin d&rsquo;Artige.<\/p>\n                                        <\/p>                                <\/div>\n                                                        \n                            <\/div>\n\n                        <\/article>\n<\/div><div class=\"aux-col aux-ajax-item post-4105\">\n                        <article class=\"post column-entry post-4105 type-post status-publish format-standard has-post-thumbnail hentry category-10-15-km category-randonnees\">\n                                                        <div class=\"entry-media\"><div class=\"aux-media-frame aux-media-image aux-image-mask\"><a href=\"https:\/\/campingbujaleuf.com\/fr\/autour-du-bois-de-crozat-lac-vassiviere\/\"><img loading=\"lazy\" decoding=\"async\" width=\"470\" height=\"352\" src=\"https:\/\/campingbujaleuf.com\/wp-content\/uploads\/2025\/12\/autour-du-bois-de-crozat-1-40x30.webp\" class=\"aux-attachment aux-featured-image attachment-470x352.5 aux-attachment-id-4109  aux-preload aux-has-preview\" alt=\"autour du bois de crozat 1\" data-ratio=\"1.33\" data-original-w=\"750\" sizes=\"auto\" data-srcset=\"https:\/\/campingbujaleuf.com\/wp-content\/uploads\/2025\/12\/autour-du-bois-de-crozat-1-150x113.webp 150w,https:\/\/campingbujaleuf.com\/wp-content\/uploads\/2025\/12\/autour-du-bois-de-crozat-1-300x225.webp 300w,https:\/\/campingbujaleuf.com\/wp-content\/uploads\/2025\/12\/autour-du-bois-de-crozat-1-470x353.webp 470w,https:\/\/campingbujaleuf.com\/wp-content\/uploads\/2025\/12\/autour-du-bois-de-crozat-1-740x555.webp 740w\" data-src=\"https:\/\/campingbujaleuf.com\/wp-content\/uploads\/2025\/12\/autour-du-bois-de-crozat-1-470x353.webp\" \/><\/a><\/div><\/div>\n                            \n                            <div class=\"entry-main\">\n                                                                                        \n                                <div class=\"entry-info\">\n                                                                                                                                    <span class=\"entry-tax aux-no-sep\">\n                                        <a href=\"https:\/\/campingbujaleuf.com\/category\/wandelingen\/10-15-km\/\" title=\"View all posts in 10 - 15 km\" rel=\"category\" >10 - 15 km<\/a>                                    <\/span>\n                                                                                                                                            <\/div>\n                            \n                                <header class=\"entry-header\">\n                                \n                                    <h4 class=\"entry-title\">\n                                        <a href=\"https:\/\/campingbujaleuf.com\/fr\/autour-du-bois-de-crozat-lac-vassiviere\/\">\n                                            Autour du bois de Crozat Lac Vassivi\u00e8re                                        <\/a>\n                                    <\/h4>\n                                                                    <div class=\"entry-format\">\n                                        <a href=\"https:\/\/campingbujaleuf.com\/fr\/autour-du-bois-de-crozat-lac-vassiviere\/\">\n                                            <div class=\"post-format format-\"> <\/div>\n                                        <\/a>\n                                    <\/div>\n                                <\/header>\n                            \n                                                            <div class=\"entry-content\">\n                                                                            <p>\n                                        <p>Itin\u00e9raire de randonn\u00e9e de 14,5 km au d\u00e9part des abords du lac de Vassivi\u00e8re, pr\u00e8s d&rsquo;Auphelle. Vue sur le lac en cours de route.<\/p>\n                                        <\/p>                                <\/div>\n                                                        \n                            <\/div>\n\n                        <\/article>\n<\/div><\/div><\/section><!-- widget-container -->\t\t\t\t<\/div>\n\t\t\t\t<\/div>\n\t\t\t\t<\/div>\n\t\t\t\t\t<\/div>\n\t\t\t\t<\/div>\n\t\t<div class=\"aux-parallax-section elementor-element elementor-element-06b94f9 e-con-full e-flex e-con e-parent\" data-id=\"06b94f9\" data-element_type=\"container\" data-e-type=\"container\">\n\t\t\t\t<div class=\"elementor-element elementor-element-b3facd7 elementor-widget elementor-widget-shortcode\" data-id=\"b3facd7\" data-element_type=\"widget\" data-e-type=\"widget\" data-widget_type=\"shortcode.default\">\n\t\t\t\t<div class=\"elementor-widget-container\">\n\t\t\t\t\t\t\t<div class=\"elementor-shortcode\">\t\t<div data-elementor-type=\"container\" data-elementor-id=\"3930\" class=\"elementor elementor-3930 elementor-920 elementor-920\" data-elementor-post-type=\"elementor_library\">\n\t\t\t\t<div class=\"aux-parallax-section elementor-element elementor-element-69144fe1 e-con-full e-flex e-con e-parent\" data-id=\"69144fe1\" data-element_type=\"container\" data-e-type=\"container\" data-settings=\"{&quot;background_background&quot;:&quot;gradient&quot;}\">\n\t\t<div class=\"elementor-element elementor-element-7a519320 e-con-full e-flex e-con e-child\" data-id=\"7a519320\" data-element_type=\"container\" data-e-type=\"container\" data-settings=\"{&quot;background_background&quot;:&quot;gradient&quot;}\">\n\t\t\t\t<div class=\"elementor-element elementor-element-32f88e9f elementor-align-center aux-appear-watch-animation aux-slide-from-bot elementor-icon-list--layout-traditional elementor-list-item-link-full_width elementor-widget elementor-widget-icon-list\" data-id=\"32f88e9f\" data-element_type=\"widget\" data-e-type=\"widget\" data-widget_type=\"icon-list.default\">\n\t\t\t\t<div class=\"elementor-widget-container\">\n\t\t\t\t\t\t\t<ul class=\"elementor-icon-list-items\">\n\t\t\t\t\t\t\t<li class=\"elementor-icon-list-item\">\n\t\t\t\t\t\t\t\t\t\t\t<span class=\"elementor-icon-list-icon\">\n\t\t\t\t\t\t\t<svg aria-hidden=\"true\" class=\"e-font-icon-svg e-far-circle\" viewBox=\"0 0 512 512\" xmlns=\"http:\/\/www.w3.org\/2000\/svg\"><path d=\"M256 8C119 8 8 119 8 256s111 248 248 248 248-111 248-248S393 8 256 8zm0 448c-110.5 0-200-89.5-200-200S145.5 56 256 56s200 89.5 200 200-89.5 200-200 200z\"><\/path><\/svg>\t\t\t\t\t\t<\/span>\n\t\t\t\t\t\t\t\t\t\t<span class=\"elementor-icon-list-text\">Camper sans soucis et en toute d\u00e9tente<\/span>\n\t\t\t\t\t\t\t\t\t<\/li>\n\t\t\t\t\t\t<\/ul>\n\t\t\t\t\t\t<\/div>\n\t\t\t\t<\/div>\n\t\t\t\t<div class=\"elementor-element elementor-element-6fc4a1a8 aux-appear-watch-animation aux-fade-in-up-1 elementor-widget elementor-widget-aux_modern_heading\" data-id=\"6fc4a1a8\" data-element_type=\"widget\" data-e-type=\"widget\" data-widget_type=\"aux_modern_heading.default\">\n\t\t\t\t<div class=\"elementor-widget-container\">\n\t\t\t\t\t<section class=\"aux-widget-modern-heading\">\n            <div class=\"aux-widget-inner\"><h2 class=\"aux-modern-heading-primary\"><\/h2><h3 class=\"aux-modern-heading-secondary\"><span class=\"aux-head-before\">Cinq garanties<\/span><span class=\"aux-head-highlight\">  du Camping du Lac<\/span><\/h3><\/div>\n        <\/section>\t\t\t\t<\/div>\n\t\t\t\t<\/div>\n\t\t<div class=\"elementor-element elementor-element-66d1c77c e-grid e-con-full elementor-hidden-mobile e-con e-child\" data-id=\"66d1c77c\" data-element_type=\"container\" data-e-type=\"container\">\n\t\t<div class=\"elementor-element elementor-element-60fadab7 e-con-full aux-appear-watch-animation aux-fade-in e-flex e-con e-child\" data-id=\"60fadab7\" data-element_type=\"container\" data-e-type=\"container\" data-settings=\"{&quot;background_background&quot;:&quot;classic&quot;}\">\n\t\t\t\t<div class=\"elementor-element elementor-element-56a7eafb elementor-widget elementor-widget-elementskit-stylish-list\" data-id=\"56a7eafb\" data-element_type=\"widget\" data-e-type=\"widget\" data-widget_type=\"elementskit-stylish-list.default\">\n\t\t\t\t<div class=\"elementor-widget-container\">\n\t\t\t\t\t<div class=\"ekit-wid-con\">\t\t<ul class=\"ekit-stylish-list list-inline\" >\n\t\t\t\t\t\t\t<li class=\"ekit-stylish-list-content-wrapper elementor-repeater-item-f842549\" >\n\t\t\t\t\t\t\t\t\t\t<div class=\"ekit-stylish-list-content\">\n\t\t\t\t\t\t\t\t\t\t\t\t\t\t\t\t\t\t\t<div class=\"ekit-stylish-list-content-icon\">\n\t\t\t\t\t\t\t\t<i aria-hidden=\"true\" class=\"auxicon auxicon-calendar-1\"><\/i>\t\t\t\t\t\t\t<\/div>\n\t\t\t\t\t\t\t\t\t\t\t\t\t\t\t\t\t\t<div class=\"ekit-stylish-list-content-text\">\n\t\t\t\t\t\t\t<span class=\"ekit-stylish-list-content-title\">Annulation<\/span>\n\t\t\t\t\t\t\t\t\t\t\t\t\t\t\t<span class=\"ekit-stylish-list-content-description\">Annulation gratuite jusqu'\u00e0 14 jours avant l'arriv\u00e9e.<\/span>\n\t\t\t\t\t\t\t\t\t\t\t\t\t<\/div>\n\t\t\t\t\t\t\t\t\t\t\t\t\t<div class=\"ekit-stylish-list-content-badge\">\n\t\t\t\t\t\t\t\t<span class=\"elementor-inline-editing\">Remboursement<\/span>\n\t\t\t\t\t\t\t<\/div>\n\t\t\t\t\t\t\t\t\t\t\t<\/div>\n\t\t\t\t<\/li>\n\t\t\t\t\t\t\t\t\t<\/ul>\n\t<\/div>\t\t\t\t<\/div>\n\t\t\t\t<\/div>\n\t\t\t\t<\/div>\n\t\t<div class=\"elementor-element elementor-element-4dfa467b e-con-full aux-appear-watch-animation aux-fade-in e-flex e-con e-child\" data-id=\"4dfa467b\" data-element_type=\"container\" data-e-type=\"container\" data-settings=\"{&quot;background_background&quot;:&quot;classic&quot;}\">\n\t\t\t\t<div class=\"elementor-element elementor-element-21342c32 elementor-widget elementor-widget-elementskit-stylish-list\" data-id=\"21342c32\" data-element_type=\"widget\" data-e-type=\"widget\" data-widget_type=\"elementskit-stylish-list.default\">\n\t\t\t\t<div class=\"elementor-widget-container\">\n\t\t\t\t\t<div class=\"ekit-wid-con\">\t\t<ul class=\"ekit-stylish-list list-inline\" >\n\t\t\t\t\t\t\t<li class=\"ekit-stylish-list-content-wrapper elementor-repeater-item-f842549\" >\n\t\t\t\t\t\t\t\t\t\t<div class=\"ekit-stylish-list-content\">\n\t\t\t\t\t\t\t\t\t\t\t\t\t\t\t\t\t\t\t<div class=\"ekit-stylish-list-content-icon\">\n\t\t\t\t\t\t\t\t<i aria-hidden=\"true\" class=\"auxicon auxicon-location-pin\"><\/i>\t\t\t\t\t\t\t<\/div>\n\t\t\t\t\t\t\t\t\t\t\t\t\t\t\t\t\t\t<div class=\"ekit-stylish-list-content-text\">\n\t\t\t\t\t\t\t<span class=\"ekit-stylish-list-content-title\">Espace<\/span>\n\t\t\t\t\t\t\t\t\t\t\t\t\t\t\t<span class=\"ekit-stylish-list-content-description\">Les tentes d'appoint s'installent facilement sur l'emplacement et offrent une vue d\u00e9gag\u00e9e.<\/span>\n\t\t\t\t\t\t\t\t\t\t\t\t\t<\/div>\n\t\t\t\t\t\t\t\t\t\t\t\t\t<div class=\"ekit-stylish-list-content-badge\">\n\t\t\t\t\t\t\t\t<span class=\"elementor-inline-editing\">125-150m\u00b2<\/span>\n\t\t\t\t\t\t\t<\/div>\n\t\t\t\t\t\t\t\t\t\t\t<\/div>\n\t\t\t\t<\/li>\n\t\t\t\t\t\t\t\t\t<\/ul>\n\t<\/div>\t\t\t\t<\/div>\n\t\t\t\t<\/div>\n\t\t\t\t<\/div>\n\t\t<div class=\"elementor-element elementor-element-c0a5ff5 e-con-full aux-appear-watch-animation aux-fade-in e-flex e-con e-child\" data-id=\"c0a5ff5\" data-element_type=\"container\" data-e-type=\"container\" data-settings=\"{&quot;background_background&quot;:&quot;classic&quot;}\">\n\t\t\t\t<div class=\"elementor-element elementor-element-42d9b87c elementor-widget elementor-widget-elementskit-stylish-list\" data-id=\"42d9b87c\" data-element_type=\"widget\" data-e-type=\"widget\" data-widget_type=\"elementskit-stylish-list.default\">\n\t\t\t\t<div class=\"elementor-widget-container\">\n\t\t\t\t\t<div class=\"ekit-wid-con\">\t\t<ul class=\"ekit-stylish-list list-inline\" >\n\t\t\t\t\t\t\t<li class=\"ekit-stylish-list-content-wrapper elementor-repeater-item-f842549\" >\n\t\t\t\t\t\t\t\t\t\t<div class=\"ekit-stylish-list-content\">\n\t\t\t\t\t\t\t\t\t\t\t\t\t\t\t\t\t\t\t<div class=\"ekit-stylish-list-content-icon\">\n\t\t\t\t\t\t\t\t<svg class=\"ekit-svg-icon icon-star1\" viewBox=\"0 0 32 32\" xmlns=\"http:\/\/www.w3.org\/2000\/svg\"><path d=\"M24.8 30.4c-0.131 0-0.263-0.032-0.383-0.098l-8.417-4.591-8.417 4.591c-0.269 0.147-0.597 0.127-0.847-0.050s-0.376-0.482-0.325-0.783l1.532-9.194-6.109-6.109c-0.212-0.212-0.288-0.524-0.196-0.81s0.335-0.496 0.63-0.545l9.198-1.533 3.818-7.636c0.136-0.271 0.412-0.442 0.716-0.442s0.58 0.171 0.716 0.442l3.818 7.636 9.198 1.533c0.296 0.049 0.539 0.26 0.63 0.545s0.016 0.598-0.196 0.81l-6.109 6.109 1.532 9.194c0.050 0.302-0.076 0.606-0.325 0.783-0.138 0.098-0.301 0.148-0.464 0.148zM16 24c0.132 0 0.264 0.033 0.383 0.098l7.358 4.013-1.33-7.98c-0.043-0.255 0.041-0.514 0.223-0.697l5.301-5.301-8.067-1.344c-0.253-0.042-0.47-0.202-0.584-0.431l-3.284-6.569-3.284 6.569c-0.114 0.229-0.332 0.389-0.584 0.431l-8.067 1.344 5.301 5.301c0.183 0.183 0.266 0.442 0.223 0.697l-1.33 7.98 7.358-4.013c0.119-0.065 0.251-0.098 0.383-0.098z\"><\/path><\/svg>\t\t\t\t\t\t\t<\/div>\n\t\t\t\t\t\t\t\t\t\t\t\t\t\t\t\t\t\t<div class=\"ekit-stylish-list-content-text\">\n\t\t\t\t\t\t\t<span class=\"ekit-stylish-list-content-title\">Hygi\u00e8ne<\/span>\n\t\t\t\t\t\t\t\t\t\t\t\t\t\t\t<span class=\"ekit-stylish-list-content-description\">Sanitaires impeccables gr\u00e2ce \u00e0 un nettoyage r\u00e9gulier.<\/span>\n\t\t\t\t\t\t\t\t\t\t\t\t\t<\/div>\n\t\t\t\t\t\t\t\t\t\t\t\t\t<div class=\"ekit-stylish-list-content-badge\">\n\t\t\t\t\t\t\t\t<span class=\"elementor-inline-editing\">3 fois par jour<\/span>\n\t\t\t\t\t\t\t<\/div>\n\t\t\t\t\t\t\t\t\t\t\t<\/div>\n\t\t\t\t<\/li>\n\t\t\t\t\t\t\t\t\t<\/ul>\n\t<\/div>\t\t\t\t<\/div>\n\t\t\t\t<\/div>\n\t\t\t\t<\/div>\n\t\t<div class=\"elementor-element elementor-element-4aae6f61 e-con-full aux-appear-watch-animation aux-fade-in e-flex e-con e-child\" data-id=\"4aae6f61\" data-element_type=\"container\" data-e-type=\"container\" data-settings=\"{&quot;background_background&quot;:&quot;classic&quot;}\">\n\t\t\t\t<div class=\"elementor-element elementor-element-2cef148 elementor-widget elementor-widget-elementskit-stylish-list\" data-id=\"2cef148\" data-element_type=\"widget\" data-e-type=\"widget\" data-widget_type=\"elementskit-stylish-list.default\">\n\t\t\t\t<div class=\"elementor-widget-container\">\n\t\t\t\t\t<div class=\"ekit-wid-con\">\t\t<ul class=\"ekit-stylish-list list-inline\" >\n\t\t\t\t\t\t\t<li class=\"ekit-stylish-list-content-wrapper elementor-repeater-item-f842549\" >\n\t\t\t\t\t\t\t\t\t\t<div class=\"ekit-stylish-list-content\">\n\t\t\t\t\t\t\t\t\t\t\t\t\t\t\t\t\t\t\t<div class=\"ekit-stylish-list-content-icon\">\n\t\t\t\t\t\t\t\t<i aria-hidden=\"true\" class=\"icon icon-leaf\"><\/i>\t\t\t\t\t\t\t<\/div>\n\t\t\t\t\t\t\t\t\t\t\t\t\t\t\t\t\t\t<div class=\"ekit-stylish-list-content-text\">\n\t\t\t\t\t\t\t<span class=\"ekit-stylish-list-content-title\">Nature<\/span>\n\t\t\t\t\t\t\t\t\t\t\t\t\t\t\t<span class=\"ekit-stylish-list-content-description\">Pas de tourisme de masse, calme absolu dans les collines verdoyantes.<\/span>\n\t\t\t\t\t\t\t\t\t\t\t\t\t<\/div>\n\t\t\t\t\t\t\t\t\t\t\t\t\t<div class=\"ekit-stylish-list-content-badge\">\n\t\t\t\t\t\t\t\t<span class=\"elementor-inline-editing\">Limousin<\/span>\n\t\t\t\t\t\t\t<\/div>\n\t\t\t\t\t\t\t\t\t\t\t<\/div>\n\t\t\t\t<\/li>\n\t\t\t\t\t\t\t\t\t<\/ul>\n\t<\/div>\t\t\t\t<\/div>\n\t\t\t\t<\/div>\n\t\t\t\t<\/div>\n\t\t<div class=\"elementor-element elementor-element-55b23aa1 e-con-full aux-appear-watch-animation aux-fade-in e-flex e-con e-child\" data-id=\"55b23aa1\" data-element_type=\"container\" data-e-type=\"container\" data-settings=\"{&quot;background_background&quot;:&quot;classic&quot;}\">\n\t\t\t\t<div class=\"elementor-element elementor-element-455472c0 elementor-widget elementor-widget-elementskit-stylish-list\" data-id=\"455472c0\" data-element_type=\"widget\" data-e-type=\"widget\" data-widget_type=\"elementskit-stylish-list.default\">\n\t\t\t\t<div class=\"elementor-widget-container\">\n\t\t\t\t\t<div class=\"ekit-wid-con\">\t\t<ul class=\"ekit-stylish-list list-inline\" >\n\t\t\t\t\t\t\t<li class=\"ekit-stylish-list-content-wrapper elementor-repeater-item-f842549\" >\n\t\t\t\t\t\t\t\t\t\t<div class=\"ekit-stylish-list-content\">\n\t\t\t\t\t\t\t\t\t\t\t\t\t\t\t\t\t\t\t<div class=\"ekit-stylish-list-content-icon\">\n\t\t\t\t\t\t\t\t<i aria-hidden=\"true\" class=\"auxicon auxicon-coffee\"><\/i>\t\t\t\t\t\t\t<\/div>\n\t\t\t\t\t\t\t\t\t\t\t\t\t\t\t\t\t\t<div class=\"ekit-stylish-list-content-text\">\n\t\t\t\t\t\t\t<span class=\"ekit-stylish-list-content-title\">D\u00e9tente<\/span>\n\t\t\t\t\t\t\t\t\t\t\t\t\t\t\t<span class=\"ekit-stylish-list-content-description\">Le stress s'\u00e9vapore ici, vous \u00eates les bienvenus.<\/span>\n\t\t\t\t\t\t\t\t\t\t\t\t\t<\/div>\n\t\t\t\t\t\t\t\t\t\t\t\t\t<div class=\"ekit-stylish-list-content-badge\">\n\t\t\t\t\t\t\t\t<span class=\"elementor-inline-editing\">Accueil chaleureux<\/span>\n\t\t\t\t\t\t\t<\/div>\n\t\t\t\t\t\t\t\t\t\t\t<\/div>\n\t\t\t\t<\/li>\n\t\t\t\t\t\t\t\t\t<\/ul>\n\t<\/div>\t\t\t\t<\/div>\n\t\t\t\t<\/div>\n\t\t\t\t<\/div>\n\t\t\t\t<\/div>\n\t\t<div class=\"elementor-element elementor-element-997769e e-grid e-con-full elementor-hidden-desktop elementor-hidden-tablet e-con e-child\" data-id=\"997769e\" data-element_type=\"container\" data-e-type=\"container\">\n\t\t<div class=\"elementor-element elementor-element-dbf4e14 e-con-full aux-appear-watch-animation aux-fade-in e-flex e-con e-child\" data-id=\"dbf4e14\" data-element_type=\"container\" data-e-type=\"container\" data-settings=\"{&quot;background_background&quot;:&quot;classic&quot;}\">\n\t\t\t\t<div class=\"elementor-element elementor-element-b70bdbe elementor-widget elementor-widget-elementskit-stylish-list\" data-id=\"b70bdbe\" data-element_type=\"widget\" data-e-type=\"widget\" data-widget_type=\"elementskit-stylish-list.default\">\n\t\t\t\t<div class=\"elementor-widget-container\">\n\t\t\t\t\t<div class=\"ekit-wid-con\">\t\t<ul class=\"ekit-stylish-list list-inline\" >\n\t\t\t\t\t\t\t<li class=\"ekit-stylish-list-content-wrapper elementor-repeater-item-f842549\" >\n\t\t\t\t\t\t\t\t\t\t<div class=\"ekit-stylish-list-content\">\n\t\t\t\t\t\t\t\t\t\t\t\t\t\t\t\t\t\t\t<div class=\"ekit-stylish-list-content-icon\">\n\t\t\t\t\t\t\t\t<i aria-hidden=\"true\" class=\"auxicon auxicon-calendar-1\"><\/i>\t\t\t\t\t\t\t<\/div>\n\t\t\t\t\t\t\t\t\t\t\t\t\t\t\t\t\t\t<div class=\"ekit-stylish-list-content-text\">\n\t\t\t\t\t\t\t<span class=\"ekit-stylish-list-content-title\">Annulation<\/span>\n\t\t\t\t\t\t\t\t\t\t\t\t\t\t\t<span class=\"ekit-stylish-list-content-description\">Annulation gratuite jusqu'\u00e0 14 jours avant l'arriv\u00e9e.<\/span>\n\t\t\t\t\t\t\t\t\t\t\t\t\t<\/div>\n\t\t\t\t\t\t\t\t\t\t\t<\/div>\n\t\t\t\t<\/li>\n\t\t\t\t\t\t\t\t\t<\/ul>\n\t<\/div>\t\t\t\t<\/div>\n\t\t\t\t<\/div>\n\t\t\t\t<\/div>\n\t\t<div class=\"elementor-element elementor-element-ae461b8 e-con-full aux-appear-watch-animation aux-fade-in e-flex e-con e-child\" data-id=\"ae461b8\" data-element_type=\"container\" data-e-type=\"container\" data-settings=\"{&quot;background_background&quot;:&quot;classic&quot;}\">\n\t\t\t\t<div class=\"elementor-element elementor-element-1127921 elementor-widget elementor-widget-elementskit-stylish-list\" data-id=\"1127921\" data-element_type=\"widget\" data-e-type=\"widget\" data-widget_type=\"elementskit-stylish-list.default\">\n\t\t\t\t<div class=\"elementor-widget-container\">\n\t\t\t\t\t<div class=\"ekit-wid-con\">\t\t<ul class=\"ekit-stylish-list list-inline\" >\n\t\t\t\t\t\t\t<li class=\"ekit-stylish-list-content-wrapper elementor-repeater-item-f842549\" >\n\t\t\t\t\t\t\t\t\t\t<div class=\"ekit-stylish-list-content\">\n\t\t\t\t\t\t\t\t\t\t\t\t\t\t\t\t\t\t\t<div class=\"ekit-stylish-list-content-icon\">\n\t\t\t\t\t\t\t\t<i aria-hidden=\"true\" class=\"auxicon auxicon-location-pin\"><\/i>\t\t\t\t\t\t\t<\/div>\n\t\t\t\t\t\t\t\t\t\t\t\t\t\t\t\t\t\t<div class=\"ekit-stylish-list-content-text\">\n\t\t\t\t\t\t\t<span class=\"ekit-stylish-list-content-title\">Espace<\/span>\n\t\t\t\t\t\t\t\t\t\t\t\t\t\t\t<span class=\"ekit-stylish-list-content-description\">Les tentes d'appoint s'installent facilement sur l'emplacement et offrent une vue d\u00e9gag\u00e9e.<\/span>\n\t\t\t\t\t\t\t\t\t\t\t\t\t<\/div>\n\t\t\t\t\t\t\t\t\t\t\t<\/div>\n\t\t\t\t<\/li>\n\t\t\t\t\t\t\t\t\t<\/ul>\n\t<\/div>\t\t\t\t<\/div>\n\t\t\t\t<\/div>\n\t\t\t\t<\/div>\n\t\t<div class=\"elementor-element elementor-element-6a1865a e-con-full aux-appear-watch-animation aux-fade-in e-flex e-con e-child\" data-id=\"6a1865a\" data-element_type=\"container\" data-e-type=\"container\" data-settings=\"{&quot;background_background&quot;:&quot;classic&quot;}\">\n\t\t\t\t<div class=\"elementor-element elementor-element-6ab2642 elementor-widget elementor-widget-elementskit-stylish-list\" data-id=\"6ab2642\" data-element_type=\"widget\" data-e-type=\"widget\" data-widget_type=\"elementskit-stylish-list.default\">\n\t\t\t\t<div class=\"elementor-widget-container\">\n\t\t\t\t\t<div class=\"ekit-wid-con\">\t\t<ul class=\"ekit-stylish-list list-inline\" >\n\t\t\t\t\t\t\t<li class=\"ekit-stylish-list-content-wrapper elementor-repeater-item-f842549\" >\n\t\t\t\t\t\t\t\t\t\t<div class=\"ekit-stylish-list-content\">\n\t\t\t\t\t\t\t\t\t\t\t\t\t\t\t\t\t\t\t<div class=\"ekit-stylish-list-content-icon\">\n\t\t\t\t\t\t\t\t<svg class=\"ekit-svg-icon icon-star1\" viewBox=\"0 0 32 32\" xmlns=\"http:\/\/www.w3.org\/2000\/svg\"><path d=\"M24.8 30.4c-0.131 0-0.263-0.032-0.383-0.098l-8.417-4.591-8.417 4.591c-0.269 0.147-0.597 0.127-0.847-0.050s-0.376-0.482-0.325-0.783l1.532-9.194-6.109-6.109c-0.212-0.212-0.288-0.524-0.196-0.81s0.335-0.496 0.63-0.545l9.198-1.533 3.818-7.636c0.136-0.271 0.412-0.442 0.716-0.442s0.58 0.171 0.716 0.442l3.818 7.636 9.198 1.533c0.296 0.049 0.539 0.26 0.63 0.545s0.016 0.598-0.196 0.81l-6.109 6.109 1.532 9.194c0.050 0.302-0.076 0.606-0.325 0.783-0.138 0.098-0.301 0.148-0.464 0.148zM16 24c0.132 0 0.264 0.033 0.383 0.098l7.358 4.013-1.33-7.98c-0.043-0.255 0.041-0.514 0.223-0.697l5.301-5.301-8.067-1.344c-0.253-0.042-0.47-0.202-0.584-0.431l-3.284-6.569-3.284 6.569c-0.114 0.229-0.332 0.389-0.584 0.431l-8.067 1.344 5.301 5.301c0.183 0.183 0.266 0.442 0.223 0.697l-1.33 7.98 7.358-4.013c0.119-0.065 0.251-0.098 0.383-0.098z\"><\/path><\/svg>\t\t\t\t\t\t\t<\/div>\n\t\t\t\t\t\t\t\t\t\t\t\t\t\t\t\t\t\t<div class=\"ekit-stylish-list-content-text\">\n\t\t\t\t\t\t\t<span class=\"ekit-stylish-list-content-title\">Hygi\u00e8ne<\/span>\n\t\t\t\t\t\t\t\t\t\t\t\t\t\t\t<span class=\"ekit-stylish-list-content-description\">Sanitaires impeccables gr\u00e2ce \u00e0 un nettoyage r\u00e9gulier.<\/span>\n\t\t\t\t\t\t\t\t\t\t\t\t\t<\/div>\n\t\t\t\t\t\t\t\t\t\t\t<\/div>\n\t\t\t\t<\/li>\n\t\t\t\t\t\t\t\t\t<\/ul>\n\t<\/div>\t\t\t\t<\/div>\n\t\t\t\t<\/div>\n\t\t\t\t<\/div>\n\t\t<div class=\"elementor-element elementor-element-a2e5e14 e-con-full aux-appear-watch-animation aux-fade-in e-flex e-con e-child\" data-id=\"a2e5e14\" data-element_type=\"container\" data-e-type=\"container\" data-settings=\"{&quot;background_background&quot;:&quot;classic&quot;}\">\n\t\t\t\t<div class=\"elementor-element elementor-element-b8904ae elementor-widget elementor-widget-elementskit-stylish-list\" data-id=\"b8904ae\" data-element_type=\"widget\" data-e-type=\"widget\" data-widget_type=\"elementskit-stylish-list.default\">\n\t\t\t\t<div class=\"elementor-widget-container\">\n\t\t\t\t\t<div class=\"ekit-wid-con\">\t\t<ul class=\"ekit-stylish-list list-inline\" >\n\t\t\t\t\t\t\t<li class=\"ekit-stylish-list-content-wrapper elementor-repeater-item-f842549\" >\n\t\t\t\t\t\t\t\t\t\t<div class=\"ekit-stylish-list-content\">\n\t\t\t\t\t\t\t\t\t\t\t\t\t\t\t\t\t\t\t<div class=\"ekit-stylish-list-content-icon\">\n\t\t\t\t\t\t\t\t<i aria-hidden=\"true\" class=\"icon icon-leaf\"><\/i>\t\t\t\t\t\t\t<\/div>\n\t\t\t\t\t\t\t\t\t\t\t\t\t\t\t\t\t\t<div class=\"ekit-stylish-list-content-text\">\n\t\t\t\t\t\t\t<span class=\"ekit-stylish-list-content-title\">Natuur<\/span>\n\t\t\t\t\t\t\t\t\t\t\t\t\t\t\t<span class=\"ekit-stylish-list-content-description\">Geen massa toerisme, pure rust in de groene heuvels.<\/span>\n\t\t\t\t\t\t\t\t\t\t\t\t\t<\/div>\n\t\t\t\t\t\t\t\t\t\t\t<\/div>\n\t\t\t\t<\/li>\n\t\t\t\t\t\t\t\t\t<\/ul>\n\t<\/div>\t\t\t\t<\/div>\n\t\t\t\t<\/div>\n\t\t\t\t<\/div>\n\t\t<div class=\"elementor-element elementor-element-53a9c89 e-con-full aux-appear-watch-animation aux-fade-in e-flex e-con e-child\" data-id=\"53a9c89\" data-element_type=\"container\" data-e-type=\"container\" data-settings=\"{&quot;background_background&quot;:&quot;classic&quot;}\">\n\t\t\t\t<div class=\"elementor-element elementor-element-085f75c elementor-widget elementor-widget-elementskit-stylish-list\" data-id=\"085f75c\" data-element_type=\"widget\" data-e-type=\"widget\" data-widget_type=\"elementskit-stylish-list.default\">\n\t\t\t\t<div class=\"elementor-widget-container\">\n\t\t\t\t\t<div class=\"ekit-wid-con\">\t\t<ul class=\"ekit-stylish-list list-inline\" >\n\t\t\t\t\t\t\t<li class=\"ekit-stylish-list-content-wrapper elementor-repeater-item-f842549\" >\n\t\t\t\t\t\t\t\t\t\t<div class=\"ekit-stylish-list-content\">\n\t\t\t\t\t\t\t\t\t\t\t\t\t\t\t\t\t\t\t<div class=\"ekit-stylish-list-content-icon\">\n\t\t\t\t\t\t\t\t<i aria-hidden=\"true\" class=\"auxicon auxicon-coffee\"><\/i>\t\t\t\t\t\t\t<\/div>\n\t\t\t\t\t\t\t\t\t\t\t\t\t\t\t\t\t\t<div class=\"ekit-stylish-list-content-text\">\n\t\t\t\t\t\t\t<span class=\"ekit-stylish-list-content-title\">Relax<\/span>\n\t\t\t\t\t\t\t\t\t\t\t\t\t\t\t<span class=\"ekit-stylish-list-content-description\">Stress glijdt hier zo van je af, je bent welkom.<\/span>\n\t\t\t\t\t\t\t\t\t\t\t\t\t<\/div>\n\t\t\t\t\t\t\t\t\t\t\t<\/div>\n\t\t\t\t<\/li>\n\t\t\t\t\t\t\t\t\t<\/ul>\n\t<\/div>\t\t\t\t<\/div>\n\t\t\t\t<\/div>\n\t\t\t\t<\/div>\n\t\t\t\t<\/div>\n\t\t\t\t<\/div>\n\t\t\t\t<\/div>\n\t\t\t\t<\/div>\n\t\t<\/div>\n\t\t\t\t\t\t<\/div>\n\t\t\t\t<\/div>\n\t\t\t\t<\/div>\n\t\t\t\t<\/div>\n\t\t","protected":false},"excerpt":{"rendered":"<p>Itin\u00e9raires de randonn\u00e9e avec GPX Randonn\u00e9es autour de Bujaleuf 10 &#8211; 15 km | Edit Les hauts de Bujaleuf Een wandeling van 11,5 km door bossen en la campagne. Met vergezichten over de Vall\u00e9e de la Maulde. 05 &#8211; 10 km | Edit Les trois villages de Bujaleuf Een wandeling van 10 km door Bujaleuf [&hellip;]<\/p>\n","protected":false},"author":1,"featured_media":0,"parent":0,"menu_order":0,"comment_status":"closed","ping_status":"closed","template":"","meta":{"footnotes":""},"class_list":["post-4254","page","type-page","status-publish","hentry"],"yoast_head":"<!-- This site is optimized with the Yoast SEO plugin v27.5 - https:\/\/yoast.com\/product\/yoast-seo-wordpress\/ -->\n<title>Itin\u00e9raires de randonn\u00e9e \u00e0 Bujaleuf et dans les environs en Limousin - Camping du Lac de Bujaleuf<\/title>\n<meta name=\"robots\" content=\"index, follow, max-snippet:-1, max-image-preview:large, max-video-preview:-1\" \/>\n<link rel=\"canonical\" href=\"https:\/\/campingbujaleuf.com\/fr\/itineraires-de-randonnee-a-bujaleuf-et-dans-les-environs-en-limousin\/\" \/>\n<meta property=\"og:locale\" content=\"fr_FR\" \/>\n<meta property=\"og:type\" content=\"article\" \/>\n<meta property=\"og:title\" content=\"Itin\u00e9raires de randonn\u00e9e \u00e0 Bujaleuf et dans les environs en Limousin - Camping du Lac de Bujaleuf\" \/>\n<meta property=\"og:description\" content=\"Itin\u00e9raires de randonn\u00e9e avec GPX Randonn\u00e9es autour de Bujaleuf 10 &#8211; 15 km | Edit Les hauts de Bujaleuf Een wandeling van 11,5 km door bossen en la campagne. Met vergezichten over de Vall\u00e9e de la Maulde. 05 &#8211; 10 km | Edit Les trois villages de Bujaleuf Een wandeling van 10 km door Bujaleuf [&hellip;]\" \/>\n<meta property=\"og:url\" content=\"https:\/\/campingbujaleuf.com\/fr\/itineraires-de-randonnee-a-bujaleuf-et-dans-les-environs-en-limousin\/\" \/>\n<meta property=\"og:site_name\" content=\"Camping du Lac de Bujaleuf\" \/>\n<meta property=\"article:publisher\" content=\"https:\/\/business.facebook.com\/campingbujaleuf\/\" \/>\n<meta property=\"article:modified_time\" content=\"2026-01-06T21:11:52+00:00\" \/>\n<meta property=\"og:image\" content=\"https:\/\/campingbujaleuf.com\/wp-content\/uploads\/2025\/12\/les-hauts-de-bujaleuf-2-40x30.webp\" \/>\n<meta name=\"twitter:card\" content=\"summary_large_image\" \/>\n<meta name=\"twitter:label1\" content=\"Dur\u00e9e de lecture estim\u00e9e\" \/>\n\t<meta name=\"twitter:data1\" content=\"3 minutes\" \/>\n<script type=\"application\/ld+json\" class=\"yoast-schema-graph\">{\"@context\":\"https:\\\/\\\/schema.org\",\"@graph\":[{\"@type\":\"WebPage\",\"@id\":\"https:\\\/\\\/campingbujaleuf.com\\\/fr\\\/itineraires-de-randonnee-a-bujaleuf-et-dans-les-environs-en-limousin\\\/\",\"url\":\"https:\\\/\\\/campingbujaleuf.com\\\/fr\\\/itineraires-de-randonnee-a-bujaleuf-et-dans-les-environs-en-limousin\\\/\",\"name\":\"Itin\u00e9raires de randonn\u00e9e \u00e0 Bujaleuf et dans les environs en Limousin - Camping du Lac de Bujaleuf\",\"isPartOf\":{\"@id\":\"https:\\\/\\\/campingbujaleuf.com\\\/#website\"},\"primaryImageOfPage\":{\"@id\":\"https:\\\/\\\/campingbujaleuf.com\\\/fr\\\/itineraires-de-randonnee-a-bujaleuf-et-dans-les-environs-en-limousin\\\/#primaryimage\"},\"image\":{\"@id\":\"https:\\\/\\\/campingbujaleuf.com\\\/fr\\\/itineraires-de-randonnee-a-bujaleuf-et-dans-les-environs-en-limousin\\\/#primaryimage\"},\"thumbnailUrl\":\"https:\\\/\\\/campingbujaleuf.com\\\/wp-content\\\/uploads\\\/2025\\\/12\\\/les-hauts-de-bujaleuf-2-40x30.webp\",\"datePublished\":\"2025-12-14T19:14:55+00:00\",\"dateModified\":\"2026-01-06T21:11:52+00:00\",\"breadcrumb\":{\"@id\":\"https:\\\/\\\/campingbujaleuf.com\\\/fr\\\/itineraires-de-randonnee-a-bujaleuf-et-dans-les-environs-en-limousin\\\/#breadcrumb\"},\"inLanguage\":\"fr-FR\",\"potentialAction\":[{\"@type\":\"ReadAction\",\"target\":[\"https:\\\/\\\/campingbujaleuf.com\\\/fr\\\/itineraires-de-randonnee-a-bujaleuf-et-dans-les-environs-en-limousin\\\/\"]}]},{\"@type\":\"ImageObject\",\"inLanguage\":\"fr-FR\",\"@id\":\"https:\\\/\\\/campingbujaleuf.com\\\/fr\\\/itineraires-de-randonnee-a-bujaleuf-et-dans-les-environs-en-limousin\\\/#primaryimage\",\"url\":\"https:\\\/\\\/campingbujaleuf.com\\\/wp-content\\\/uploads\\\/2025\\\/12\\\/les-hauts-de-bujaleuf-2-40x30.webp\",\"contentUrl\":\"https:\\\/\\\/campingbujaleuf.com\\\/wp-content\\\/uploads\\\/2025\\\/12\\\/les-hauts-de-bujaleuf-2-40x30.webp\"},{\"@type\":\"BreadcrumbList\",\"@id\":\"https:\\\/\\\/campingbujaleuf.com\\\/fr\\\/itineraires-de-randonnee-a-bujaleuf-et-dans-les-environs-en-limousin\\\/#breadcrumb\",\"itemListElement\":[{\"@type\":\"ListItem\",\"position\":1,\"name\":\"Home\",\"item\":\"https:\\\/\\\/campingbujaleuf.com\\\/fr\\\/petit-camping-en-terrasses-en-france-avec-proprietaire-neerlandais\\\/\"},{\"@type\":\"ListItem\",\"position\":2,\"name\":\"Itin\u00e9raires de randonn\u00e9e \u00e0 Bujaleuf et dans les environs en Limousin\"}]},{\"@type\":\"WebSite\",\"@id\":\"https:\\\/\\\/campingbujaleuf.com\\\/#website\",\"url\":\"https:\\\/\\\/campingbujaleuf.com\\\/\",\"name\":\"Camping du Lac de Bujaleuf\",\"description\":\"C&#039;est Formidable \ud83e\udd29\",\"publisher\":{\"@id\":\"https:\\\/\\\/campingbujaleuf.com\\\/#organization\"},\"potentialAction\":[{\"@type\":\"SearchAction\",\"target\":{\"@type\":\"EntryPoint\",\"urlTemplate\":\"https:\\\/\\\/campingbujaleuf.com\\\/?s={search_term_string}\"},\"query-input\":{\"@type\":\"PropertyValueSpecification\",\"valueRequired\":true,\"valueName\":\"search_term_string\"}}],\"inLanguage\":\"fr-FR\"},{\"@type\":\"Organization\",\"@id\":\"https:\\\/\\\/campingbujaleuf.com\\\/#organization\",\"name\":\"Camping du Lac de Bujaleuf\",\"url\":\"https:\\\/\\\/campingbujaleuf.com\\\/\",\"logo\":{\"@type\":\"ImageObject\",\"inLanguage\":\"fr-FR\",\"@id\":\"https:\\\/\\\/campingbujaleuf.com\\\/#\\\/schema\\\/logo\\\/image\\\/\",\"url\":\"https:\\\/\\\/campingbujaleuf.com\\\/wp-content\\\/uploads\\\/2025\\\/10\\\/Camping-du-Lac-de-Bujaleuf-logo-top.webp\",\"contentUrl\":\"https:\\\/\\\/campingbujaleuf.com\\\/wp-content\\\/uploads\\\/2025\\\/10\\\/Camping-du-Lac-de-Bujaleuf-logo-top.webp\",\"width\":225,\"height\":84,\"caption\":\"Camping du Lac de Bujaleuf\"},\"image\":{\"@id\":\"https:\\\/\\\/campingbujaleuf.com\\\/#\\\/schema\\\/logo\\\/image\\\/\"},\"sameAs\":[\"https:\\\/\\\/business.facebook.com\\\/campingbujaleuf\\\/\",\"https:\\\/\\\/www.instagram.com\\\/campingbujaleuf\\\/\"]}]}<\/script>\n<!-- \/ Yoast SEO plugin. -->","yoast_head_json":{"title":"Itin\u00e9raires de randonn\u00e9e \u00e0 Bujaleuf et dans les environs en Limousin - Camping du Lac de Bujaleuf","robots":{"index":"index","follow":"follow","max-snippet":"max-snippet:-1","max-image-preview":"max-image-preview:large","max-video-preview":"max-video-preview:-1"},"canonical":"https:\/\/campingbujaleuf.com\/fr\/itineraires-de-randonnee-a-bujaleuf-et-dans-les-environs-en-limousin\/","og_locale":"fr_FR","og_type":"article","og_title":"Itin\u00e9raires de randonn\u00e9e \u00e0 Bujaleuf et dans les environs en Limousin - Camping du Lac de Bujaleuf","og_description":"Itin\u00e9raires de randonn\u00e9e avec GPX Randonn\u00e9es autour de Bujaleuf 10 &#8211; 15 km | Edit Les hauts de Bujaleuf Een wandeling van 11,5 km door bossen en la campagne. Met vergezichten over de Vall\u00e9e de la Maulde. 05 &#8211; 10 km | Edit Les trois villages de Bujaleuf Een wandeling van 10 km door Bujaleuf [&hellip;]","og_url":"https:\/\/campingbujaleuf.com\/fr\/itineraires-de-randonnee-a-bujaleuf-et-dans-les-environs-en-limousin\/","og_site_name":"Camping du Lac de Bujaleuf","article_publisher":"https:\/\/business.facebook.com\/campingbujaleuf\/","article_modified_time":"2026-01-06T21:11:52+00:00","og_image":[{"url":"https:\/\/campingbujaleuf.com\/wp-content\/uploads\/2025\/12\/les-hauts-de-bujaleuf-2-40x30.webp","type":"","width":"","height":""}],"twitter_card":"summary_large_image","twitter_misc":{"Dur\u00e9e de lecture estim\u00e9e":"3 minutes"},"schema":{"@context":"https:\/\/schema.org","@graph":[{"@type":"WebPage","@id":"https:\/\/campingbujaleuf.com\/fr\/itineraires-de-randonnee-a-bujaleuf-et-dans-les-environs-en-limousin\/","url":"https:\/\/campingbujaleuf.com\/fr\/itineraires-de-randonnee-a-bujaleuf-et-dans-les-environs-en-limousin\/","name":"Itin\u00e9raires de randonn\u00e9e \u00e0 Bujaleuf et dans les environs en Limousin - Camping du Lac de Bujaleuf","isPartOf":{"@id":"https:\/\/campingbujaleuf.com\/#website"},"primaryImageOfPage":{"@id":"https:\/\/campingbujaleuf.com\/fr\/itineraires-de-randonnee-a-bujaleuf-et-dans-les-environs-en-limousin\/#primaryimage"},"image":{"@id":"https:\/\/campingbujaleuf.com\/fr\/itineraires-de-randonnee-a-bujaleuf-et-dans-les-environs-en-limousin\/#primaryimage"},"thumbnailUrl":"https:\/\/campingbujaleuf.com\/wp-content\/uploads\/2025\/12\/les-hauts-de-bujaleuf-2-40x30.webp","datePublished":"2025-12-14T19:14:55+00:00","dateModified":"2026-01-06T21:11:52+00:00","breadcrumb":{"@id":"https:\/\/campingbujaleuf.com\/fr\/itineraires-de-randonnee-a-bujaleuf-et-dans-les-environs-en-limousin\/#breadcrumb"},"inLanguage":"fr-FR","potentialAction":[{"@type":"ReadAction","target":["https:\/\/campingbujaleuf.com\/fr\/itineraires-de-randonnee-a-bujaleuf-et-dans-les-environs-en-limousin\/"]}]},{"@type":"ImageObject","inLanguage":"fr-FR","@id":"https:\/\/campingbujaleuf.com\/fr\/itineraires-de-randonnee-a-bujaleuf-et-dans-les-environs-en-limousin\/#primaryimage","url":"https:\/\/campingbujaleuf.com\/wp-content\/uploads\/2025\/12\/les-hauts-de-bujaleuf-2-40x30.webp","contentUrl":"https:\/\/campingbujaleuf.com\/wp-content\/uploads\/2025\/12\/les-hauts-de-bujaleuf-2-40x30.webp"},{"@type":"BreadcrumbList","@id":"https:\/\/campingbujaleuf.com\/fr\/itineraires-de-randonnee-a-bujaleuf-et-dans-les-environs-en-limousin\/#breadcrumb","itemListElement":[{"@type":"ListItem","position":1,"name":"Home","item":"https:\/\/campingbujaleuf.com\/fr\/petit-camping-en-terrasses-en-france-avec-proprietaire-neerlandais\/"},{"@type":"ListItem","position":2,"name":"Itin\u00e9raires de randonn\u00e9e \u00e0 Bujaleuf et dans les environs en Limousin"}]},{"@type":"WebSite","@id":"https:\/\/campingbujaleuf.com\/#website","url":"https:\/\/campingbujaleuf.com\/","name":"Camping du Lac de Bujaleuf","description":"C&#039;est Formidable \ud83e\udd29","publisher":{"@id":"https:\/\/campingbujaleuf.com\/#organization"},"potentialAction":[{"@type":"SearchAction","target":{"@type":"EntryPoint","urlTemplate":"https:\/\/campingbujaleuf.com\/?s={search_term_string}"},"query-input":{"@type":"PropertyValueSpecification","valueRequired":true,"valueName":"search_term_string"}}],"inLanguage":"fr-FR"},{"@type":"Organization","@id":"https:\/\/campingbujaleuf.com\/#organization","name":"Camping du Lac de Bujaleuf","url":"https:\/\/campingbujaleuf.com\/","logo":{"@type":"ImageObject","inLanguage":"fr-FR","@id":"https:\/\/campingbujaleuf.com\/#\/schema\/logo\/image\/","url":"https:\/\/campingbujaleuf.com\/wp-content\/uploads\/2025\/10\/Camping-du-Lac-de-Bujaleuf-logo-top.webp","contentUrl":"https:\/\/campingbujaleuf.com\/wp-content\/uploads\/2025\/10\/Camping-du-Lac-de-Bujaleuf-logo-top.webp","width":225,"height":84,"caption":"Camping du Lac de Bujaleuf"},"image":{"@id":"https:\/\/campingbujaleuf.com\/#\/schema\/logo\/image\/"},"sameAs":["https:\/\/business.facebook.com\/campingbujaleuf\/","https:\/\/www.instagram.com\/campingbujaleuf\/"]}]}},"_links":{"self":[{"href":"https:\/\/campingbujaleuf.com\/fr\/wp-json\/wp\/v2\/pages\/4254","targetHints":{"allow":["GET"]}}],"collection":[{"href":"https:\/\/campingbujaleuf.com\/fr\/wp-json\/wp\/v2\/pages"}],"about":[{"href":"https:\/\/campingbujaleuf.com\/fr\/wp-json\/wp\/v2\/types\/page"}],"author":[{"embeddable":true,"href":"https:\/\/campingbujaleuf.com\/fr\/wp-json\/wp\/v2\/users\/1"}],"replies":[{"embeddable":true,"href":"https:\/\/campingbujaleuf.com\/fr\/wp-json\/wp\/v2\/comments?post=4254"}],"version-history":[{"count":8,"href":"https:\/\/campingbujaleuf.com\/fr\/wp-json\/wp\/v2\/pages\/4254\/revisions"}],"predecessor-version":[{"id":4881,"href":"https:\/\/campingbujaleuf.com\/fr\/wp-json\/wp\/v2\/pages\/4254\/revisions\/4881"}],"wp:attachment":[{"href":"https:\/\/campingbujaleuf.com\/fr\/wp-json\/wp\/v2\/media?parent=4254"}],"curies":[{"name":"wp","href":"https:\/\/api.w.org\/{rel}","templated":true}]}}