{"version":"1.0","provider_name":"Camping du Lac de Bujaleuf","provider_url":"https:\/\/campingbujaleuf.com\/fr\/","author_name":"Mike","author_url":"https:\/\/campingbujaleuf.com\/fr\/author\/info_s4idw57d\/","title":"Camping pour personnes \u00e0 mobilit\u00e9 r\u00e9duite - Camping du Lac de Bujaleuf","type":"rich","width":600,"height":338,"html":"<blockquote class=\"wp-embedded-content\" data-secret=\"vQ4gXVNH6p\"><a href=\"https:\/\/campingbujaleuf.com\/fr\/camping-pour-personnes-a-mobilite-reduite\/\">Camping pour personnes \u00e0 mobilit\u00e9 r\u00e9duite<\/a><\/blockquote><iframe sandbox=\"allow-scripts\" security=\"restricted\" src=\"https:\/\/campingbujaleuf.com\/fr\/camping-pour-personnes-a-mobilite-reduite\/embed\/#?secret=vQ4gXVNH6p\" width=\"600\" height=\"338\" title=\"\u00ab\u00a0Camping pour personnes \u00e0 mobilit\u00e9 r\u00e9duite\u00a0\u00bb &#8212; Camping du Lac de Bujaleuf\" data-secret=\"vQ4gXVNH6p\" frameborder=\"0\" marginwidth=\"0\" marginheight=\"0\" scrolling=\"no\" class=\"wp-embedded-content\"><\/iframe><script>\n\/*! This file is auto-generated *\/\n!function(d,l){\"use strict\";l.querySelector&&d.addEventListener&&\"undefined\"!=typeof URL&&(d.wp=d.wp||{},d.wp.receiveEmbedMessage||(d.wp.receiveEmbedMessage=function(e){var t=e.data;if((t||t.secret||t.message||t.value)&&!\/[^a-zA-Z0-9]\/.test(t.secret)){for(var s,r,n,a=l.querySelectorAll('iframe[data-secret=\"'+t.secret+'\"]'),o=l.querySelectorAll('blockquote[data-secret=\"'+t.secret+'\"]'),c=new RegExp(\"^https?:$\",\"i\"),i=0;i<o.length;i++)o[i].style.display=\"none\";for(i=0;i<a.length;i++)s=a[i],e.source===s.contentWindow&&(s.removeAttribute(\"style\"),\"height\"===t.message?(1e3<(r=parseInt(t.value,10))?r=1e3:~~r<200&&(r=200),s.height=r):\"link\"===t.message&&(r=new URL(s.getAttribute(\"src\")),n=new URL(t.value),c.test(n.protocol))&&n.host===r.host&&l.activeElement===s&&(d.top.location.href=t.value))}},d.addEventListener(\"message\",d.wp.receiveEmbedMessage,!1),l.addEventListener(\"DOMContentLoaded\",function(){for(var e,t,s=l.querySelectorAll(\"iframe.wp-embedded-content\"),r=0;r<s.length;r++)(t=(e=s[r]).getAttribute(\"data-secret\"))||(t=Math.random().toString(36).substring(2,12),e.src+=\"#?secret=\"+t,e.setAttribute(\"data-secret\",t)),e.contentWindow.postMessage({message:\"ready\",secret:t},\"*\")},!1)))}(window,document);\n\/\/# sourceURL=https:\/\/campingbujaleuf.com\/wp-includes\/js\/wp-embed.min.js\n<\/script>\n","description":"Accessibilit\u00e9 Camping pour personnes \u00e0 mobilit\u00e9 r\u00e9duite Pratique Utilisation gratuite du lave-linge, du s\u00e8che-linge et du cong\u00e9lateur. Installations Accessibilit\u00e9 pour personnes \u00e0 mobilit\u00e9 r\u00e9duite Nous souhaitons que chacun puisse profiter de vacances agr\u00e9ables dans cet environnement verdoyant, quelle que soit votre mobilit\u00e9. Nous proposons un certain nombre de services et d&rsquo;installations sp\u00e9cifiques pour les personnes [&hellip;]","thumbnail_url":"https:\/\/campingbujaleuf.com\/wp-content\/uploads\/2026\/01\/rolstoel-toegankelijk-camping-du-lac.webp"}