{"id":3689,"date":"2026-01-03T20:13:29","date_gmt":"2026-01-03T20:13:29","guid":{"rendered":"https:\/\/campingbujaleuf.com\/gaestebuch-rezensionen-und-bewertungen-von-camping-du-lac-de-bujaleuf\/"},"modified":"2026-01-06T21:11:47","modified_gmt":"2026-01-06T21:11:47","slug":"gaestebuch-rezensionen-und-bewertungen-von-camping-du-lac-de-bujaleuf","status":"publish","type":"page","link":"https:\/\/campingbujaleuf.com\/de\/gaestebuch-rezensionen-und-bewertungen-von-camping-du-lac-de-bujaleuf\/","title":{"rendered":"G\u00e4stebuch-Rezensionen und Bewertungen von Camping du Lac de Bujaleuf"},"content":{"rendered":"\t\t<div data-elementor-type=\"wp-page\" data-elementor-id=\"3689\" class=\"elementor elementor-3689 elementor-3249\" data-elementor-post-type=\"page\">\n\t\t\t\t<div class=\"aux-parallax-section elementor-element elementor-element-2c6ab6e e-flex e-con-boxed e-con e-parent\" data-id=\"2c6ab6e\" data-element_type=\"container\" data-e-type=\"container\" data-settings=\"{&quot;background_background&quot;:&quot;classic&quot;,&quot;shape_divider_bottom&quot;:&quot;waves&quot;}\">\n\t\t\t\t\t<div class=\"e-con-inner\">\n\t\t\t\t<div class=\"elementor-shape elementor-shape-bottom\" aria-hidden=\"true\" data-negative=\"false\">\n\t\t\t<svg xmlns=\"http:\/\/www.w3.org\/2000\/svg\" viewBox=\"0 0 1000 100\" preserveAspectRatio=\"none\">\n\t<path class=\"elementor-shape-fill\" d=\"M421.9,6.5c22.6-2.5,51.5,0.4,75.5,5.3c23.6,4.9,70.9,23.5,100.5,35.7c75.8,32.2,133.7,44.5,192.6,49.7\n\tc23.6,2.1,48.7,3.5,103.4-2.5c54.7-6,106.2-25.6,106.2-25.6V0H0v30.3c0,0,72,32.6,158.4,30.5c39.2-0.7,92.8-6.7,134-22.4\n\tc21.2-8.1,52.2-18.2,79.7-24.2C399.3,7.9,411.6,7.5,421.9,6.5z\"\/>\n<\/svg>\t\t<\/div>\n\t\t<div class=\"elementor-element elementor-element-7585c11 e-con-full e-flex e-con e-child\" data-id=\"7585c11\" data-element_type=\"container\" data-e-type=\"container\">\n\t\t\t\t<div class=\"elementor-element elementor-element-3ea28b1 aux-appear-watch-animation aux-slide-from-bot elementor-mobile-align-center elementor-icon-list--layout-traditional elementor-list-item-link-full_width elementor-widget elementor-widget-icon-list\" data-id=\"3ea28b1\" data-element_type=\"widget\" data-e-type=\"widget\" data-widget_type=\"icon-list.default\">\n\t\t\t\t<div class=\"elementor-widget-container\">\n\t\t\t\t\t\t\t<ul class=\"elementor-icon-list-items\">\n\t\t\t\t\t\t\t<li class=\"elementor-icon-list-item\">\n\t\t\t\t\t\t\t\t\t\t\t<span class=\"elementor-icon-list-icon\">\n\t\t\t\t\t\t\t<svg aria-hidden=\"true\" class=\"e-font-icon-svg e-far-circle\" viewBox=\"0 0 512 512\" xmlns=\"http:\/\/www.w3.org\/2000\/svg\"><path d=\"M256 8C119 8 8 119 8 256s111 248 248 248 248-111 248-248S393 8 256 8zm0 448c-110.5 0-200-89.5-200-200S145.5 56 256 56s200 89.5 200 200-89.5 200-200 200z\"><\/path><\/svg>\t\t\t\t\t\t<\/span>\n\t\t\t\t\t\t\t\t\t\t<span class=\"elementor-icon-list-text\">Bewertungen<\/span>\n\t\t\t\t\t\t\t\t\t<\/li>\n\t\t\t\t\t\t<\/ul>\n\t\t\t\t\t\t<\/div>\n\t\t\t\t<\/div>\n\t\t\t\t<div class=\"elementor-element elementor-element-9ca91f6 aux-appear-watch-animation aux-fade-in-up-1 elementor-widget elementor-widget-aux_modern_heading\" data-id=\"9ca91f6\" data-element_type=\"widget\" data-e-type=\"widget\" data-widget_type=\"aux_modern_heading.default\">\n\t\t\t\t<div class=\"elementor-widget-container\">\n\t\t\t\t\t<section class=\"aux-widget-modern-heading\">\n            <div class=\"aux-widget-inner\"><h1 class=\"aux-modern-heading-primary\"><\/h1><h1 class=\"aux-modern-heading-secondary\"><span class=\"aux-head-before\">Erfahrungen<\/span><span class=\"aux-head-highlight\"> von G\u00e4sten<\/span><\/h1><\/div>\n        <\/section>\t\t\t\t<\/div>\n\t\t\t\t<\/div>\n\t\t\t\t<\/div>\n\t\t\t\t\t<\/div>\n\t\t\t\t<\/div>\n\t\t<div class=\"aux-parallax-section elementor-element elementor-element-573b84a e-flex e-con-boxed e-con e-parent\" data-id=\"573b84a\" data-element_type=\"container\" data-e-type=\"container\">\n\t\t\t\t\t<div class=\"e-con-inner\">\n\t\t<div class=\"elementor-element elementor-element-35f4da5 e-con-full e-flex e-con e-child\" data-id=\"35f4da5\" data-element_type=\"container\" data-e-type=\"container\">\n\t\t\t\t<div class=\"elementor-element elementor-element-1651973 elementor-testimonial--skin-bubble elementor-testimonial--layout-image_inline elementor-testimonial--align-center elementor-arrows-yes elementor-pagination-type-bullets elementor-widget elementor-widget-testimonial-carousel\" data-id=\"1651973\" data-element_type=\"widget\" data-e-type=\"widget\" data-settings=\"{&quot;slides_per_view&quot;:&quot;3&quot;,&quot;slides_per_view_tablet&quot;:&quot;2&quot;,&quot;slides_to_scroll&quot;:&quot;2&quot;,&quot;slides_to_scroll_tablet&quot;:&quot;2&quot;,&quot;space_between&quot;:{&quot;unit&quot;:&quot;px&quot;,&quot;size&quot;:25,&quot;sizes&quot;:[]},&quot;show_arrows&quot;:&quot;yes&quot;,&quot;pagination&quot;:&quot;bullets&quot;,&quot;speed&quot;:500,&quot;autoplay&quot;:&quot;yes&quot;,&quot;autoplay_speed&quot;:5000,&quot;pause_on_hover&quot;:&quot;yes&quot;,&quot;pause_on_interaction&quot;:&quot;yes&quot;,&quot;space_between_tablet&quot;:{&quot;unit&quot;:&quot;px&quot;,&quot;size&quot;:10,&quot;sizes&quot;:[]},&quot;space_between_mobile&quot;:{&quot;unit&quot;:&quot;px&quot;,&quot;size&quot;:10,&quot;sizes&quot;:[]}}\" data-widget_type=\"testimonial-carousel.default\">\n\t\t\t\t<div class=\"elementor-widget-container\">\n\t\t\t\t\t\t\t\t\t<div class=\"elementor-swiper\">\n\t\t\t\t\t<div class=\"elementor-main-swiper swiper\" role=\"region\" aria-roledescription=\"carousel\" aria-label=\"Gastenboek\">\n\t\t\t\t<div class=\"swiper-wrapper\">\n\t\t\t\t\t\t\t\t\t\t\t<div class=\"swiper-slide\" role=\"group\" aria-roledescription=\"slide\">\n\t\t\t\t\t\t\t\t\t<div class=\"elementor-testimonial\">\n\t\t\t\t\t\t\t<div class=\"elementor-testimonial__content\">\n\t\t\t\t\t<div class=\"elementor-testimonial__text\">\n\t\t\t\t\t\t<p>\"Wir waren dieses Jahr zum dritten Mal auf dem Campingplatz Bujaleuf. Alles, was auf der Website steht, stimmt. Sch\u00f6ne gro\u00dfe Stellpl\u00e4tze, Mike und Marian sind sehr hilfsbereit, super saubere Sanit\u00e4ranlagen. Leckeres Essen vom Foodtruck. Die Umgebung ist noch nicht so touristisch, aber sehr lohnenswert. Gerne werden wir dann auch n\u00e4chstes Jahr wiederkommen. Gr\u00fc\u00dfe von uns.\"<\/p>\n\t\t\t\t\t<\/div>\n\t\t\t\t\t\t\t\t\t<\/div>\n\t\t\t\t\t\t<div class=\"elementor-testimonial__footer\">\n\t\t\t\t\t\t\t\t\t<div class=\"elementor-testimonial__image\">\n\t\t\t\t\t\t<img decoding=\"async\" src=\"https:\/\/campingbujaleuf.com\/wp-content\/uploads\/2025\/10\/Camping-du-Lac-vlinder-blue.webp\" alt=\"Hans &amp; Truus\">\n\t\t\t\t\t\t\t\t\t\t\t<\/div>\n\t\t\t\t\t\t\t\t<cite class=\"elementor-testimonial__cite\"><span class=\"elementor-testimonial__name\">Hans &amp; Truus<\/span><span class=\"elementor-testimonial__title\">G\u00e4stebuch '25<\/span><\/cite>\t\t\t<\/div>\n\t\t<\/div>\n\t\t\t\t\t\t\t\t<\/div>\n\t\t\t\t\t\t\t\t\t\t\t<div class=\"swiper-slide\" role=\"group\" aria-roledescription=\"slide\">\n\t\t\t\t\t\t\t\t\t<div class=\"elementor-testimonial\">\n\t\t\t\t\t\t\t<div class=\"elementor-testimonial__content\">\n\t\t\t\t\t<div class=\"elementor-testimonial__text\">\n\t\t\t\t\t\t<p>\"Dieses Jahr zum ersten Mal auf dem Campingplatz gewesen. Wurden sehr freundlich von Mike und Marian empfangen. Standen auch sofort bereit, wenn es ein Problem gab (Autobatterie). Unsere Hunde hatten auch einen Top-Urlaub, denn sie konnten an verschiedenen Stellen ins Wasser. Herrlich wandern in einer super sch\u00f6nen Umgebung. Sch\u00f6ner, ruhiger Campingplatz und die Duschen und Toiletten sind sehr sauber. Ein echter Tipp, herrlich genossen! Vielen Dank\"<\/p>\n\t\t\t\t\t<\/div>\n\t\t\t\t\t\t\t\t\t<\/div>\n\t\t\t\t\t\t<div class=\"elementor-testimonial__footer\">\n\t\t\t\t\t\t\t\t\t<div class=\"elementor-testimonial__image\">\n\t\t\t\t\t\t<img decoding=\"async\" src=\"https:\/\/campingbujaleuf.com\/wp-content\/uploads\/2025\/10\/Camping-du-Lac-vlinder-blue.webp\" alt=\"Hilde &amp; Erwin\">\n\t\t\t\t\t\t\t\t\t\t\t<\/div>\n\t\t\t\t\t\t\t\t<cite class=\"elementor-testimonial__cite\"><span class=\"elementor-testimonial__name\">Hilde &amp; Erwin<\/span><span class=\"elementor-testimonial__title\">G\u00e4stebuch '25<\/span><\/cite>\t\t\t<\/div>\n\t\t<\/div>\n\t\t\t\t\t\t\t\t<\/div>\n\t\t\t\t\t\t\t\t\t\t\t<div class=\"swiper-slide\" role=\"group\" aria-roledescription=\"slide\">\n\t\t\t\t\t\t\t\t\t<div class=\"elementor-testimonial\">\n\t\t\t\t\t\t\t<div class=\"elementor-testimonial__content\">\n\t\t\t\t\t<div class=\"elementor-testimonial__text\">\n\t\t\t\t\t\t<p>\"Dieser gem\u00fctliche und sympathische Campingplatz bietet alles, was das Camperherz begehrt: wundersch\u00f6ne, gro\u00dfe Stellpl\u00e4tze mit sch\u00f6ner Aussicht und viel Privatsph\u00e4re, super saubere Sanit\u00e4ranlagen und warme Duschen. Das Brot wird morgens an Ihren Wohnwagen geliefert. Im Foodtruck werden k\u00f6stliche Mahlzeiten zum Mitnehmen zubereitet, sogar vegetarisch, wenn gew\u00fcnscht. Der Campingplatz hat einen sch\u00f6nen Trainingsparcours f\u00fcr Hunde, es scharren H\u00fchner herum und es gibt ein gut gef\u00fclltes B\u00fccherregal. Und man kann herrlich im See schwimmen.<br \/>\nAlles in allem ein super Campingplatz, wo Mike und Marian alles tun, um es den G\u00e4sten recht zu machen. Dieser Campingplatz verdient wirklich mehr als die 2 Sterne, die er jetzt hat. Eine Empfehlung also.\"      <\/p>\n\t\t\t\t\t<\/div>\n\t\t\t\t\t\t\t\t\t<\/div>\n\t\t\t\t\t\t<div class=\"elementor-testimonial__footer\">\n\t\t\t\t\t\t\t\t\t<div class=\"elementor-testimonial__image\">\n\t\t\t\t\t\t<img decoding=\"async\" src=\"https:\/\/campingbujaleuf.com\/wp-content\/uploads\/2025\/10\/Camping-du-Lac-vlinder-blue.webp\" alt=\"Fonnie &amp; Mieke\">\n\t\t\t\t\t\t\t\t\t\t\t<\/div>\n\t\t\t\t\t\t\t\t<cite class=\"elementor-testimonial__cite\"><span class=\"elementor-testimonial__name\">Fonnie &amp; Mieke<\/span><span class=\"elementor-testimonial__title\">G\u00e4stebuch '25<\/span><\/cite>\t\t\t<\/div>\n\t\t<\/div>\n\t\t\t\t\t\t\t\t<\/div>\n\t\t\t\t\t\t\t\t\t\t\t<div class=\"swiper-slide\" role=\"group\" aria-roledescription=\"slide\">\n\t\t\t\t\t\t\t\t\t<div class=\"elementor-testimonial\">\n\t\t\t\t\t\t\t<div class=\"elementor-testimonial__content\">\n\t\t\t\t\t<div class=\"elementor-testimonial__text\">\n\t\t\t\t\t\t<p>\"Toller Campingplatz, herrliche Aussicht und was f\u00fcr eine Ruhe. Jeden Abend k\u00f6nnen k\u00f6stliche Mahlzeiten bestellt werden, unsere Hunde hatten auch einen Top-Urlaub, sehr hundefreundlich. Ein Top-Team Mike, Marian und nat\u00fcrlich die Kinder, die auch regelm\u00e4\u00dfig mithelfen.\"<\/p>\n\t\t\t\t\t<\/div>\n\t\t\t\t\t\t\t\t\t<\/div>\n\t\t\t\t\t\t<div class=\"elementor-testimonial__footer\">\n\t\t\t\t\t\t\t\t\t<div class=\"elementor-testimonial__image\">\n\t\t\t\t\t\t<img decoding=\"async\" src=\"https:\/\/campingbujaleuf.com\/wp-content\/uploads\/2025\/10\/Camping-du-Lac-vlinder-blue.webp\" alt=\"Sandra &amp; Tom\">\n\t\t\t\t\t\t\t\t\t\t\t<\/div>\n\t\t\t\t\t\t\t\t<cite class=\"elementor-testimonial__cite\"><span class=\"elementor-testimonial__name\">Sandra &amp; Tom<\/span><span class=\"elementor-testimonial__title\">G\u00e4stebuch '24<\/span><\/cite>\t\t\t<\/div>\n\t\t<\/div>\n\t\t\t\t\t\t\t\t<\/div>\n\t\t\t\t\t\t\t\t\t\t\t<div class=\"swiper-slide\" role=\"group\" aria-roledescription=\"slide\">\n\t\t\t\t\t\t\t\t\t<div class=\"elementor-testimonial\">\n\t\t\t\t\t\t\t<div class=\"elementor-testimonial__content\">\n\t\t\t\t\t<div class=\"elementor-testimonial__text\">\n\t\t\t\t\t\t<p>\"Dieses Jahr zum ersten Mal mit einem Camper unterwegs und kamen auf Du Lac aus, jahrelang nicht mehr gecampt\u263a\ufe0f aber was f\u00fcr ein netter Empfang, alles ist m\u00f6glich, sch\u00f6ne Pl\u00e4tze, sehr ger\u00e4umig und eine fantastische Aussicht \ud83e\udd29 wir haben ein paar Mal das Abholmen\u00fc genutzt und daf\u00fcr werde ich selbst nicht kochen, herrlich! Echter Urlaub, auch f\u00fcr unseren treuen Vierbeiner Bob, der einen Urlaub seines Lebens hatte, herrlich wandern in einer super sch\u00f6nen Umgebung. Radfahren, obwohl die H\u00fcgel manchmal etwas schwer waren und jeden Tag schwimmen im sch\u00f6nen See. Auch w\u00e4hrend der Wanderungen ab und zu ein Sprung. Sch\u00f6ner, ruhiger Campingplatz und die Duschen und Toiletten sind sehr sauber. Ein echter Tipp, herrlich genossen! Vielen Dank Mike &amp; Marian.\"<\/p>\n\t\t\t\t\t<\/div>\n\t\t\t\t\t\t\t\t\t<\/div>\n\t\t\t\t\t\t<div class=\"elementor-testimonial__footer\">\n\t\t\t\t\t\t\t\t\t<div class=\"elementor-testimonial__image\">\n\t\t\t\t\t\t<img decoding=\"async\" src=\"https:\/\/campingbujaleuf.com\/wp-content\/uploads\/2025\/10\/Camping-du-Lac-vlinder-blue.webp\" alt=\"Anonym &#039;24\">\n\t\t\t\t\t\t\t\t\t\t\t<\/div>\n\t\t\t\t\t\t\t\t<cite class=\"elementor-testimonial__cite\"><span class=\"elementor-testimonial__name\">Anonym '24<\/span><span class=\"elementor-testimonial__title\">G\u00e4stebuch<\/span><\/cite>\t\t\t<\/div>\n\t\t<\/div>\n\t\t\t\t\t\t\t\t<\/div>\n\t\t\t\t\t\t\t\t\t\t\t<div class=\"swiper-slide\" role=\"group\" aria-roledescription=\"slide\">\n\t\t\t\t\t\t\t\t\t<div class=\"elementor-testimonial\">\n\t\t\t\t\t\t\t<div class=\"elementor-testimonial__content\">\n\t\t\t\t\t<div class=\"elementor-testimonial__text\">\n\t\t\t\t\t\t<p>\"War zum ersten Mal auf dem Campingplatz und wurde sehr freundlich von Mike und Marian empfangen, guter Campingplatz zum Ausruhen, kein L\u00e4rm und dann noch das Essen, das von Marian zubereitet wurde, sehr lecker und genug auch sehr hundefreundlich. F\u00fcr die Kinder gibt es 200 Meter entfernt einen Sandstrand und es ist ein Retter anwesend, haben auch Leute aus Gent kennengelernt und auch ein Paar aus Neuseeland. Dieser Campingplatz ist auf jeden Fall eine Wiederholung wert. Hoffen, dass wir n\u00e4chstes Jahr zur\u00fcck k\u00f6nnen. Mit freundlichen Gr\u00fc\u00dfen.\"<\/p>\n\t\t\t\t\t<\/div>\n\t\t\t\t\t\t\t\t\t<\/div>\n\t\t\t\t\t\t<div class=\"elementor-testimonial__footer\">\n\t\t\t\t\t\t\t\t\t<div class=\"elementor-testimonial__image\">\n\t\t\t\t\t\t<img decoding=\"async\" src=\"https:\/\/campingbujaleuf.com\/wp-content\/uploads\/2025\/10\/Camping-du-Lac-vlinder-blue.webp\" alt=\"Fran\u00e7ois &amp; Fran\u00e7oise\">\n\t\t\t\t\t\t\t\t\t\t\t<\/div>\n\t\t\t\t\t\t\t\t<cite class=\"elementor-testimonial__cite\"><span class=\"elementor-testimonial__name\">Fran\u00e7ois &amp; Fran\u00e7oise<\/span><span class=\"elementor-testimonial__title\">G\u00e4stebuch '24<\/span><\/cite>\t\t\t<\/div>\n\t\t<\/div>\n\t\t\t\t\t\t\t\t<\/div>\n\t\t\t\t\t\t\t\t\t\t\t<div class=\"swiper-slide\" role=\"group\" aria-roledescription=\"slide\">\n\t\t\t\t\t\t\t\t\t<div class=\"elementor-testimonial\">\n\t\t\t\t\t\t\t<div class=\"elementor-testimonial__content\">\n\t\t\t\t\t<div class=\"elementor-testimonial__text\">\n\t\t\t\t\t\t<p>\"Wenn man den Durchschnittswert dieser Bewertungen berechnet, kommt man schnell auf eine 9!! Das sagt genug. Wir sind hierher gekommen und sind 5 Wochen h\u00e4ngen geblieben...Details muss ich nicht geben, es stimmt alles. Super gut.\"<\/p>\n\t\t\t\t\t<\/div>\n\t\t\t\t\t\t\t\t\t<\/div>\n\t\t\t\t\t\t<div class=\"elementor-testimonial__footer\">\n\t\t\t\t\t\t\t\t\t<div class=\"elementor-testimonial__image\">\n\t\t\t\t\t\t<img decoding=\"async\" src=\"https:\/\/campingbujaleuf.com\/wp-content\/uploads\/2025\/10\/Camping-du-Lac-vlinder-blue.webp\" alt=\"Theo\">\n\t\t\t\t\t\t\t\t\t\t\t<\/div>\n\t\t\t\t\t\t\t\t<cite class=\"elementor-testimonial__cite\"><span class=\"elementor-testimonial__name\">Theo<\/span><span class=\"elementor-testimonial__title\">G\u00e4stebuch '24<\/span><\/cite>\t\t\t<\/div>\n\t\t<\/div>\n\t\t\t\t\t\t\t\t<\/div>\n\t\t\t\t\t\t\t\t\t\t\t<div class=\"swiper-slide\" role=\"group\" aria-roledescription=\"slide\">\n\t\t\t\t\t\t\t\t\t<div class=\"elementor-testimonial\">\n\t\t\t\t\t\t\t<div class=\"elementor-testimonial__content\">\n\t\t\t\t\t<div class=\"elementor-testimonial__text\">\n\t\t\t\t\t\t<p>\"Wenn Sie auf der Suche nach einem ruhigen Campingplatz in einer nicht-touristischen Umgebung sind, ist dieser Campingplatz ideal. Gelegen an einem sch\u00f6nen See und umgeben von Gr\u00fcn, bietet der Campingplatz viele Wanderm\u00f6glichkeiten direkt vom Gel\u00e4nde und in der Umgebung. Perfekt f\u00fcr einen Urlaub mit dem Hund! Marian, Mike und ihre S\u00f6hne tun alles, um es ihren G\u00e4sten recht zu machen. Das Toilettengeb\u00e4ude wird gut gepflegt und die Stellpl\u00e4tze sind ger\u00e4umig und ordentlich. Der Foodtruck ist eine tolle Erg\u00e4nzung zum Campingplatz. Jeden Tag gibt es ein anderes leckeres Gericht! Wir hatten einen sch\u00f6nen Urlaub!\"<\/p>\n\t\t\t\t\t<\/div>\n\t\t\t\t\t\t\t\t\t<\/div>\n\t\t\t\t\t\t<div class=\"elementor-testimonial__footer\">\n\t\t\t\t\t\t\t\t\t<div class=\"elementor-testimonial__image\">\n\t\t\t\t\t\t<img decoding=\"async\" src=\"https:\/\/campingbujaleuf.com\/wp-content\/uploads\/2025\/10\/Camping-du-Lac-vlinder-blue.webp\" alt=\"Marcel &amp; Angelien\">\n\t\t\t\t\t\t\t\t\t\t\t<\/div>\n\t\t\t\t\t\t\t\t<cite class=\"elementor-testimonial__cite\"><span class=\"elementor-testimonial__name\">Marcel &amp; Angelien<\/span><span class=\"elementor-testimonial__title\">G\u00e4stebuch '24<\/span><\/cite>\t\t\t<\/div>\n\t\t<\/div>\n\t\t\t\t\t\t\t\t<\/div>\n\t\t\t\t\t\t\t\t\t\t\t<div class=\"swiper-slide\" role=\"group\" aria-roledescription=\"slide\">\n\t\t\t\t\t\t\t\t\t<div class=\"elementor-testimonial\">\n\t\t\t\t\t\t\t<div class=\"elementor-testimonial__content\">\n\t\t\t\t\t<div class=\"elementor-testimonial__text\">\n\t\t\t\t\t\t<p>\"Wir sind sprachlos, was f\u00fcr ein Juwel, was f\u00fcr ein gastfreundlicher, freundlicher Empfang. Heute Abend Gado Gado im Foodtruck, ach warum nicht, Fahrt hinter uns, ein wenig einleben und dann auch noch kochen, nein. Als einigerma\u00dfen erfahrener Experte hatte ich meine Zweifel an dem Gado, aber trotzdem mal probieren, wer nicht wagt, der nicht gewinnt. Was war es lecker, Klebreis, Kroepoek, Bohnen. K\u00f6stlich, die Schale ausgeleckt, noch ein Eis dazu. Jetzt kurz ausruhen. Soll ich es schreiben? Wenn es positiv ist, besonders wenn man die Preise dieses Sterne-Campingplatzes mit Sterne-Foodtruck sieht, wird er bald von Besuchern \u00fcberflutet, wollen wir das? Nichts sagen tut den Betreibern kein Recht, also tun wir es doch, auf die Gefahr hin, dass der Campingplatz \u00fcberf\u00fcllt wird. Terima kassi, (Danke) es war wirklich bagus (gut) Das Selamat makan (Guten Appetit) im Voraus war berechtigt. Wir kommen auf jeden Fall wieder.\"<\/p>\n\t\t\t\t\t<\/div>\n\t\t\t\t\t\t\t\t\t<\/div>\n\t\t\t\t\t\t<div class=\"elementor-testimonial__footer\">\n\t\t\t\t\t\t\t\t\t<div class=\"elementor-testimonial__image\">\n\t\t\t\t\t\t<img decoding=\"async\" src=\"https:\/\/campingbujaleuf.com\/wp-content\/uploads\/2025\/10\/Camping-du-Lac-vlinder-blue.webp\" alt=\"Tessa &amp; Ger\">\n\t\t\t\t\t\t\t\t\t\t\t<\/div>\n\t\t\t\t\t\t\t\t<cite class=\"elementor-testimonial__cite\"><span class=\"elementor-testimonial__name\">Tessa &amp; Ger<\/span><span class=\"elementor-testimonial__title\">G\u00e4stebuch '24<\/span><\/cite>\t\t\t<\/div>\n\t\t<\/div>\n\t\t\t\t\t\t\t\t<\/div>\n\t\t\t\t\t\t\t\t\t\t\t<div class=\"swiper-slide\" role=\"group\" aria-roledescription=\"slide\">\n\t\t\t\t\t\t\t\t\t<div class=\"elementor-testimonial\">\n\t\t\t\t\t\t\t<div class=\"elementor-testimonial__content\">\n\t\t\t\t\t<div class=\"elementor-testimonial__text\">\n\t\t\t\t\t\t<p>\"Wundersch\u00f6ner Terrassencampingplatz mit sehr gro\u00dfen Stellpl\u00e4tzen. Ausgezeichnete Sanit\u00e4ranlagen und toller Mahlzeitenservice. Mike und Marian sind sehr engagierte Gast-'Eltern'. Auch die Umgebung ist wundersch\u00f6n, ideal zum Wandern.\"<\/p>\n\t\t\t\t\t<\/div>\n\t\t\t\t\t\t\t\t\t<\/div>\n\t\t\t\t\t\t<div class=\"elementor-testimonial__footer\">\n\t\t\t\t\t\t\t\t\t<div class=\"elementor-testimonial__image\">\n\t\t\t\t\t\t<img decoding=\"async\" src=\"https:\/\/campingbujaleuf.com\/wp-content\/uploads\/2025\/10\/Camping-du-Lac-vlinder-blue.webp\" alt=\"Tineke &amp; Herman\">\n\t\t\t\t\t\t\t\t\t\t\t<\/div>\n\t\t\t\t\t\t\t\t<cite class=\"elementor-testimonial__cite\"><span class=\"elementor-testimonial__name\">Tineke &amp; Herman<\/span><span class=\"elementor-testimonial__title\">G\u00e4stebuch '24<\/span><\/cite>\t\t\t<\/div>\n\t\t<\/div>\n\t\t\t\t\t\t\t\t<\/div>\n\t\t\t\t\t\t\t\t\t\t\t<div class=\"swiper-slide\" role=\"group\" aria-roledescription=\"slide\">\n\t\t\t\t\t\t\t\t\t<div class=\"elementor-testimonial\">\n\t\t\t\t\t\t\t<div class=\"elementor-testimonial__content\">\n\t\t\t\t\t<div class=\"elementor-testimonial__text\">\n\t\t\t\t\t\t<p>\"Sehr gastfreundlicher Campingplatz, der von Marian und Mike mit dem n\u00f6tigen Humor gef\u00fchrt wird. Der Blick \u00fcber den Lac Ste H\u00e9l\u00e8ne ist besonders fr\u00fchmorgens oder abends vor Sonnenuntergang bezaubernd. Die Stellpl\u00e4tze sind sehr ger\u00e4umig und die Sanit\u00e4ranlagen werden mehrmals t\u00e4glich gereinigt. Die Mahlzeiten aus dem Foodtruck sind ideal f\u00fcr jemanden, der nicht so gut im Herumfummeln auf\/mit einem Campinggaz ist. Eigentlich ist diese Bewertung sehr unklug, bald ist kein Platz mehr f\u00fcr uns.....\ud83d\ude09\"<\/p>\n\t\t\t\t\t<\/div>\n\t\t\t\t\t\t\t\t\t<\/div>\n\t\t\t\t\t\t<div class=\"elementor-testimonial__footer\">\n\t\t\t\t\t\t\t\t\t<div class=\"elementor-testimonial__image\">\n\t\t\t\t\t\t<img decoding=\"async\" src=\"https:\/\/campingbujaleuf.com\/wp-content\/uploads\/2025\/10\/Camping-du-Lac-vlinder-blue.webp\" alt=\"Pim &amp; H\u00e9l\u00e8ne\">\n\t\t\t\t\t\t\t\t\t\t\t<\/div>\n\t\t\t\t\t\t\t\t<cite class=\"elementor-testimonial__cite\"><span class=\"elementor-testimonial__name\">Pim &amp; H\u00e9l\u00e8ne<\/span><span class=\"elementor-testimonial__title\">G\u00e4stebuch<\/span><\/cite>\t\t\t<\/div>\n\t\t<\/div>\n\t\t\t\t\t\t\t\t<\/div>\n\t\t\t\t\t\t\t\t\t\t\t<div class=\"swiper-slide\" role=\"group\" aria-roledescription=\"slide\">\n\t\t\t\t\t\t\t\t\t<div class=\"elementor-testimonial\">\n\t\t\t\t\t\t\t<div class=\"elementor-testimonial__content\">\n\t\t\t\t\t<div class=\"elementor-testimonial__text\">\n\t\t\t\t\t\t<p>\"Wir hatten einen wundersch\u00f6nen Urlaub auf eurem sch\u00f6nen Campingplatz, lecker gegessen bei Marianne ihrem Foodtruck, besonders der Feu au Pot ist sehr zu empfehlen. Au\u00dferdem ist die Atmosph\u00e4re so entspannt, dass man schnell zur Ruhe kommt. Kurz gesagt, gerne bis n\u00e4chstes Jahr. Gr\u00fc\u00dfe.\"<\/p>\n\t\t\t\t\t<\/div>\n\t\t\t\t\t\t\t\t\t<\/div>\n\t\t\t\t\t\t<div class=\"elementor-testimonial__footer\">\n\t\t\t\t\t\t\t\t\t<div class=\"elementor-testimonial__image\">\n\t\t\t\t\t\t<img decoding=\"async\" src=\"https:\/\/campingbujaleuf.com\/wp-content\/uploads\/2025\/10\/Camping-du-Lac-vlinder-blue.webp\" alt=\"Fran &amp; Helga\">\n\t\t\t\t\t\t\t\t\t\t\t<\/div>\n\t\t\t\t\t\t\t\t<cite class=\"elementor-testimonial__cite\"><span class=\"elementor-testimonial__name\">Fran &amp; Helga<\/span><span class=\"elementor-testimonial__title\">G\u00e4stebuch<\/span><\/cite>\t\t\t<\/div>\n\t\t<\/div>\n\t\t\t\t\t\t\t\t<\/div>\n\t\t\t\t\t\t\t\t\t\t\t<div class=\"swiper-slide\" role=\"group\" aria-roledescription=\"slide\">\n\t\t\t\t\t\t\t\t\t<div class=\"elementor-testimonial\">\n\t\t\t\t\t\t\t<div class=\"elementor-testimonial__content\">\n\t\t\t\t\t<div class=\"elementor-testimonial__text\">\n\t\t\t\t\t\t<p>\"Was f\u00fcr ein super gem\u00fctlicher Campingplatz. Netter Empfang. Wir durften uns selbst einen Platz aussuchen. Es wird gekocht und man kann sich f\u00fcr k\u00f6stliche Mahlzeiten anmelden. Duschen und WC sind sehr sauber. Direkt am See, wo man Kanu fahren, Tretboot fahren, suppen und schwimmen kann. Wundersch\u00f6ne Umgebung. Mucksm\u00e4uschenstill am Abend. The place to be.\"<\/p>\n\t\t\t\t\t<\/div>\n\t\t\t\t\t\t\t\t\t<\/div>\n\t\t\t\t\t\t<div class=\"elementor-testimonial__footer\">\n\t\t\t\t\t\t\t\t\t<div class=\"elementor-testimonial__image\">\n\t\t\t\t\t\t<img decoding=\"async\" src=\"https:\/\/campingbujaleuf.com\/wp-content\/uploads\/2025\/10\/Camping-du-Lac-vlinder-blue.webp\" alt=\"Anoniem\">\n\t\t\t\t\t\t\t\t\t\t\t<\/div>\n\t\t\t\t\t\t\t\t<cite class=\"elementor-testimonial__cite\"><span class=\"elementor-testimonial__name\">Anoniem<\/span><span class=\"elementor-testimonial__title\">G\u00e4stebuch<\/span><\/cite>\t\t\t<\/div>\n\t\t<\/div>\n\t\t\t\t\t\t\t\t<\/div>\n\t\t\t\t\t\t\t\t\t\t\t<div class=\"swiper-slide\" role=\"group\" aria-roledescription=\"slide\">\n\t\t\t\t\t\t\t\t\t<div class=\"elementor-testimonial\">\n\t\t\t\t\t\t\t<div class=\"elementor-testimonial__content\">\n\t\t\t\t\t<div class=\"elementor-testimonial__text\">\n\t\t\t\t\t\t<p>\"Wundersch\u00f6ne Lage direkt an einem See mit etwas weiter entfernt einem Strand, Terrassencampingplatz, gut f\u00fcr die Waden \ud83d\ude09 Wir wohnten im Retro-Wohnwagen, der stilvoll und ordentlich renoviert ist und mit allem Komfort ausgestattet ist. Komplett mit Bettw\u00e4sche, Handt\u00fcchern, Mikrowelle usw., Sie brauchen also nur Ihre Kleidung mitzubringen. Sehr freundliche und hilfsbereite Besitzer. T\u00e4gliche Mahlzeiten auf dem Campingplatz zum Abholen oder vor Ort zu genie\u00dfen, gem\u00fctlich das Apero am Samstag, Kennenlernen mit Getr\u00e4nk und einem Snack. Umgebung mit netten M\u00e4rkten in der N\u00e4he, sch\u00f6ne kurvenreiche Stra\u00dfen, viele Rad- und Wanderwege. Wir hatten es herrlich.\"<\/p>\n\t\t\t\t\t<\/div>\n\t\t\t\t\t\t\t\t\t<\/div>\n\t\t\t\t\t\t<div class=\"elementor-testimonial__footer\">\n\t\t\t\t\t\t\t\t\t<div class=\"elementor-testimonial__image\">\n\t\t\t\t\t\t<img decoding=\"async\" src=\"https:\/\/campingbujaleuf.com\/wp-content\/uploads\/2025\/10\/Camping-du-Lac-vlinder-blue.webp\" alt=\"Arnold &amp; Yvon\">\n\t\t\t\t\t\t\t\t\t\t\t<\/div>\n\t\t\t\t\t\t\t\t<cite class=\"elementor-testimonial__cite\"><span class=\"elementor-testimonial__name\">Arnold &amp; Yvon<\/span><span class=\"elementor-testimonial__title\">G\u00e4stebuch<\/span><\/cite>\t\t\t<\/div>\n\t\t<\/div>\n\t\t\t\t\t\t\t\t<\/div>\n\t\t\t\t\t\t\t\t\t\t\t<div class=\"swiper-slide\" role=\"group\" aria-roledescription=\"slide\">\n\t\t\t\t\t\t\t\t\t<div class=\"elementor-testimonial\">\n\t\t\t\t\t\t\t<div class=\"elementor-testimonial__content\">\n\t\t\t\t\t<div class=\"elementor-testimonial__text\">\n\t\t\t\t\t\t<p>\"Was f\u00fcr ein toller Campingplatz. 5 Wochen gestanden. Wundersch\u00f6ne Umgebung. Fantastische Betreiber, Mike und Marian danke.\"<\/p>\n\t\t\t\t\t<\/div>\n\t\t\t\t\t\t\t\t\t<\/div>\n\t\t\t\t\t\t<div class=\"elementor-testimonial__footer\">\n\t\t\t\t\t\t\t\t\t<div class=\"elementor-testimonial__image\">\n\t\t\t\t\t\t<img decoding=\"async\" src=\"https:\/\/campingbujaleuf.com\/wp-content\/uploads\/2025\/10\/Camping-du-Lac-vlinder-blue.webp\" alt=\"Ad &amp; Annie\">\n\t\t\t\t\t\t\t\t\t\t\t<\/div>\n\t\t\t\t\t\t\t\t<cite class=\"elementor-testimonial__cite\"><span class=\"elementor-testimonial__name\">Ad &amp; Annie<\/span><span class=\"elementor-testimonial__title\">G\u00e4stebuch<\/span><\/cite>\t\t\t<\/div>\n\t\t<\/div>\n\t\t\t\t\t\t\t\t<\/div>\n\t\t\t\t\t\t\t\t\t\t\t<div class=\"swiper-slide\" role=\"group\" aria-roledescription=\"slide\">\n\t\t\t\t\t\t\t\t\t<div class=\"elementor-testimonial\">\n\t\t\t\t\t\t\t<div class=\"elementor-testimonial__content\">\n\t\t\t\t\t<div class=\"elementor-testimonial__text\">\n\t\t\t\t\t\t<p>\"Marian und Mike, danke f\u00fcr einen tollen Urlaub auf eurem wundersch\u00f6nen Campingplatz! Wir haben es genossen, sowohl den sch\u00f6nen Platz als auch das leckere Essen von Chef Richard! Und was f\u00fcr eine nette Geste, dass sowohl Waschmaschine als auch Trockner kostenlos sind! Das erste Mal, dass wir das erlebt haben. Und selbst bei regnerischem Wetter waren die Sanit\u00e4ranlagen sehr sauber.\"<\/p>\n\t\t\t\t\t<\/div>\n\t\t\t\t\t\t\t\t\t<\/div>\n\t\t\t\t\t\t<div class=\"elementor-testimonial__footer\">\n\t\t\t\t\t\t\t\t\t<div class=\"elementor-testimonial__image\">\n\t\t\t\t\t\t<img decoding=\"async\" src=\"https:\/\/campingbujaleuf.com\/wp-content\/uploads\/2025\/10\/Camping-du-Lac-vlinder-blue.webp\" alt=\"Kathy\">\n\t\t\t\t\t\t\t\t\t\t\t<\/div>\n\t\t\t\t\t\t\t\t<cite class=\"elementor-testimonial__cite\"><span class=\"elementor-testimonial__name\">Kathy<\/span><span class=\"elementor-testimonial__title\">G\u00e4stebuch<\/span><\/cite>\t\t\t<\/div>\n\t\t<\/div>\n\t\t\t\t\t\t\t\t<\/div>\n\t\t\t\t\t\t\t\t\t\t\t<div class=\"swiper-slide\" role=\"group\" aria-roledescription=\"slide\">\n\t\t\t\t\t\t\t\t\t<div class=\"elementor-testimonial\">\n\t\t\t\t\t\t\t<div class=\"elementor-testimonial__content\">\n\t\t\t\t\t<div class=\"elementor-testimonial__text\">\n\t\t\t\t\t\t<p>\"Was f\u00fcr ein feiner Campingplatz mit fantastisch gro\u00dfen Pl\u00e4tzen. Die Besitzer sind sehr hilfsbereit und freundlich. Die Kleinteiligkeit macht es zu einem sch\u00f6nen Ort, um zu verweilen. Wir kommen gerne noch einmal zur\u00fcck.\"<\/p>\n\t\t\t\t\t<\/div>\n\t\t\t\t\t\t\t\t\t<\/div>\n\t\t\t\t\t\t<div class=\"elementor-testimonial__footer\">\n\t\t\t\t\t\t\t\t\t<div class=\"elementor-testimonial__image\">\n\t\t\t\t\t\t<img decoding=\"async\" src=\"https:\/\/campingbujaleuf.com\/wp-content\/uploads\/2025\/10\/Camping-du-Lac-vlinder-blue.webp\" alt=\"Bert &amp; Rian\">\n\t\t\t\t\t\t\t\t\t\t\t<\/div>\n\t\t\t\t\t\t\t\t<cite class=\"elementor-testimonial__cite\"><span class=\"elementor-testimonial__name\">Bert &amp; Rian<\/span><span class=\"elementor-testimonial__title\">G\u00e4stebuch<\/span><\/cite>\t\t\t<\/div>\n\t\t<\/div>\n\t\t\t\t\t\t\t\t<\/div>\n\t\t\t\t\t\t\t\t\t\t\t<div class=\"swiper-slide\" role=\"group\" aria-roledescription=\"slide\">\n\t\t\t\t\t\t\t\t\t<div class=\"elementor-testimonial\">\n\t\t\t\t\t\t\t<div class=\"elementor-testimonial__content\">\n\t\t\t\t\t<div class=\"elementor-testimonial__text\">\n\t\t\t\t\t\t<p>\"Gerade von 3 Wochen Camping Bujaleuf nach Hause gekommen. Und was haben wir genossen. Die Ruhe, die Weite, die Gastfreundschaft. Nichts war zu viel. Auch haben wir mehrmals den Mahlzeitenservice genutzt, was auf jeden Fall zu empfehlen ist. Wenn Sie also die Natur, den Wassersport, die sch\u00f6ne Umgebung und eine ungezwungene Atmosph\u00e4re genie\u00dfen m\u00f6chten, dann m\u00fcssen Sie unbedingt nach Bujaleuf.\"<\/p>\n\t\t\t\t\t<\/div>\n\t\t\t\t\t\t\t\t\t<\/div>\n\t\t\t\t\t\t<div class=\"elementor-testimonial__footer\">\n\t\t\t\t\t\t\t\t\t<div class=\"elementor-testimonial__image\">\n\t\t\t\t\t\t<img decoding=\"async\" src=\"https:\/\/campingbujaleuf.com\/wp-content\/uploads\/2025\/10\/Camping-du-Lac-vlinder-blue.webp\" alt=\"Fam. Lam \">\n\t\t\t\t\t\t\t\t\t\t\t<\/div>\n\t\t\t\t\t\t\t\t<cite class=\"elementor-testimonial__cite\"><span class=\"elementor-testimonial__name\">Fam. Lam <\/span><span class=\"elementor-testimonial__title\">G\u00e4stebuch<\/span><\/cite>\t\t\t<\/div>\n\t\t<\/div>\n\t\t\t\t\t\t\t\t<\/div>\n\t\t\t\t\t\t\t\t\t\t\t<div class=\"swiper-slide\" role=\"group\" aria-roledescription=\"slide\">\n\t\t\t\t\t\t\t\t\t<div class=\"elementor-testimonial\">\n\t\t\t\t\t\t\t<div class=\"elementor-testimonial__content\">\n\t\t\t\t\t<div class=\"elementor-testimonial__text\">\n\t\t\t\t\t\t<p>\"Campingplatz mit einem Familiengef\u00fchl. Dieses Mal wieder f\u00fcr diesen Campingplatz entschieden, die neuen Besitzer kennengelernt und das hat gut gefallen, alles was andere schrieben stimmt wohl. Es bleibt f\u00fcr uns ein besonderer Ort die Lage, n\u00e4chstes Jahr wieder einen anderen Platz suchen, aber dies bleibt eine gute Basis, um zur\u00fcckzukehren.\"<\/p>\n\t\t\t\t\t<\/div>\n\t\t\t\t\t\t\t\t\t<\/div>\n\t\t\t\t\t\t<div class=\"elementor-testimonial__footer\">\n\t\t\t\t\t\t\t\t\t<div class=\"elementor-testimonial__image\">\n\t\t\t\t\t\t<img decoding=\"async\" src=\"https:\/\/campingbujaleuf.com\/wp-content\/uploads\/2025\/10\/Camping-du-Lac-vlinder-blue.webp\" alt=\"Peter &amp; Caroline\">\n\t\t\t\t\t\t\t\t\t\t\t<\/div>\n\t\t\t\t\t\t\t\t<cite class=\"elementor-testimonial__cite\"><span class=\"elementor-testimonial__name\">Peter &amp; Caroline<\/span><span class=\"elementor-testimonial__title\">G\u00e4stebuch<\/span><\/cite>\t\t\t<\/div>\n\t\t<\/div>\n\t\t\t\t\t\t\t\t<\/div>\n\t\t\t\t\t\t\t\t\t\t\t<div class=\"swiper-slide\" role=\"group\" aria-roledescription=\"slide\">\n\t\t\t\t\t\t\t\t\t<div class=\"elementor-testimonial\">\n\t\t\t\t\t\t\t<div class=\"elementor-testimonial__content\">\n\t\t\t\t\t<div class=\"elementor-testimonial__text\">\n\t\t\t\t\t\t<p>\"4 Wochen verbrachten wir auf diesem Campingplatz. Saubere Duschen, Toiletten usw., gro\u00dfe, ger\u00e4umige, ruhige Stellpl\u00e4tze mit super sch\u00f6ner Aussicht. Freundliche Betreiber! Sehr empfehlenswert!! Kommen auf jeden Fall wieder zur\u00fcck. Freundliche Gr\u00fc\u00dfe.\"<\/p>\n\t\t\t\t\t<\/div>\n\t\t\t\t\t\t\t\t\t<\/div>\n\t\t\t\t\t\t<div class=\"elementor-testimonial__footer\">\n\t\t\t\t\t\t\t\t\t<div class=\"elementor-testimonial__image\">\n\t\t\t\t\t\t<img decoding=\"async\" src=\"https:\/\/campingbujaleuf.com\/wp-content\/uploads\/2025\/10\/Camping-du-Lac-vlinder-blue.webp\" alt=\"Dirk &amp; Sabine\">\n\t\t\t\t\t\t\t\t\t\t\t<\/div>\n\t\t\t\t\t\t\t\t<cite class=\"elementor-testimonial__cite\"><span class=\"elementor-testimonial__name\">Dirk &amp; Sabine<\/span><span class=\"elementor-testimonial__title\">G\u00e4stebuch<\/span><\/cite>\t\t\t<\/div>\n\t\t<\/div>\n\t\t\t\t\t\t\t\t<\/div>\n\t\t\t\t\t\t\t\t\t\t\t<div class=\"swiper-slide\" role=\"group\" aria-roledescription=\"slide\">\n\t\t\t\t\t\t\t\t\t<div class=\"elementor-testimonial\">\n\t\t\t\t\t\t\t<div class=\"elementor-testimonial__content\">\n\t\t\t\t\t<div class=\"elementor-testimonial__text\">\n\t\t\t\t\t\t<p>\"Eine fantastische Woche auf diesem Campingplatz gehabt. Mega gro\u00dfer Platz, super saubere Sanit\u00e4ranlagen, wundersch\u00f6ne Umgebung, kurz gesagt perfekt. Mike und Marian ihr seid sehr gastfreundlich und in unseren Augen ist dies, wie man einen Campingplatz f\u00fchrt, danke daf\u00fcr. Wir sehen uns sicher wieder!\"<\/p>\n\t\t\t\t\t<\/div>\n\t\t\t\t\t\t\t\t\t<\/div>\n\t\t\t\t\t\t<div class=\"elementor-testimonial__footer\">\n\t\t\t\t\t\t\t\t\t<div class=\"elementor-testimonial__image\">\n\t\t\t\t\t\t<img decoding=\"async\" src=\"https:\/\/campingbujaleuf.com\/wp-content\/uploads\/2025\/10\/Camping-du-Lac-vlinder-blue.webp\" alt=\"Anoniem\">\n\t\t\t\t\t\t\t\t\t\t\t<\/div>\n\t\t\t\t\t\t\t\t<cite class=\"elementor-testimonial__cite\"><span class=\"elementor-testimonial__name\">Anoniem<\/span><span class=\"elementor-testimonial__title\">G\u00e4stebuch<\/span><\/cite>\t\t\t<\/div>\n\t\t<\/div>\n\t\t\t\t\t\t\t\t<\/div>\n\t\t\t\t\t\t\t\t\t\t\t<div class=\"swiper-slide\" role=\"group\" aria-roledescription=\"slide\">\n\t\t\t\t\t\t\t\t\t<div class=\"elementor-testimonial\">\n\t\t\t\t\t\t\t<div class=\"elementor-testimonial__content\">\n\t\t\t\t\t<div class=\"elementor-testimonial__text\">\n\t\t\t\t\t\t<p>\"Gerade eine Woche auf diesem wundersch\u00f6nen Ort verbracht. Super gro\u00dfer Platz, super saubere Sanit\u00e4ranlagen, wundersch\u00f6ne Umgebung, toller Gastgeber und Gastgeberin. Wir k\u00f6nnen noch eine Weile weitermachen. Ein Ort, um unvollkommen zur Ruhe zu kommen. Mike und Marjan, danke f\u00fcr eure Gastfreundschaft. Ihr seht uns sicher wieder.\"<\/p>\n\t\t\t\t\t<\/div>\n\t\t\t\t\t\t\t\t\t<\/div>\n\t\t\t\t\t\t<div class=\"elementor-testimonial__footer\">\n\t\t\t\t\t\t\t\t\t<div class=\"elementor-testimonial__image\">\n\t\t\t\t\t\t<img decoding=\"async\" src=\"https:\/\/campingbujaleuf.com\/wp-content\/uploads\/2025\/10\/Camping-du-Lac-vlinder-blue.webp\" alt=\"Anoniem\">\n\t\t\t\t\t\t\t\t\t\t\t<\/div>\n\t\t\t\t\t\t\t\t<cite class=\"elementor-testimonial__cite\"><span class=\"elementor-testimonial__name\">Anoniem<\/span><span class=\"elementor-testimonial__title\">G\u00e4stebuch<\/span><\/cite>\t\t\t<\/div>\n\t\t<\/div>\n\t\t\t\t\t\t\t\t<\/div>\n\t\t\t\t\t\t\t\t\t\t\t<div class=\"swiper-slide\" role=\"group\" aria-roledescription=\"slide\">\n\t\t\t\t\t\t\t\t\t<div class=\"elementor-testimonial\">\n\t\t\t\t\t\t\t<div class=\"elementor-testimonial__content\">\n\t\t\t\t\t<div class=\"elementor-testimonial__text\">\n\t\t\t\t\t\t<p>\"Wir hatten eine herrliche Zeit auf eurem Camping du Lac. Wir durften hier 4 Wochen verbringen. Sch\u00f6ner Campingplatz, gut gelegen, sch\u00f6ne Pl\u00e4tze. Sanit\u00e4ranlagen fantastisch sauber gehalten mehrmals \/ Tag. Nette Leute und wundersch\u00f6ne Umgebung. Wenn Sie gerne Rad fahren, ist dies ein wundersch\u00f6ner Ausgangspunkt f\u00fcr super sch\u00f6ne und ruhige Touren. Wir haben fast jeden Tag 50-60 km geradelt (E-Bike). Auch die k\u00f6stlichen Pizzen und euer No-Nonsens-Ansatz haben uns einen perfekten Urlaub beschert. Danke und au revoir, viel Erfolg. Gr\u00fc\u00dfe\"<\/p>\n\t\t\t\t\t<\/div>\n\t\t\t\t\t\t\t\t\t<\/div>\n\t\t\t\t\t\t<div class=\"elementor-testimonial__footer\">\n\t\t\t\t\t\t\t\t\t<div class=\"elementor-testimonial__image\">\n\t\t\t\t\t\t<img decoding=\"async\" src=\"https:\/\/campingbujaleuf.com\/wp-content\/uploads\/2025\/10\/Camping-du-Lac-vlinder-blue.webp\" alt=\"Marjan &amp; Rinus\">\n\t\t\t\t\t\t\t\t\t\t\t<\/div>\n\t\t\t\t\t\t\t\t<cite class=\"elementor-testimonial__cite\"><span class=\"elementor-testimonial__name\">Marjan &amp; Rinus<\/span><span class=\"elementor-testimonial__title\">G\u00e4stebuch<\/span><\/cite>\t\t\t<\/div>\n\t\t<\/div>\n\t\t\t\t\t\t\t\t<\/div>\n\t\t\t\t\t\t\t\t\t\t\t<div class=\"swiper-slide\" role=\"group\" aria-roledescription=\"slide\">\n\t\t\t\t\t\t\t\t\t<div class=\"elementor-testimonial\">\n\t\t\t\t\t\t\t<div class=\"elementor-testimonial__content\">\n\t\t\t\t\t<div class=\"elementor-testimonial__text\">\n\t\t\t\t\t\t<p>\"Suchen Sie einen Campingplatz mit Fu\u00dfbodenheizung in den Sanit\u00e4ranlagen und Marmor an den W\u00e4nden, dann suchen Sie weiter. Suchen Sie Ruhe, suchen Sie mehr als ger\u00e4umige Pl\u00e4tze mit einer sch\u00f6nen Aussicht (Terrassenpl\u00e4tze), suchen Sie entspannte Campingplatzbetreiber, suchen Sie saubere Sanit\u00e4ranlagen und das alles zu einem mehr als fairen Preis, dann ist Camping Du Lac in Bujaleuf eine starke Empfehlung. Wir haben im vergangenen Juni 2021 eine Woche mit Vergn\u00fcgen auf Du Lac verbracht und kommen sicher noch einmal zur\u00fcck.\"<\/p>\n\t\t\t\t\t<\/div>\n\t\t\t\t\t\t\t\t\t<\/div>\n\t\t\t\t\t\t<div class=\"elementor-testimonial__footer\">\n\t\t\t\t\t\t\t\t\t<div class=\"elementor-testimonial__image\">\n\t\t\t\t\t\t<img decoding=\"async\" src=\"https:\/\/campingbujaleuf.com\/wp-content\/uploads\/2025\/10\/Camping-du-Lac-vlinder-blue.webp\" alt=\"Anja &amp; Jan\">\n\t\t\t\t\t\t\t\t\t\t\t<\/div>\n\t\t\t\t\t\t\t\t<cite class=\"elementor-testimonial__cite\"><span class=\"elementor-testimonial__name\">Anja &amp; Jan<\/span><span class=\"elementor-testimonial__title\">G\u00e4stebuch<\/span><\/cite>\t\t\t<\/div>\n\t\t<\/div>\n\t\t\t\t\t\t\t\t<\/div>\n\t\t\t\t\t\t\t\t\t\t\t<div class=\"swiper-slide\" role=\"group\" aria-roledescription=\"slide\">\n\t\t\t\t\t\t\t\t\t<div class=\"elementor-testimonial\">\n\t\t\t\t\t\t\t<div class=\"elementor-testimonial__content\">\n\t\t\t\t\t<div class=\"elementor-testimonial__text\">\n\t\t\t\t\t\t<p>\"Wir hatten eine wundersch\u00f6ne Woche. In einem Glampingzelt mit allem Drum und Dran. Eine wundersch\u00f6ne Aussicht auf das Wasser. Ein Picknick auf dem Tretboot herrlich. Sehr empfehlenswert f\u00fcr eine Woche Entspannung.\"<\/p>\n\t\t\t\t\t<\/div>\n\t\t\t\t\t\t\t\t\t<\/div>\n\t\t\t\t\t\t<div class=\"elementor-testimonial__footer\">\n\t\t\t\t\t\t\t\t\t<div class=\"elementor-testimonial__image\">\n\t\t\t\t\t\t<img decoding=\"async\" src=\"https:\/\/campingbujaleuf.com\/wp-content\/uploads\/2025\/10\/Camping-du-Lac-vlinder-blue.webp\" alt=\"Patrick &amp; Yvonne\">\n\t\t\t\t\t\t\t\t\t\t\t<\/div>\n\t\t\t\t\t\t\t\t<cite class=\"elementor-testimonial__cite\"><span class=\"elementor-testimonial__name\">Patrick &amp; Yvonne<\/span><span class=\"elementor-testimonial__title\">G\u00e4stebuch<\/span><\/cite>\t\t\t<\/div>\n\t\t<\/div>\n\t\t\t\t\t\t\t\t<\/div>\n\t\t\t\t\t\t\t\t\t\t\t<div class=\"swiper-slide\" role=\"group\" aria-roledescription=\"slide\">\n\t\t\t\t\t\t\t\t\t<div class=\"elementor-testimonial\">\n\t\t\t\t\t\t\t<div class=\"elementor-testimonial__content\">\n\t\t\t\t\t<div class=\"elementor-testimonial__text\">\n\t\t\t\t\t\t<p>\"Mit dem Wetter ist unser Urlaub nicht sehr verw\u00f6hnt worden. Aber der Campingplatz liegt wundersch\u00f6n und Mike und Marian sind wohl die Sonne, die man braucht, um einen sch\u00f6nen Urlaub zu haben. Ein herrliches Willkommensdinner und k\u00f6stliche Pizzen. Jeden Morgen die Croissants und das Brot zum Zelt gebracht. Einfach zu empfehlen.\"<\/p>\n\t\t\t\t\t<\/div>\n\t\t\t\t\t\t\t\t\t<\/div>\n\t\t\t\t\t\t<div class=\"elementor-testimonial__footer\">\n\t\t\t\t\t\t\t\t\t<div class=\"elementor-testimonial__image\">\n\t\t\t\t\t\t<img decoding=\"async\" src=\"https:\/\/campingbujaleuf.com\/wp-content\/uploads\/2025\/10\/Camping-du-Lac-vlinder-blue.webp\" alt=\"Leon &amp; Annemieke\">\n\t\t\t\t\t\t\t\t\t\t\t<\/div>\n\t\t\t\t\t\t\t\t<cite class=\"elementor-testimonial__cite\"><span class=\"elementor-testimonial__name\">Leon &amp; Annemieke<\/span><span class=\"elementor-testimonial__title\">G\u00e4stebuch<\/span><\/cite>\t\t\t<\/div>\n\t\t<\/div>\n\t\t\t\t\t\t\t\t<\/div>\n\t\t\t\t\t\t\t\t\t\t\t<div class=\"swiper-slide\" role=\"group\" aria-roledescription=\"slide\">\n\t\t\t\t\t\t\t\t\t<div class=\"elementor-testimonial\">\n\t\t\t\t\t\t\t<div class=\"elementor-testimonial__content\">\n\t\t\t\t\t<div class=\"elementor-testimonial__text\">\n\t\t\t\t\t\t<p>\"Marian und Mike, wir hatten zwei herrliche Wochen auf eurem Campingplatz. Saubere Sanit\u00e4ranlagen, jeden Morgen Brot auf dem Platz. Zeit f\u00fcr eure G\u00e4ste in Form eines Gespr\u00e4chs, top. Wir hoffen, dass ihr n\u00e4chstes Jahr eure Pl\u00e4ne ausf\u00fchren k\u00f6nnt, was jetzt wegen Corona nicht erlaubt ist. Aber...wir kommen zur\u00fcck. Herzliche Gr\u00fc\u00dfe.\"<\/p>\n\t\t\t\t\t<\/div>\n\t\t\t\t\t\t\t\t\t<\/div>\n\t\t\t\t\t\t<div class=\"elementor-testimonial__footer\">\n\t\t\t\t\t\t\t\t\t<div class=\"elementor-testimonial__image\">\n\t\t\t\t\t\t<img decoding=\"async\" src=\"https:\/\/campingbujaleuf.com\/wp-content\/uploads\/2025\/10\/Camping-du-Lac-vlinder-blue.webp\" alt=\"Anneke &amp; Jan\">\n\t\t\t\t\t\t\t\t\t\t\t<\/div>\n\t\t\t\t\t\t\t\t<cite class=\"elementor-testimonial__cite\"><span class=\"elementor-testimonial__name\">Anneke &amp; Jan<\/span><span class=\"elementor-testimonial__title\">G\u00e4stebuch<\/span><\/cite>\t\t\t<\/div>\n\t\t<\/div>\n\t\t\t\t\t\t\t\t<\/div>\n\t\t\t\t\t\t\t\t\t\t\t<div class=\"swiper-slide\" role=\"group\" aria-roledescription=\"slide\">\n\t\t\t\t\t\t\t\t\t<div class=\"elementor-testimonial\">\n\t\t\t\t\t\t\t<div class=\"elementor-testimonial__content\">\n\t\t\t\t\t<div class=\"elementor-testimonial__text\">\n\t\t\t\t\t\t<p>\"Wir verbrachten vier Tage auf dem Camping du Lac, Bujaleuf, Ende August 2020. Wir hatten es ganz nach unserem Geschmack mit den Terrassen, dem herrlichen See, der freundlichen Atmosph\u00e4re, dem Br\u00f6tchenservice, der tadellos gepflegten Umgebung und den Sanit\u00e4ranlagen. Einer der besseren Campingpl\u00e4tze \u00fcberhaupt! Nehmen Sie die Tipps von Mike und Marian auf jeden Fall zu Herzen, denn sie sind es wert! Danke Mike und Marian!\"<\/p>\n\t\t\t\t\t<\/div>\n\t\t\t\t\t\t\t\t\t<\/div>\n\t\t\t\t\t\t<div class=\"elementor-testimonial__footer\">\n\t\t\t\t\t\t\t\t\t<div class=\"elementor-testimonial__image\">\n\t\t\t\t\t\t<img decoding=\"async\" src=\"https:\/\/campingbujaleuf.com\/wp-content\/uploads\/2025\/10\/Camping-du-Lac-vlinder-blue.webp\" alt=\"Paul &amp; Kris\">\n\t\t\t\t\t\t\t\t\t\t\t<\/div>\n\t\t\t\t\t\t\t\t<cite class=\"elementor-testimonial__cite\"><span class=\"elementor-testimonial__name\">Paul &amp; Kris<\/span><span class=\"elementor-testimonial__title\">G\u00e4stebuch<\/span><\/cite>\t\t\t<\/div>\n\t\t<\/div>\n\t\t\t\t\t\t\t\t<\/div>\n\t\t\t\t\t\t\t\t\t\t\t<div class=\"swiper-slide\" role=\"group\" aria-roledescription=\"slide\">\n\t\t\t\t\t\t\t\t\t<div class=\"elementor-testimonial\">\n\t\t\t\t\t\t\t<div class=\"elementor-testimonial__content\">\n\t\t\t\t\t<div class=\"elementor-testimonial__text\">\n\t\t\t\t\t\t<p>\"Un accueil tr\u00e8s chaleureux avec le sourire, tr\u00e8s agr\u00e9able. Camping tr\u00e8s propre et cadre agr\u00e9able. Salles de bain tr\u00e8s propres. La situation de Covid-19 est bien respect\u00e9e. BONNE CHANCE!. Cordialement\"<\/p>\n\t\t\t\t\t<\/div>\n\t\t\t\t\t\t\t\t\t<\/div>\n\t\t\t\t\t\t<div class=\"elementor-testimonial__footer\">\n\t\t\t\t\t\t\t\t\t<div class=\"elementor-testimonial__image\">\n\t\t\t\t\t\t<img decoding=\"async\" src=\"https:\/\/campingbujaleuf.com\/wp-content\/uploads\/2025\/10\/Camping-du-Lac-vlinder-blue.webp\" alt=\"Mme Rulence\">\n\t\t\t\t\t\t\t\t\t\t\t<\/div>\n\t\t\t\t\t\t\t\t<cite class=\"elementor-testimonial__cite\"><span class=\"elementor-testimonial__name\">Mme Rulence<\/span><span class=\"elementor-testimonial__title\">G\u00e4stebuch<\/span><\/cite>\t\t\t<\/div>\n\t\t<\/div>\n\t\t\t\t\t\t\t\t<\/div>\n\t\t\t\t\t\t\t\t\t\t\t<div class=\"swiper-slide\" role=\"group\" aria-roledescription=\"slide\">\n\t\t\t\t\t\t\t\t\t<div class=\"elementor-testimonial\">\n\t\t\t\t\t\t\t<div class=\"elementor-testimonial__content\">\n\t\t\t\t\t<div class=\"elementor-testimonial__text\">\n\t\t\t\t\t\t<p>\"Mike et Marian sont charmants et attentionn\u00e9s, la tente b\u00e9n\u00e9ficie d'un excellent point de vue sur le lac et la nature environnante. S\u00e9jour tr\u00e8s confortable, tr\u00e8s cosy, une tr\u00e8s belle exp\u00e9rience \u00e0 renouveler... dans cette tente grand luxe. Merci \u00e0 vous, nous vous souhaitons une bonne continuation et r\u00e9ussite dans votre beau projet...\"<\/p>\n\t\t\t\t\t<\/div>\n\t\t\t\t\t\t\t\t\t<\/div>\n\t\t\t\t\t\t<div class=\"elementor-testimonial__footer\">\n\t\t\t\t\t\t\t\t\t<div class=\"elementor-testimonial__image\">\n\t\t\t\t\t\t<img decoding=\"async\" src=\"https:\/\/campingbujaleuf.com\/wp-content\/uploads\/2025\/10\/Camping-du-Lac-vlinder-blue.webp\" alt=\"Isabelle &amp; Patrick\">\n\t\t\t\t\t\t\t\t\t\t\t<\/div>\n\t\t\t\t\t\t\t\t<cite class=\"elementor-testimonial__cite\"><span class=\"elementor-testimonial__name\">Isabelle &amp; Patrick<\/span><span class=\"elementor-testimonial__title\">G\u00e4stebuch<\/span><\/cite>\t\t\t<\/div>\n\t\t<\/div>\n\t\t\t\t\t\t\t\t<\/div>\n\t\t\t\t\t\t\t\t\t\t\t<div class=\"swiper-slide\" role=\"group\" aria-roledescription=\"slide\">\n\t\t\t\t\t\t\t\t\t<div class=\"elementor-testimonial\">\n\t\t\t\t\t\t\t<div class=\"elementor-testimonial__content\">\n\t\t\t\t\t<div class=\"elementor-testimonial__text\">\n\t\t\t\t\t\t<p>\"Merci \u00e0 vous pour votre amabilit\u00e9 et votre gentillesse ; notre s\u00e9jour a \u00e9t\u00e9 court chez vous mais nous avons appr\u00e9ci\u00e9, malgr\u00e9 l'exigu\u00eft\u00e9 de l'acc\u00e8s que nous avions pour placer notre grand camping car et sa remorque, votre serviabilit\u00e9, et le fait que vous ne nous avez rien fait r\u00e9gler pour nos chiens ! un geste tr\u00e8s sympathique. Si nous revenons dans la r\u00e9gion, nous ferons un d\u00e9tour par chez vous.\"<\/p>\n\t\t\t\t\t<\/div>\n\t\t\t\t\t\t\t\t\t<\/div>\n\t\t\t\t\t\t<div class=\"elementor-testimonial__footer\">\n\t\t\t\t\t\t\t\t\t<div class=\"elementor-testimonial__image\">\n\t\t\t\t\t\t<img decoding=\"async\" src=\"https:\/\/campingbujaleuf.com\/wp-content\/uploads\/2025\/10\/Camping-du-Lac-vlinder-blue.webp\" alt=\"Solange &amp; Francis\">\n\t\t\t\t\t\t\t\t\t\t\t<\/div>\n\t\t\t\t\t\t\t\t<cite class=\"elementor-testimonial__cite\"><span class=\"elementor-testimonial__name\">Solange &amp; Francis<\/span><span class=\"elementor-testimonial__title\">G\u00e4stebuch<\/span><\/cite>\t\t\t<\/div>\n\t\t<\/div>\n\t\t\t\t\t\t\t\t<\/div>\n\t\t\t\t\t\t\t\t\t<\/div>\n\t\t\t\t\t\t\t\t\t\t\t\t\t\t\t<div class=\"elementor-swiper-button elementor-swiper-button-prev\" role=\"button\" tabindex=\"0\" aria-label=\"Voriger\">\n\t\t\t\t\t\t\t<svg aria-hidden=\"true\" class=\"e-font-icon-svg e-eicon-chevron-left\" viewBox=\"0 0 1000 1000\" xmlns=\"http:\/\/www.w3.org\/2000\/svg\"><path d=\"M646 125C629 125 613 133 604 142L308 442C296 454 292 471 292 487 292 504 296 521 308 533L604 854C617 867 629 875 646 875 663 875 679 871 692 858 704 846 713 829 713 812 713 796 708 779 692 767L438 487 692 225C700 217 708 204 708 187 708 171 704 154 692 142 675 129 663 125 646 125Z\"><\/path><\/svg>\t\t\t\t\t\t<\/div>\n\t\t\t\t\t\t<div class=\"elementor-swiper-button elementor-swiper-button-next\" role=\"button\" tabindex=\"0\" aria-label=\"N\u00e4chster\">\n\t\t\t\t\t\t\t<svg aria-hidden=\"true\" class=\"e-font-icon-svg e-eicon-chevron-right\" viewBox=\"0 0 1000 1000\" xmlns=\"http:\/\/www.w3.org\/2000\/svg\"><path d=\"M696 533C708 521 713 504 713 487 713 471 708 454 696 446L400 146C388 133 375 125 354 125 338 125 325 129 313 142 300 154 292 171 292 187 292 204 296 221 308 233L563 492 304 771C292 783 288 800 288 817 288 833 296 850 308 863 321 871 338 875 354 875 371 875 388 867 400 854L696 533Z\"><\/path><\/svg>\t\t\t\t\t\t<\/div>\n\t\t\t\t\t\t\t\t\t\t\t\t\t\t\t\t<div class=\"swiper-pagination\"><\/div>\n\t\t\t\t\t\t\t\t\t\t\t\t<\/div>\n\t\t\t\t<\/div>\n\t\t\t\t\t\t\t\t<\/div>\n\t\t\t\t<\/div>\n\t\t\t\t<\/div>\n\t\t\t\t\t<\/div>\n\t\t\t\t<\/div>\n\t\t\t\t<\/div>\n\t\t","protected":false},"excerpt":{"rendered":"<p>Bewertungen Erfahrungen von G\u00e4sten &#8222;Wir waren dieses Jahr zum dritten Mal auf dem Campingplatz Bujaleuf. Alles, was auf der Website steht, stimmt. Sch\u00f6ne gro\u00dfe Stellpl\u00e4tze, Mike und Marian sind sehr hilfsbereit, super saubere Sanit\u00e4ranlagen. Leckeres Essen vom Foodtruck. Die Umgebung ist noch nicht so touristisch, aber sehr lohnenswert. Gerne werden wir dann auch n\u00e4chstes Jahr [&hellip;]<\/p>\n","protected":false},"author":1,"featured_media":0,"parent":0,"menu_order":0,"comment_status":"closed","ping_status":"closed","template":"","meta":{"footnotes":""},"class_list":["post-3689","page","type-page","status-publish","hentry"],"yoast_head":"<!-- This site is optimized with the Yoast SEO plugin v27.4 - https:\/\/yoast.com\/product\/yoast-seo-wordpress\/ -->\n<title>G\u00e4stebuch-Rezensionen und Bewertungen von Camping du Lac de Bujaleuf - Camping du Lac de Bujaleuf<\/title>\n<meta name=\"robots\" content=\"index, follow, max-snippet:-1, max-image-preview:large, max-video-preview:-1\" \/>\n<link rel=\"canonical\" href=\"https:\/\/campingbujaleuf.com\/de\/gaestebuch-rezensionen-und-bewertungen-von-camping-du-lac-de-bujaleuf\/\" \/>\n<meta property=\"og:locale\" content=\"de_DE\" \/>\n<meta property=\"og:type\" content=\"article\" \/>\n<meta property=\"og:title\" content=\"G\u00e4stebuch-Rezensionen und Bewertungen von Camping du Lac de Bujaleuf - Camping du Lac de Bujaleuf\" \/>\n<meta property=\"og:description\" content=\"Bewertungen Erfahrungen von G\u00e4sten &#8222;Wir waren dieses Jahr zum dritten Mal auf dem Campingplatz Bujaleuf. Alles, was auf der Website steht, stimmt. Sch\u00f6ne gro\u00dfe Stellpl\u00e4tze, Mike und Marian sind sehr hilfsbereit, super saubere Sanit\u00e4ranlagen. Leckeres Essen vom Foodtruck. Die Umgebung ist noch nicht so touristisch, aber sehr lohnenswert. Gerne werden wir dann auch n\u00e4chstes Jahr [&hellip;]\" \/>\n<meta property=\"og:url\" content=\"https:\/\/campingbujaleuf.com\/de\/gaestebuch-rezensionen-und-bewertungen-von-camping-du-lac-de-bujaleuf\/\" \/>\n<meta property=\"og:site_name\" content=\"Camping du Lac de Bujaleuf\" \/>\n<meta property=\"article:publisher\" content=\"https:\/\/business.facebook.com\/campingbujaleuf\/\" \/>\n<meta property=\"article:modified_time\" content=\"2026-01-06T21:11:47+00:00\" \/>\n<meta property=\"og:image\" content=\"https:\/\/campingbujaleuf.com\/wp-content\/uploads\/2025\/10\/Camping-du-Lac-vlinder-blue.webp\" \/>\n<meta name=\"twitter:card\" content=\"summary_large_image\" \/>\n<meta name=\"twitter:label1\" content=\"Gesch\u00e4tzte Lesezeit\" \/>\n\t<meta name=\"twitter:data1\" content=\"11\u00a0Minuten\" \/>\n<script type=\"application\/ld+json\" class=\"yoast-schema-graph\">{\"@context\":\"https:\\\/\\\/schema.org\",\"@graph\":[{\"@type\":\"WebPage\",\"@id\":\"https:\\\/\\\/campingbujaleuf.com\\\/de\\\/gaestebuch-rezensionen-und-bewertungen-von-camping-du-lac-de-bujaleuf\\\/\",\"url\":\"https:\\\/\\\/campingbujaleuf.com\\\/de\\\/gaestebuch-rezensionen-und-bewertungen-von-camping-du-lac-de-bujaleuf\\\/\",\"name\":\"G\u00e4stebuch-Rezensionen und Bewertungen von Camping du Lac de Bujaleuf - Camping du Lac de Bujaleuf\",\"isPartOf\":{\"@id\":\"https:\\\/\\\/campingbujaleuf.com\\\/#website\"},\"primaryImageOfPage\":{\"@id\":\"https:\\\/\\\/campingbujaleuf.com\\\/de\\\/gaestebuch-rezensionen-und-bewertungen-von-camping-du-lac-de-bujaleuf\\\/#primaryimage\"},\"image\":{\"@id\":\"https:\\\/\\\/campingbujaleuf.com\\\/de\\\/gaestebuch-rezensionen-und-bewertungen-von-camping-du-lac-de-bujaleuf\\\/#primaryimage\"},\"thumbnailUrl\":\"https:\\\/\\\/campingbujaleuf.com\\\/wp-content\\\/uploads\\\/2025\\\/10\\\/Camping-du-Lac-vlinder-blue.webp\",\"datePublished\":\"2026-01-03T20:13:29+00:00\",\"dateModified\":\"2026-01-06T21:11:47+00:00\",\"breadcrumb\":{\"@id\":\"https:\\\/\\\/campingbujaleuf.com\\\/de\\\/gaestebuch-rezensionen-und-bewertungen-von-camping-du-lac-de-bujaleuf\\\/#breadcrumb\"},\"inLanguage\":\"de\",\"potentialAction\":[{\"@type\":\"ReadAction\",\"target\":[\"https:\\\/\\\/campingbujaleuf.com\\\/de\\\/gaestebuch-rezensionen-und-bewertungen-von-camping-du-lac-de-bujaleuf\\\/\"]}]},{\"@type\":\"ImageObject\",\"inLanguage\":\"de\",\"@id\":\"https:\\\/\\\/campingbujaleuf.com\\\/de\\\/gaestebuch-rezensionen-und-bewertungen-von-camping-du-lac-de-bujaleuf\\\/#primaryimage\",\"url\":\"https:\\\/\\\/campingbujaleuf.com\\\/wp-content\\\/uploads\\\/2025\\\/10\\\/Camping-du-Lac-vlinder-blue.webp\",\"contentUrl\":\"https:\\\/\\\/campingbujaleuf.com\\\/wp-content\\\/uploads\\\/2025\\\/10\\\/Camping-du-Lac-vlinder-blue.webp\"},{\"@type\":\"BreadcrumbList\",\"@id\":\"https:\\\/\\\/campingbujaleuf.com\\\/de\\\/gaestebuch-rezensionen-und-bewertungen-von-camping-du-lac-de-bujaleuf\\\/#breadcrumb\",\"itemListElement\":[{\"@type\":\"ListItem\",\"position\":1,\"name\":\"Home\",\"item\":\"https:\\\/\\\/campingbujaleuf.com\\\/de\\\/kleiner-terrassencamping-in-frankreich-mit-niederlaendischem-besitzer\\\/\"},{\"@type\":\"ListItem\",\"position\":2,\"name\":\"G\u00e4stebuch-Rezensionen und Bewertungen von Camping du Lac de Bujaleuf\"}]},{\"@type\":\"WebSite\",\"@id\":\"https:\\\/\\\/campingbujaleuf.com\\\/#website\",\"url\":\"https:\\\/\\\/campingbujaleuf.com\\\/\",\"name\":\"Camping du Lac de Bujaleuf\",\"description\":\"C&#039;est Formidable \ud83e\udd29\",\"publisher\":{\"@id\":\"https:\\\/\\\/campingbujaleuf.com\\\/#organization\"},\"potentialAction\":[{\"@type\":\"SearchAction\",\"target\":{\"@type\":\"EntryPoint\",\"urlTemplate\":\"https:\\\/\\\/campingbujaleuf.com\\\/?s={search_term_string}\"},\"query-input\":{\"@type\":\"PropertyValueSpecification\",\"valueRequired\":true,\"valueName\":\"search_term_string\"}}],\"inLanguage\":\"de\"},{\"@type\":\"Organization\",\"@id\":\"https:\\\/\\\/campingbujaleuf.com\\\/#organization\",\"name\":\"Camping du Lac de Bujaleuf\",\"url\":\"https:\\\/\\\/campingbujaleuf.com\\\/\",\"logo\":{\"@type\":\"ImageObject\",\"inLanguage\":\"de\",\"@id\":\"https:\\\/\\\/campingbujaleuf.com\\\/#\\\/schema\\\/logo\\\/image\\\/\",\"url\":\"https:\\\/\\\/campingbujaleuf.com\\\/wp-content\\\/uploads\\\/2025\\\/10\\\/Camping-du-Lac-de-Bujaleuf-logo-top.webp\",\"contentUrl\":\"https:\\\/\\\/campingbujaleuf.com\\\/wp-content\\\/uploads\\\/2025\\\/10\\\/Camping-du-Lac-de-Bujaleuf-logo-top.webp\",\"width\":225,\"height\":84,\"caption\":\"Camping du Lac de Bujaleuf\"},\"image\":{\"@id\":\"https:\\\/\\\/campingbujaleuf.com\\\/#\\\/schema\\\/logo\\\/image\\\/\"},\"sameAs\":[\"https:\\\/\\\/business.facebook.com\\\/campingbujaleuf\\\/\",\"https:\\\/\\\/www.instagram.com\\\/campingbujaleuf\\\/\"]}]}<\/script>\n<!-- \/ Yoast SEO plugin. -->","yoast_head_json":{"title":"G\u00e4stebuch-Rezensionen und Bewertungen von Camping du Lac de Bujaleuf - Camping du Lac de Bujaleuf","robots":{"index":"index","follow":"follow","max-snippet":"max-snippet:-1","max-image-preview":"max-image-preview:large","max-video-preview":"max-video-preview:-1"},"canonical":"https:\/\/campingbujaleuf.com\/de\/gaestebuch-rezensionen-und-bewertungen-von-camping-du-lac-de-bujaleuf\/","og_locale":"de_DE","og_type":"article","og_title":"G\u00e4stebuch-Rezensionen und Bewertungen von Camping du Lac de Bujaleuf - Camping du Lac de Bujaleuf","og_description":"Bewertungen Erfahrungen von G\u00e4sten &#8222;Wir waren dieses Jahr zum dritten Mal auf dem Campingplatz Bujaleuf. Alles, was auf der Website steht, stimmt. Sch\u00f6ne gro\u00dfe Stellpl\u00e4tze, Mike und Marian sind sehr hilfsbereit, super saubere Sanit\u00e4ranlagen. Leckeres Essen vom Foodtruck. Die Umgebung ist noch nicht so touristisch, aber sehr lohnenswert. Gerne werden wir dann auch n\u00e4chstes Jahr [&hellip;]","og_url":"https:\/\/campingbujaleuf.com\/de\/gaestebuch-rezensionen-und-bewertungen-von-camping-du-lac-de-bujaleuf\/","og_site_name":"Camping du Lac de Bujaleuf","article_publisher":"https:\/\/business.facebook.com\/campingbujaleuf\/","article_modified_time":"2026-01-06T21:11:47+00:00","og_image":[{"url":"https:\/\/campingbujaleuf.com\/wp-content\/uploads\/2025\/10\/Camping-du-Lac-vlinder-blue.webp","type":"","width":"","height":""}],"twitter_card":"summary_large_image","twitter_misc":{"Gesch\u00e4tzte Lesezeit":"11\u00a0Minuten"},"schema":{"@context":"https:\/\/schema.org","@graph":[{"@type":"WebPage","@id":"https:\/\/campingbujaleuf.com\/de\/gaestebuch-rezensionen-und-bewertungen-von-camping-du-lac-de-bujaleuf\/","url":"https:\/\/campingbujaleuf.com\/de\/gaestebuch-rezensionen-und-bewertungen-von-camping-du-lac-de-bujaleuf\/","name":"G\u00e4stebuch-Rezensionen und Bewertungen von Camping du Lac de Bujaleuf - Camping du Lac de Bujaleuf","isPartOf":{"@id":"https:\/\/campingbujaleuf.com\/#website"},"primaryImageOfPage":{"@id":"https:\/\/campingbujaleuf.com\/de\/gaestebuch-rezensionen-und-bewertungen-von-camping-du-lac-de-bujaleuf\/#primaryimage"},"image":{"@id":"https:\/\/campingbujaleuf.com\/de\/gaestebuch-rezensionen-und-bewertungen-von-camping-du-lac-de-bujaleuf\/#primaryimage"},"thumbnailUrl":"https:\/\/campingbujaleuf.com\/wp-content\/uploads\/2025\/10\/Camping-du-Lac-vlinder-blue.webp","datePublished":"2026-01-03T20:13:29+00:00","dateModified":"2026-01-06T21:11:47+00:00","breadcrumb":{"@id":"https:\/\/campingbujaleuf.com\/de\/gaestebuch-rezensionen-und-bewertungen-von-camping-du-lac-de-bujaleuf\/#breadcrumb"},"inLanguage":"de","potentialAction":[{"@type":"ReadAction","target":["https:\/\/campingbujaleuf.com\/de\/gaestebuch-rezensionen-und-bewertungen-von-camping-du-lac-de-bujaleuf\/"]}]},{"@type":"ImageObject","inLanguage":"de","@id":"https:\/\/campingbujaleuf.com\/de\/gaestebuch-rezensionen-und-bewertungen-von-camping-du-lac-de-bujaleuf\/#primaryimage","url":"https:\/\/campingbujaleuf.com\/wp-content\/uploads\/2025\/10\/Camping-du-Lac-vlinder-blue.webp","contentUrl":"https:\/\/campingbujaleuf.com\/wp-content\/uploads\/2025\/10\/Camping-du-Lac-vlinder-blue.webp"},{"@type":"BreadcrumbList","@id":"https:\/\/campingbujaleuf.com\/de\/gaestebuch-rezensionen-und-bewertungen-von-camping-du-lac-de-bujaleuf\/#breadcrumb","itemListElement":[{"@type":"ListItem","position":1,"name":"Home","item":"https:\/\/campingbujaleuf.com\/de\/kleiner-terrassencamping-in-frankreich-mit-niederlaendischem-besitzer\/"},{"@type":"ListItem","position":2,"name":"G\u00e4stebuch-Rezensionen und Bewertungen von Camping du Lac de Bujaleuf"}]},{"@type":"WebSite","@id":"https:\/\/campingbujaleuf.com\/#website","url":"https:\/\/campingbujaleuf.com\/","name":"Camping du Lac de Bujaleuf","description":"C&#039;est Formidable \ud83e\udd29","publisher":{"@id":"https:\/\/campingbujaleuf.com\/#organization"},"potentialAction":[{"@type":"SearchAction","target":{"@type":"EntryPoint","urlTemplate":"https:\/\/campingbujaleuf.com\/?s={search_term_string}"},"query-input":{"@type":"PropertyValueSpecification","valueRequired":true,"valueName":"search_term_string"}}],"inLanguage":"de"},{"@type":"Organization","@id":"https:\/\/campingbujaleuf.com\/#organization","name":"Camping du Lac de Bujaleuf","url":"https:\/\/campingbujaleuf.com\/","logo":{"@type":"ImageObject","inLanguage":"de","@id":"https:\/\/campingbujaleuf.com\/#\/schema\/logo\/image\/","url":"https:\/\/campingbujaleuf.com\/wp-content\/uploads\/2025\/10\/Camping-du-Lac-de-Bujaleuf-logo-top.webp","contentUrl":"https:\/\/campingbujaleuf.com\/wp-content\/uploads\/2025\/10\/Camping-du-Lac-de-Bujaleuf-logo-top.webp","width":225,"height":84,"caption":"Camping du Lac de Bujaleuf"},"image":{"@id":"https:\/\/campingbujaleuf.com\/#\/schema\/logo\/image\/"},"sameAs":["https:\/\/business.facebook.com\/campingbujaleuf\/","https:\/\/www.instagram.com\/campingbujaleuf\/"]}]}},"_links":{"self":[{"href":"https:\/\/campingbujaleuf.com\/de\/wp-json\/wp\/v2\/pages\/3689","targetHints":{"allow":["GET"]}}],"collection":[{"href":"https:\/\/campingbujaleuf.com\/de\/wp-json\/wp\/v2\/pages"}],"about":[{"href":"https:\/\/campingbujaleuf.com\/de\/wp-json\/wp\/v2\/types\/page"}],"author":[{"embeddable":true,"href":"https:\/\/campingbujaleuf.com\/de\/wp-json\/wp\/v2\/users\/1"}],"replies":[{"embeddable":true,"href":"https:\/\/campingbujaleuf.com\/de\/wp-json\/wp\/v2\/comments?post=3689"}],"version-history":[{"count":1,"href":"https:\/\/campingbujaleuf.com\/de\/wp-json\/wp\/v2\/pages\/3689\/revisions"}],"predecessor-version":[{"id":3692,"href":"https:\/\/campingbujaleuf.com\/de\/wp-json\/wp\/v2\/pages\/3689\/revisions\/3692"}],"wp:attachment":[{"href":"https:\/\/campingbujaleuf.com\/de\/wp-json\/wp\/v2\/media?parent=3689"}],"curies":[{"name":"wp","href":"https:\/\/api.w.org\/{rel}","templated":true}]}}